{"id":1236,"date":"2025-07-07T21:04:41","date_gmt":"2025-07-07T21:04:41","guid":{"rendered":"https:\/\/www.fabiangiles.com\/V5.1\/?page_id=1236"},"modified":"2026-03-29T21:16:55","modified_gmt":"2026-03-29T21:16:55","slug":"works-obras","status":"publish","type":"page","link":"http:\/\/www.fabiangiles.com\/V5.1\/collage\/works-obras\/","title":{"rendered":"WORKS \/ OBRAS"},"content":{"rendered":"\n<h1 class=\"wp-block-heading\"><em><mark style=\"background-color:rgba(0, 0, 0, 0)\" class=\"has-inline-color has-luminous-vivid-orange-color\">Rueda de los Tiempos, Tr\u00edptico<\/mark><\/em><\/h1>\n\n\n\n<figure class=\"wp-block-image size-large\"><img loading=\"lazy\" decoding=\"async\" width=\"1024\" height=\"410\" src=\"https:\/\/www.fabiangiles.com\/V5.1\/wp-content\/uploads\/2026\/03\/Rueda30x75-2-1-1024x410.jpg\" alt=\"\" class=\"wp-image-1984\" srcset=\"http:\/\/www.fabiangiles.com\/V5.1\/wp-content\/uploads\/2026\/03\/Rueda30x75-2-1-1024x410.jpg 1024w, http:\/\/www.fabiangiles.com\/V5.1\/wp-content\/uploads\/2026\/03\/Rueda30x75-2-1-300x120.jpg 300w, http:\/\/www.fabiangiles.com\/V5.1\/wp-content\/uploads\/2026\/03\/Rueda30x75-2-1-768x307.jpg 768w, http:\/\/www.fabiangiles.com\/V5.1\/wp-content\/uploads\/2026\/03\/Rueda30x75-2-1-1536x615.jpg 1536w, http:\/\/www.fabiangiles.com\/V5.1\/wp-content\/uploads\/2026\/03\/Rueda30x75-2-1-2048x819.jpg 2048w\" sizes=\"auto, (max-width: 767px) 89vw, (max-width: 1000px) 54vw, (max-width: 1071px) 543px, 580px\" \/><\/figure>\n\n\n\n<p><strong>Jos\u00e9 F\u00e9lix Vald\u00e9s <\/strong>de la ciudad de Aguascalientes es el nuevo propietario del facs\u00edmil del original del arte del CD <strong><em>Rueda de los Tiempos <\/em><\/strong>del grupo de rock <strong>La Barranca<\/strong> realizado en el a\u00f1o 2000, y que ahora ser\u00e1 parte de su colecci\u00f3n, cuyo original estuvo en la exposici\u00f3n &#8220;De mole, de chile y de manteca&#8221; en la Alianza Francesa Sede Del Valle. <br>Mi agradecimiento sincero por su apoyo y reconocimiento de mi trabajo en collage digital.<\/p>\n\n\n\n<figure class=\"wp-block-image size-large\"><img loading=\"lazy\" decoding=\"async\" width=\"1024\" height=\"906\" src=\"https:\/\/www.fabiangiles.com\/V5.1\/wp-content\/uploads\/2026\/03\/JoseFelix-Rueda-1024x906.jpg\" alt=\"\" class=\"wp-image-1985\" srcset=\"http:\/\/www.fabiangiles.com\/V5.1\/wp-content\/uploads\/2026\/03\/JoseFelix-Rueda-1024x906.jpg 1024w, http:\/\/www.fabiangiles.com\/V5.1\/wp-content\/uploads\/2026\/03\/JoseFelix-Rueda-300x265.jpg 300w, http:\/\/www.fabiangiles.com\/V5.1\/wp-content\/uploads\/2026\/03\/JoseFelix-Rueda-768x679.jpg 768w, http:\/\/www.fabiangiles.com\/V5.1\/wp-content\/uploads\/2026\/03\/JoseFelix-Rueda.jpg 1280w\" sizes=\"auto, (max-width: 767px) 89vw, (max-width: 1000px) 54vw, (max-width: 1071px) 543px, 580px\" \/><\/figure>\n\n\n\n<h1 class=\"wp-block-heading\"><em><mark style=\"background-color:rgba(0, 0, 0, 0)\" class=\"has-inline-color has-luminous-vivid-orange-color\">Revoluci\u00f3n &amp; Rolling Blue<\/mark><\/em><\/h1>\n\n\n\n<figure class=\"wp-block-gallery has-nested-images columns-default is-cropped wp-block-gallery-1 is-layout-flex wp-block-gallery-is-layout-flex\">\n<figure class=\"wp-block-image size-large\"><img loading=\"lazy\" decoding=\"async\" width=\"795\" height=\"1024\" data-id=\"1689\" src=\"https:\/\/www.fabiangiles.com\/V5.1\/wp-content\/uploads\/2025\/09\/revolucion-795x1024.jpg\" alt=\"\" class=\"wp-image-1689\" srcset=\"http:\/\/www.fabiangiles.com\/V5.1\/wp-content\/uploads\/2025\/09\/revolucion-795x1024.jpg 795w, http:\/\/www.fabiangiles.com\/V5.1\/wp-content\/uploads\/2025\/09\/revolucion-233x300.jpg 233w, http:\/\/www.fabiangiles.com\/V5.1\/wp-content\/uploads\/2025\/09\/revolucion-768x990.jpg 768w, http:\/\/www.fabiangiles.com\/V5.1\/wp-content\/uploads\/2025\/09\/revolucion-1192x1536.jpg 1192w, http:\/\/www.fabiangiles.com\/V5.1\/wp-content\/uploads\/2025\/09\/revolucion-1589x2048.jpg 1589w, http:\/\/www.fabiangiles.com\/V5.1\/wp-content\/uploads\/2025\/09\/revolucion-scaled.jpg 1987w\" sizes=\"auto, (max-width: 767px) 89vw, (max-width: 1000px) 54vw, (max-width: 1071px) 543px, 580px\" \/><\/figure>\n\n\n\n<figure class=\"wp-block-image size-large\"><img loading=\"lazy\" decoding=\"async\" width=\"814\" height=\"1024\" data-id=\"1690\" src=\"https:\/\/www.fabiangiles.com\/V5.1\/wp-content\/uploads\/2025\/09\/rolling-814x1024.jpg\" alt=\"\" class=\"wp-image-1690\" srcset=\"http:\/\/www.fabiangiles.com\/V5.1\/wp-content\/uploads\/2025\/09\/rolling-814x1024.jpg 814w, http:\/\/www.fabiangiles.com\/V5.1\/wp-content\/uploads\/2025\/09\/rolling-238x300.jpg 238w, http:\/\/www.fabiangiles.com\/V5.1\/wp-content\/uploads\/2025\/09\/rolling-768x966.jpg 768w, http:\/\/www.fabiangiles.com\/V5.1\/wp-content\/uploads\/2025\/09\/rolling-1221x1536.jpg 1221w, http:\/\/www.fabiangiles.com\/V5.1\/wp-content\/uploads\/2025\/09\/rolling-1628x2048.jpg 1628w, http:\/\/www.fabiangiles.com\/V5.1\/wp-content\/uploads\/2025\/09\/rolling-scaled.jpg 2035w\" sizes=\"auto, (max-width: 767px) 89vw, (max-width: 1000px) 54vw, (max-width: 1071px) 543px, 580px\" \/><\/figure>\n<\/figure>\n\n\n\n<p><strong>Parmenides del \u00c1ngel<\/strong> es el nuevo propietario de los facs\u00edmiles de las obras <strong><em>Revoluci\u00f3n<\/em><\/strong> y <strong><em>Rolling Blue <\/em><\/strong> que ahora ser\u00e1 parte de su colecci\u00f3n, obras que estuvieron en la exposici\u00f3n &#8220;De mole, de chile y de manteca&#8221; en la Alianza Francesa Sede Del valle. <br>Mi agradecimiento sincero por el apoyo para la difusi\u00f3n de mi trabajo en el collage.<\/p>\n\n\n\n<figure class=\"wp-block-image size-large\"><img loading=\"lazy\" decoding=\"async\" width=\"1024\" height=\"744\" src=\"https:\/\/www.fabiangiles.com\/V5.1\/wp-content\/uploads\/2026\/03\/Parmenides-1024x744.jpg\" alt=\"\" class=\"wp-image-1968\" srcset=\"http:\/\/www.fabiangiles.com\/V5.1\/wp-content\/uploads\/2026\/03\/Parmenides-1024x744.jpg 1024w, http:\/\/www.fabiangiles.com\/V5.1\/wp-content\/uploads\/2026\/03\/Parmenides-300x218.jpg 300w, http:\/\/www.fabiangiles.com\/V5.1\/wp-content\/uploads\/2026\/03\/Parmenides-768x558.jpg 768w, http:\/\/www.fabiangiles.com\/V5.1\/wp-content\/uploads\/2026\/03\/Parmenides-1536x1115.jpg 1536w, http:\/\/www.fabiangiles.com\/V5.1\/wp-content\/uploads\/2026\/03\/Parmenides-2048x1487.jpg 2048w\" sizes=\"auto, (max-width: 767px) 89vw, (max-width: 1000px) 54vw, (max-width: 1071px) 543px, 580px\" \/><\/figure>\n\n\n\n<hr class=\"wp-block-separator has-alpha-channel-opacity\"\/>\n\n\n\n<h1 class=\"wp-block-heading\"><em><mark style=\"background-color:rgba(0, 0, 0, 0)\" class=\"has-inline-color has-luminous-vivid-orange-color\">Suave Patria 2<\/mark><\/em><\/h1>\n\n\n\n<figure class=\"wp-block-image size-large\"><img loading=\"lazy\" decoding=\"async\" width=\"810\" height=\"1024\" src=\"http:\/\/www.fabiangiles.com\/V5.1\/wp-content\/uploads\/2025\/07\/SuavePatri2-810x1024.png\" alt=\"\" class=\"wp-image-1303\" srcset=\"http:\/\/www.fabiangiles.com\/V5.1\/wp-content\/uploads\/2025\/07\/SuavePatri2-810x1024.png 810w, http:\/\/www.fabiangiles.com\/V5.1\/wp-content\/uploads\/2025\/07\/SuavePatri2-237x300.png 237w, http:\/\/www.fabiangiles.com\/V5.1\/wp-content\/uploads\/2025\/07\/SuavePatri2-768x970.png 768w, http:\/\/www.fabiangiles.com\/V5.1\/wp-content\/uploads\/2025\/07\/SuavePatri2-1216x1536.png 1216w, http:\/\/www.fabiangiles.com\/V5.1\/wp-content\/uploads\/2025\/07\/SuavePatri2-1621x2048.png 1621w, http:\/\/www.fabiangiles.com\/V5.1\/wp-content\/uploads\/2025\/07\/SuavePatri2-scaled.png 2026w\" sizes=\"auto, (max-width: 767px) 89vw, (max-width: 1000px) 54vw, (max-width: 1071px) 543px, 580px\" \/><figcaption class=\"wp-element-caption\">Suave PATRIA 2<\/figcaption><\/figure>\n\n\n\n<p><a href=\"https:\/\/www.facebook.com\/luisjorge.arnau?__cft__[0]=AZb5o0ZfdlHeSZa2S-9MNK7iFBo18VMKbJ7i42_R_mkmCWdsF7r4UollrDFyTBndnlXqFzfHsXtWkvHCkVg37f1ctTnyp_JnzX82p4WWF9u76ouB5AuQ0CNJhLbfVgCVkhRrTO9edIs83C7VZV3PBnhQ14CVCsqGsK9kyfdJA0-exw&amp;__tn__=-]K-R\"><strong>Luis Jorge Arnau<\/strong><\/a> es el orgulloso propietario de la obra <strong><em>Suave Patria 2<\/em><\/strong> que ahora ser\u00e1 parte de su colecci\u00f3n, siendo tambi\u00e9n la imagen de portada de la revista <a href=\"https:\/\/www.facebook.com\/mexicanisimo?__cft__[0]=AZb5o0ZfdlHeSZa2S-9MNK7iFBo18VMKbJ7i42_R_mkmCWdsF7r4UollrDFyTBndnlXqFzfHsXtWkvHCkVg37f1ctTnyp_JnzX82p4WWF9u76ouB5AuQ0CNJhLbfVgCVkhRrTO9edIs83C7VZV3PBnhQ14CVCsqGsK9kyfdJA0-exw&amp;__tn__=-]K-R\">Mexican\u00edsimo Editorial<\/a> en diciembre de 2023. Mi agradecimiento sincero por todo el apoyo y colaboraci\u00f3n con el <a href=\"https:\/\/www.facebook.com\/CortaryPegarFestival?__cft__[0]=AZb5o0ZfdlHeSZa2S-9MNK7iFBo18VMKbJ7i42_R_mkmCWdsF7r4UollrDFyTBndnlXqFzfHsXtWkvHCkVg37f1ctTnyp_JnzX82p4WWF9u76ouB5AuQ0CNJhLbfVgCVkhRrTO9edIs83C7VZV3PBnhQ14CVCsqGsK9kyfdJA0-exw&amp;__tn__=-]K-R\">Cortar y Pegar Festival<\/a> y la difusi\u00f3n del collage en estos a\u00f1os.<\/p>\n\n\n\n<figure class=\"wp-block-image size-large\"><img loading=\"lazy\" decoding=\"async\" width=\"768\" height=\"1024\" src=\"https:\/\/www.fabiangiles.com\/V5.1\/wp-content\/uploads\/2025\/12\/LuisJorgeArnau-768x1024.jpg\" alt=\"\" class=\"wp-image-1795\" srcset=\"http:\/\/www.fabiangiles.com\/V5.1\/wp-content\/uploads\/2025\/12\/LuisJorgeArnau-768x1024.jpg 768w, http:\/\/www.fabiangiles.com\/V5.1\/wp-content\/uploads\/2025\/12\/LuisJorgeArnau-225x300.jpg 225w, http:\/\/www.fabiangiles.com\/V5.1\/wp-content\/uploads\/2025\/12\/LuisJorgeArnau-1152x1536.jpg 1152w, http:\/\/www.fabiangiles.com\/V5.1\/wp-content\/uploads\/2025\/12\/LuisJorgeArnau.jpg 1440w\" sizes=\"auto, (max-width: 767px) 89vw, (max-width: 1000px) 54vw, (max-width: 1071px) 543px, 580px\" \/><\/figure>\n\n\n\n<hr class=\"wp-block-separator has-alpha-channel-opacity\"\/>\n\n\n\n<h1 class=\"wp-block-heading\"><mark style=\"background-color:rgba(0, 0, 0, 0)\" class=\"has-inline-color has-luminous-vivid-orange-color\">420 13 Diario Mex Beer<\/mark><\/h1>\n\n\n\n<figure class=\"wp-block-image size-large\"><img loading=\"lazy\" decoding=\"async\" width=\"790\" height=\"1024\" src=\"http:\/\/www.fabiangiles.com\/V5.1\/wp-content\/uploads\/2025\/09\/Collage420Carta2a-790x1024.jpg\" alt=\"\" class=\"wp-image-1631\" srcset=\"http:\/\/www.fabiangiles.com\/V5.1\/wp-content\/uploads\/2025\/09\/Collage420Carta2a-790x1024.jpg 790w, http:\/\/www.fabiangiles.com\/V5.1\/wp-content\/uploads\/2025\/09\/Collage420Carta2a-231x300.jpg 231w, http:\/\/www.fabiangiles.com\/V5.1\/wp-content\/uploads\/2025\/09\/Collage420Carta2a-768x996.jpg 768w, http:\/\/www.fabiangiles.com\/V5.1\/wp-content\/uploads\/2025\/09\/Collage420Carta2a-1185x1536.jpg 1185w, http:\/\/www.fabiangiles.com\/V5.1\/wp-content\/uploads\/2025\/09\/Collage420Carta2a-1579x2048.jpg 1579w, http:\/\/www.fabiangiles.com\/V5.1\/wp-content\/uploads\/2025\/09\/Collage420Carta2a-scaled.jpg 1974w\" sizes=\"auto, (max-width: 767px) 89vw, (max-width: 1000px) 54vw, (max-width: 1071px) 543px, 580px\" \/><\/figure>\n\n\n\n<p><br>La segunda obra de collage en gran formato que he realizado (.80 x.1.20 mts) se encuentra ya pronto en consignaci\u00f3n. Estamos en pl\u00e1ticas con Manolo Penela, gerente del lugar, para llevar a cabo esta obra original <strong><em>420 13 Diario Mex Beer <\/em><\/strong>con motivo de los 13 a\u00f1os de la inauguraci\u00f3n en el Centro Hist\u00f3rico del conocido restaurante bar <strong>el Cuatro 20<\/strong>.<br><\/p>\n\n\n\n<figure class=\"wp-block-image size-large\"><img loading=\"lazy\" decoding=\"async\" width=\"768\" height=\"1024\" src=\"https:\/\/www.fabiangiles.com\/V5.1\/wp-content\/uploads\/2025\/09\/BocetoCollage-768x1024.jpg\" alt=\"\" class=\"wp-image-1634\" srcset=\"http:\/\/www.fabiangiles.com\/V5.1\/wp-content\/uploads\/2025\/09\/BocetoCollage-768x1024.jpg 768w, http:\/\/www.fabiangiles.com\/V5.1\/wp-content\/uploads\/2025\/09\/BocetoCollage-225x300.jpg 225w, http:\/\/www.fabiangiles.com\/V5.1\/wp-content\/uploads\/2025\/09\/BocetoCollage-1152x1536.jpg 1152w, http:\/\/www.fabiangiles.com\/V5.1\/wp-content\/uploads\/2025\/09\/BocetoCollage-1536x2048.jpg 1536w, http:\/\/www.fabiangiles.com\/V5.1\/wp-content\/uploads\/2025\/09\/BocetoCollage-scaled.jpg 1920w\" sizes=\"auto, (max-width: 767px) 89vw, (max-width: 1000px) 54vw, (max-width: 1071px) 543px, 580px\" \/><\/figure>\n\n\n\n<p class=\"has-text-align-center\"><strong>Boceto y simulaci\u00f3n de la obra &#8220;<em>420 13 Diario M\u00e9x Beer<\/em><\/strong>&#8220;<\/p>\n\n\n\n<hr class=\"wp-block-separator has-alpha-channel-opacity\"\/>\n\n\n\n<h1 class=\"wp-block-heading\"><em><mark style=\"background-color:rgba(0, 0, 0, 0)\" class=\"has-inline-color has-luminous-vivid-orange-color\">Frida Reinventada<\/mark><\/em><\/h1>\n\n\n\n<figure class=\"wp-block-image size-large\"><img loading=\"lazy\" decoding=\"async\" width=\"819\" height=\"1024\" src=\"http:\/\/www.fabiangiles.com\/V5.1\/wp-content\/uploads\/2025\/04\/4-Frida-reinterpretada-819x1024.jpg\" alt=\"\" class=\"wp-image-151\" srcset=\"http:\/\/www.fabiangiles.com\/V5.1\/wp-content\/uploads\/2025\/04\/4-Frida-reinterpretada-819x1024.jpg 819w, http:\/\/www.fabiangiles.com\/V5.1\/wp-content\/uploads\/2025\/04\/4-Frida-reinterpretada-240x300.jpg 240w, http:\/\/www.fabiangiles.com\/V5.1\/wp-content\/uploads\/2025\/04\/4-Frida-reinterpretada-768x960.jpg 768w, http:\/\/www.fabiangiles.com\/V5.1\/wp-content\/uploads\/2025\/04\/4-Frida-reinterpretada-1229x1536.jpg 1229w, http:\/\/www.fabiangiles.com\/V5.1\/wp-content\/uploads\/2025\/04\/4-Frida-reinterpretada-1638x2048.jpg 1638w, http:\/\/www.fabiangiles.com\/V5.1\/wp-content\/uploads\/2025\/04\/4-Frida-reinterpretada-scaled.jpg 2048w\" sizes=\"auto, (max-width: 767px) 89vw, (max-width: 1000px) 54vw, (max-width: 1071px) 543px, 580px\" \/><\/figure>\n\n\n\n<p>El Sr. <strong>Isidro Gonz\u00e1lez<\/strong> es el orgulloso propietario de la obra <strong>Frida Reiventada<\/strong> que ahora ser\u00e1 parte de su colecci\u00f3n, obra por encargo hecha ex profeso en diciembre de 2023.<br>Mi agradecimiento sincero por el apoyo para la difusi\u00f3n del collage en su local Cocina Frida.<\/p>\n\n\n\n<figure class=\"wp-block-image size-large\"><img loading=\"lazy\" decoding=\"async\" width=\"768\" height=\"1024\" src=\"http:\/\/www.fabiangiles.com\/V5.1\/wp-content\/uploads\/2026\/03\/FridaReinventada-768x1024.jpg\" alt=\"\" class=\"wp-image-1961\" srcset=\"http:\/\/www.fabiangiles.com\/V5.1\/wp-content\/uploads\/2026\/03\/FridaReinventada-768x1024.jpg 768w, http:\/\/www.fabiangiles.com\/V5.1\/wp-content\/uploads\/2026\/03\/FridaReinventada-225x300.jpg 225w, http:\/\/www.fabiangiles.com\/V5.1\/wp-content\/uploads\/2026\/03\/FridaReinventada-1152x1536.jpg 1152w, http:\/\/www.fabiangiles.com\/V5.1\/wp-content\/uploads\/2026\/03\/FridaReinventada-1536x2048.jpg 1536w, http:\/\/www.fabiangiles.com\/V5.1\/wp-content\/uploads\/2026\/03\/FridaReinventada-scaled.jpg 1920w\" sizes=\"auto, (max-width: 767px) 89vw, (max-width: 1000px) 54vw, (max-width: 1071px) 543px, 580px\" \/><\/figure>\n\n\n\n<hr class=\"wp-block-separator has-alpha-channel-opacity\"\/>\n\n\n\n<h1 class=\"wp-block-heading\"><em><mark style=\"background-color:rgba(0, 0, 0, 0)\" class=\"has-inline-color has-luminous-vivid-orange-color\">100 M\u00e9xico On The Air Be Eclatante<\/mark><\/em> <\/h1>\n\n\n\n<figure class=\"wp-block-image size-full\"><a href=\"https:\/\/www.fabiangiles.com\/V5.1\/wp-content\/uploads\/2025\/07\/100MexicoOnThe-AirBeEclatante.jpg\"><img loading=\"lazy\" decoding=\"async\" width=\"1024\" height=\"646\" src=\"https:\/\/www.fabiangiles.com\/V5.1\/wp-content\/uploads\/2025\/07\/100MexicoOnThe-AirBeEclatante.jpg\" alt=\"\" class=\"wp-image-1237\" srcset=\"http:\/\/www.fabiangiles.com\/V5.1\/wp-content\/uploads\/2025\/07\/100MexicoOnThe-AirBeEclatante.jpg 1024w, http:\/\/www.fabiangiles.com\/V5.1\/wp-content\/uploads\/2025\/07\/100MexicoOnThe-AirBeEclatante-300x189.jpg 300w, http:\/\/www.fabiangiles.com\/V5.1\/wp-content\/uploads\/2025\/07\/100MexicoOnThe-AirBeEclatante-768x485.jpg 768w\" sizes=\"auto, (max-width: 767px) 89vw, (max-width: 1000px) 54vw, (max-width: 1071px) 543px, 580px\" \/><\/a><\/figure>\n\n\n\n<p>La primera obra de collage en gran formato que realic\u00e9 (1.20 x.80 mts) ya tiene orgulloso due\u00f1o. Me honra mucho que <a href=\"https:\/\/www.facebook.com\/mr.montenegro?__cft__[0]=AZVbdGulBnWDvhyqNLKTmTBlaJN85rKkrMZYpnHqLJAGf2cvgitOCI_OIUu2V1pz2CfCfnajSkNT4PEJG3se-sWPl5MNh77jSz94z1vupcT34DEvlz01t2fbRMCs7dTv5qvXrJRvKCEKmhb3kp5VQjkpwmWRg2c3snxAegMm5yPK4KVutZyQSqPGXtwUfpDsBE4&amp;__tn__=-]K-R\"><strong>Erik Montenegro<\/strong><\/a>, locutor, productor y gran amigo haya confiado en mi proyecto art\u00edstico con la obra original <strong><em>100 Mexico ON THE AIR Be \u00e9clatante<\/em><\/strong> con motivo de los <a href=\"https:\/\/www.facebook.com\/hashtag\/100a%C3%B1osdelaradio?__eep__=6&amp;__cft__[0]=AZVbdGulBnWDvhyqNLKTmTBlaJN85rKkrMZYpnHqLJAGf2cvgitOCI_OIUu2V1pz2CfCfnajSkNT4PEJG3se-sWPl5MNh77jSz94z1vupcT34DEvlz01t2fbRMCs7dTv5qvXrJRvKCEKmhb3kp5VQjkpwmWRg2c3snxAegMm5yPK4KVutZyQSqPGXtwUfpDsBE4&amp;__tn__=*NK-R\">#100a\u00f1osdelaradio<\/a> en Mexico.<\/p>\n\n\n\n<div class=\"wp-block-columns is-layout-flex wp-container-core-columns-is-layout-9d6595d7 wp-block-columns-is-layout-flex\">\n<div class=\"wp-block-column is-layout-flow wp-block-column-is-layout-flow\">\n<figure class=\"wp-block-image size-full\"><a href=\"https:\/\/www.fabiangiles.com\/V5.1\/wp-content\/uploads\/2025\/07\/100MexicoOnThe-AirBeEclatante2.jpg\"><img loading=\"lazy\" decoding=\"async\" width=\"960\" height=\"960\" src=\"http:\/\/www.fabiangiles.com\/V5.1\/wp-content\/uploads\/2025\/07\/100MexicoOnThe-AirBeEclatante2.jpg\" alt=\"\" class=\"wp-image-1253\" srcset=\"http:\/\/www.fabiangiles.com\/V5.1\/wp-content\/uploads\/2025\/07\/100MexicoOnThe-AirBeEclatante2.jpg 960w, http:\/\/www.fabiangiles.com\/V5.1\/wp-content\/uploads\/2025\/07\/100MexicoOnThe-AirBeEclatante2-300x300.jpg 300w, http:\/\/www.fabiangiles.com\/V5.1\/wp-content\/uploads\/2025\/07\/100MexicoOnThe-AirBeEclatante2-150x150.jpg 150w, http:\/\/www.fabiangiles.com\/V5.1\/wp-content\/uploads\/2025\/07\/100MexicoOnThe-AirBeEclatante2-768x768.jpg 768w, http:\/\/www.fabiangiles.com\/V5.1\/wp-content\/uploads\/2025\/07\/100MexicoOnThe-AirBeEclatante2-100x100.jpg 100w\" sizes=\"auto, (max-width: 767px) 89vw, (max-width: 1000px) 54vw, (max-width: 1071px) 543px, 580px\" \/><\/a><\/figure>\n<\/div>\n\n\n\n<div class=\"wp-block-column is-layout-flow wp-block-column-is-layout-flow\">\n<figure class=\"wp-block-image size-full\"><a href=\"https:\/\/www.fabiangiles.com\/V5.1\/wp-content\/uploads\/2025\/07\/100MexicoOnThe-AirBeEclatante1.jpg\"><img loading=\"lazy\" decoding=\"async\" width=\"960\" height=\"960\" src=\"http:\/\/www.fabiangiles.com\/V5.1\/wp-content\/uploads\/2025\/07\/100MexicoOnThe-AirBeEclatante1.jpg\" alt=\"\" class=\"wp-image-1252\" srcset=\"http:\/\/www.fabiangiles.com\/V5.1\/wp-content\/uploads\/2025\/07\/100MexicoOnThe-AirBeEclatante1.jpg 960w, http:\/\/www.fabiangiles.com\/V5.1\/wp-content\/uploads\/2025\/07\/100MexicoOnThe-AirBeEclatante1-300x300.jpg 300w, http:\/\/www.fabiangiles.com\/V5.1\/wp-content\/uploads\/2025\/07\/100MexicoOnThe-AirBeEclatante1-150x150.jpg 150w, http:\/\/www.fabiangiles.com\/V5.1\/wp-content\/uploads\/2025\/07\/100MexicoOnThe-AirBeEclatante1-768x768.jpg 768w, http:\/\/www.fabiangiles.com\/V5.1\/wp-content\/uploads\/2025\/07\/100MexicoOnThe-AirBeEclatante1-100x100.jpg 100w\" sizes=\"auto, (max-width: 767px) 89vw, (max-width: 1000px) 54vw, (max-width: 1071px) 543px, 580px\" \/><\/a><\/figure>\n<\/div>\n<\/div>\n\n\n\n<p>En palabras del propio <a href=\"https:\/\/www.facebook.com\/share\/p\/19ffqRAFf3\/\">Erik Montenegro<\/a><a href=\"https:\/\/www.fabiangiles.com\/V5.1\/audiovisual\/tv-video\/\" data-type=\"page\" data-id=\"874\">:<\/a><\/p>\n\n\n\n<p>&#8220;Soy el feliz propietario de la obra que imagin\u00f3 el artista del collage <a href=\"https:\/\/www.facebook.com\/FabianGilesArt?__cft__[0]=AZV8djT3NbXdiKk9UXP4TSRsVGjcFgezBKBaHLsWxuQWv2ULywUw-JuIX6oMwZvH9S2ZPVXQdEK_q22-iLcEPhTWrv4_QLu9N23WyGt7ockbwgO_roVtLTPIiNDofKJQ6qm_toyYuvOH_wxGMz96Nvhv721qDBQcdUifawZI2e8dMwaPxkoH8_GHoIvKFEaYTkE&amp;__tn__=-]K-R\">Fabian Giles<\/a> para su servidor llamada: 100 M\u00e9xico On The Air Be Eclatante (Collage, Paper on Canvas Size: 120 W x 80 H x 0.1 D cm) que luce -como lo pueden apreciar en este aspecto de mi oficina feliz e imponente) Me parece que el arte del Collage sigue teniendo especial relevancia en las formas de expresi\u00f3n para aquellos que como yo, en el lienzo se nos agolpan las ideas y se quedan como piezas de Tetris esperando a que alguna zafe para meter m\u00e1s. No escrib\u00ed esto para presumirles mi obra, si no para advertirles que acaba de terminar otra m\u00e1s llamada RAZA Chabron STAR que me encant\u00f3 y que est\u00e1 a la venta y que si no se apuran voy a tener que ejercer el monopolio de la obra. Les dejo una imagen digital de c\u00f3mo qued\u00f3. \u00c9chenle un ojo al trabajo de <a href=\"https:\/\/www.facebook.com\/fabiangiles?__cft__[0]=AZV8djT3NbXdiKk9UXP4TSRsVGjcFgezBKBaHLsWxuQWv2ULywUw-JuIX6oMwZvH9S2ZPVXQdEK_q22-iLcEPhTWrv4_QLu9N23WyGt7ockbwgO_roVtLTPIiNDofKJQ6qm_toyYuvOH_wxGMz96Nvhv721qDBQcdUifawZI2e8dMwaPxkoH8_GHoIvKFEaYTkE&amp;__tn__=-]K-R\">Fabian Giles<\/a> en <a href=\"https:\/\/www.saatchiart.com\/fabiangiles?fbclid=IwZXh0bgNhZW0CMTAAYnJpZBExaFY2d0xtYjBoTm9DRks2agEeNGfEp4EveVCVfhXhIyycpvp7p2T6ERm47lvXqfkTP9o0Dguxvh7YGa9VwBk_aem_O1qfAdWBD_I83skYbyBGSA\" target=\"_blank\" rel=\"noreferrer noopener\">https:\/\/www.saatchiart.com\/fabiangiles<\/a>&#8220;<\/p>\n\n\n\n<figure class=\"wp-block-image size-large\"><a href=\"https:\/\/www.fabiangiles.com\/V5.1\/wp-content\/uploads\/2025\/07\/100MexicoOnThe-AirBeEclatante3.jpg\"><img loading=\"lazy\" decoding=\"async\" width=\"1024\" height=\"577\" src=\"https:\/\/www.fabiangiles.com\/V5.1\/wp-content\/uploads\/2025\/07\/100MexicoOnThe-AirBeEclatante3-1024x577.jpg\" alt=\"\" class=\"wp-image-1240\" srcset=\"http:\/\/www.fabiangiles.com\/V5.1\/wp-content\/uploads\/2025\/07\/100MexicoOnThe-AirBeEclatante3-1024x577.jpg 1024w, http:\/\/www.fabiangiles.com\/V5.1\/wp-content\/uploads\/2025\/07\/100MexicoOnThe-AirBeEclatante3-300x169.jpg 300w, http:\/\/www.fabiangiles.com\/V5.1\/wp-content\/uploads\/2025\/07\/100MexicoOnThe-AirBeEclatante3-768x433.jpg 768w, http:\/\/www.fabiangiles.com\/V5.1\/wp-content\/uploads\/2025\/07\/100MexicoOnThe-AirBeEclatante3-1536x866.jpg 1536w, http:\/\/www.fabiangiles.com\/V5.1\/wp-content\/uploads\/2025\/07\/100MexicoOnThe-AirBeEclatante3.jpg 2048w\" sizes=\"auto, (max-width: 767px) 89vw, (max-width: 1000px) 54vw, (max-width: 1071px) 543px, 580px\" \/><\/a><\/figure>\n\n\n\n<h6 class=\"wp-block-heading has-text-align-center\"><strong>Oficina de Erick Montenegro con la obra <em>100 M\u00e9xico On The Air Be Eclatante<\/em><\/strong><\/h6>\n\n\n\n<hr class=\"wp-block-separator has-alpha-channel-opacity\"\/>\n\n\n\n<p><\/p>\n","protected":false},"excerpt":{"rendered":"<p>Rueda de los Tiempos, Tr\u00edptico Jos\u00e9 F\u00e9lix Vald\u00e9s de la ciudad de Aguascalientes es el nuevo propietario del facs\u00edmil del original del arte del CD Rueda de los Tiempos del grupo de rock La Barranca realizado en el a\u00f1o 2000, y que ahora ser\u00e1 parte de su colecci\u00f3n, cuyo original estuvo en la exposici\u00f3n &#8220;De &hellip; <\/p>\n<p class=\"link-more\"><a href=\"http:\/\/www.fabiangiles.com\/V5.1\/collage\/works-obras\/\" class=\"more-link\">Continue reading<span class=\"screen-reader-text\"> &#8220;WORKS \/ OBRAS&#8221;<\/span><\/a><\/p>\n","protected":false},"author":1,"featured_media":0,"parent":34,"menu_order":0,"comment_status":"closed","ping_status":"closed","template":"","meta":{"footnotes":""},"class_list":["post-1236","page","type-page","status-publish","hentry"],"_links":{"self":[{"href":"http:\/\/www.fabiangiles.com\/V5.1\/wp-json\/wp\/v2\/pages\/1236","targetHints":{"allow":["GET"]}}],"collection":[{"href":"http:\/\/www.fabiangiles.com\/V5.1\/wp-json\/wp\/v2\/pages"}],"about":[{"href":"http:\/\/www.fabiangiles.com\/V5.1\/wp-json\/wp\/v2\/types\/page"}],"author":[{"embeddable":true,"href":"http:\/\/www.fabiangiles.com\/V5.1\/wp-json\/wp\/v2\/users\/1"}],"replies":[{"embeddable":true,"href":"http:\/\/www.fabiangiles.com\/V5.1\/wp-json\/wp\/v2\/comments?post=1236"}],"version-history":[{"count":24,"href":"http:\/\/www.fabiangiles.com\/V5.1\/wp-json\/wp\/v2\/pages\/1236\/revisions"}],"predecessor-version":[{"id":1987,"href":"http:\/\/www.fabiangiles.com\/V5.1\/wp-json\/wp\/v2\/pages\/1236\/revisions\/1987"}],"up":[{"embeddable":true,"href":"http:\/\/www.fabiangiles.com\/V5.1\/wp-json\/wp\/v2\/pages\/34"}],"wp:attachment":[{"href":"http:\/\/www.fabiangiles.com\/V5.1\/wp-json\/wp\/v2\/media?parent=1236"}],"curies":[{"name":"wp","href":"https:\/\/api.w.org\/{rel}","templated":true}]}}