{"id":239,"date":"2025-04-14T19:47:03","date_gmt":"2025-04-14T19:47:03","guid":{"rendered":"https:\/\/www.fabiangiles.com\/V5.1\/?page_id=239"},"modified":"2026-04-17T20:23:32","modified_gmt":"2026-04-17T20:23:32","slug":"expo","status":"publish","type":"page","link":"http:\/\/www.fabiangiles.com\/V5.1\/collage\/expo\/","title":{"rendered":"EXPOS"},"content":{"rendered":"\n<p><strong><strong><em>Recents exhibitions about COLLAGE<\/em> art \/<br>Exposiciones recientes sobre el arte del COLLAGE<\/strong><\/strong><\/p>\n\n\n\n<p><\/p>\n\n\n\n<figure class=\"wp-block-image size-large\"><a href=\"https:\/\/www.saatchiart.com\/en-mx\/art-collection\/TRUMP-ass\/1544619\/369481\/view\" target=\"_blank\" rel=\" noreferrer noopener\"><img loading=\"lazy\" decoding=\"async\" width=\"783\" height=\"1024\" src=\"http:\/\/www.fabiangiles.com\/V5.1\/wp-content\/uploads\/2026\/01\/TRUMPASS_cover-783x1024.jpg\" alt=\"\" class=\"wp-image-1885\" srcset=\"http:\/\/www.fabiangiles.com\/V5.1\/wp-content\/uploads\/2026\/01\/TRUMPASS_cover-783x1024.jpg 783w, http:\/\/www.fabiangiles.com\/V5.1\/wp-content\/uploads\/2026\/01\/TRUMPASS_cover-230x300.jpg 230w, http:\/\/www.fabiangiles.com\/V5.1\/wp-content\/uploads\/2026\/01\/TRUMPASS_cover-768x1004.jpg 768w, http:\/\/www.fabiangiles.com\/V5.1\/wp-content\/uploads\/2026\/01\/TRUMPASS_cover-1175x1536.jpg 1175w, http:\/\/www.fabiangiles.com\/V5.1\/wp-content\/uploads\/2026\/01\/TRUMPASS_cover-1567x2048.jpg 1567w, http:\/\/www.fabiangiles.com\/V5.1\/wp-content\/uploads\/2026\/01\/TRUMPASS_cover-scaled.jpg 1958w\" sizes=\"auto, (max-width: 767px) 89vw, (max-width: 1000px) 54vw, (max-width: 1071px) 543px, 580px\" \/><\/a><\/figure>\n\n\n\n<p><em><strong>\u201cTRUMP ASS\u201d<\/strong><br>VIRTUAL exhibition<br>January 4 to May 9, 2026<\/em><br><em><a href=\"https:\/\/www.facebook.com\/share\/p\/1EREdLaSBW\/\">Saatchi Art<\/a><br>Organized by Freegar.net<\/em><\/p>\n\n\n\n<p><em><strong>\u201cTRUMP ASS\u201d<\/strong><br>Exposici\u00f3n VIRTUAL<br>Enero 4 a Mayo 9, 2026<br><a href=\"https:\/\/www.saatchiart.com\/en-mx\/art-collection\/TRUMP-ass\/1544619\/369481\/view\">Saatchi Art<\/a><br>Organizada por Freegar.net<\/em><\/p>\n\n\n\n<p><a href=\"https:\/\/www.saatchiart.com\/en-mx\/art-collection\/TRUMP-ass\/1544619\/369481\/view\"><mark style=\"background-color:rgba(0, 0, 0, 0)\" class=\"has-inline-color has-luminous-vivid-orange-color\">https:\/\/www.saatchiart.com\/en-mx\/art-collection\/TRUMP-ass\/1544619\/369481\/view<\/mark><\/a><\/p>\n\n\n\n<p><\/p>\n\n\n\n<figure class=\"wp-block-image size-full\"><img loading=\"lazy\" decoding=\"async\" width=\"900\" height=\"900\" src=\"http:\/\/www.fabiangiles.com\/V5.1\/wp-content\/uploads\/2025\/09\/HECHO-EN-MEXICO.jpg\" alt=\"\" class=\"wp-image-1573\" srcset=\"http:\/\/www.fabiangiles.com\/V5.1\/wp-content\/uploads\/2025\/09\/HECHO-EN-MEXICO.jpg 900w, http:\/\/www.fabiangiles.com\/V5.1\/wp-content\/uploads\/2025\/09\/HECHO-EN-MEXICO-300x300.jpg 300w, http:\/\/www.fabiangiles.com\/V5.1\/wp-content\/uploads\/2025\/09\/HECHO-EN-MEXICO-150x150.jpg 150w, http:\/\/www.fabiangiles.com\/V5.1\/wp-content\/uploads\/2025\/09\/HECHO-EN-MEXICO-768x768.jpg 768w, http:\/\/www.fabiangiles.com\/V5.1\/wp-content\/uploads\/2025\/09\/HECHO-EN-MEXICO-100x100.jpg 100w\" sizes=\"auto, (max-width: 767px) 89vw, (max-width: 1000px) 54vw, (max-width: 1071px) 543px, 580px\" \/><\/figure>\n\n\n\n<p><em><strong>\u201cMADE IN MEXICO\u201d<\/strong><br>Collective exhibition<br>September 11 to Octubre 5, 2025<\/em><br><em><a href=\"https:\/\/www.facebook.com\/share\/p\/1EREdLaSBW\/\">Aguafuerte Gallery<\/a><br>Organized by Israel Alvarado<\/em><\/p>\n\n\n\n<p><em><strong>\u201cHECHO EN M\u00c9XICO\u201d<\/strong><br>Exposici\u00f3n colectiva<br>Septiembre 11 a Octubre 5, 2025<br><a href=\"https:\/\/www.facebook.com\/share\/p\/1EREdLaSBW\/\">Aguafuerte Galer\u00eda<\/a><br>Organizada por Israel Alvarado<\/em><\/p>\n\n\n\n<p><a href=\"https:\/\/www.aguafuertegaleria.com\/_files\/ugd\/de53d9_f9e9ddac8e9f469591f686ad18d9dc3d.pdf\"><mark style=\"background-color:rgba(0, 0, 0, 0)\" class=\"has-inline-color has-luminous-vivid-orange-color\">https:\/\/www.aguafuertegaleria.com\/_files\/ugd\/de53d9_f9e9ddac8e9f469591f686ad18d9dc3d.pdf<\/mark><\/a><\/p>\n\n\n<div class=\"wp-block-image\">\n<figure class=\"aligncenter size-full is-resized\"><img loading=\"lazy\" decoding=\"async\" width=\"562\" height=\"545\" src=\"https:\/\/www.fabiangiles.com\/V5.1\/wp-content\/uploads\/2025\/04\/FABIANGILES2D.png\" alt=\"\" class=\"wp-image-205\" style=\"width:52px;height:auto\" srcset=\"http:\/\/www.fabiangiles.com\/V5.1\/wp-content\/uploads\/2025\/04\/FABIANGILES2D.png 562w, http:\/\/www.fabiangiles.com\/V5.1\/wp-content\/uploads\/2025\/04\/FABIANGILES2D-300x291.png 300w\" sizes=\"auto, (max-width: 562px) 100vw, 562px\" \/><\/figure>\n<\/div>\n\n\n<figure class=\"wp-block-image size-large\"><img loading=\"lazy\" decoding=\"async\" width=\"1024\" height=\"1024\" src=\"http:\/\/www.fabiangiles.com\/V5.1\/wp-content\/uploads\/2025\/08\/PortadaStreetArt2-1024x1024.jpg\" alt=\"\" class=\"wp-image-1518\" srcset=\"http:\/\/www.fabiangiles.com\/V5.1\/wp-content\/uploads\/2025\/08\/PortadaStreetArt2-1024x1024.jpg 1024w, http:\/\/www.fabiangiles.com\/V5.1\/wp-content\/uploads\/2025\/08\/PortadaStreetArt2-300x300.jpg 300w, http:\/\/www.fabiangiles.com\/V5.1\/wp-content\/uploads\/2025\/08\/PortadaStreetArt2-150x150.jpg 150w, http:\/\/www.fabiangiles.com\/V5.1\/wp-content\/uploads\/2025\/08\/PortadaStreetArt2-768x767.jpg 768w, http:\/\/www.fabiangiles.com\/V5.1\/wp-content\/uploads\/2025\/08\/PortadaStreetArt2-100x100.jpg 100w, http:\/\/www.fabiangiles.com\/V5.1\/wp-content\/uploads\/2025\/08\/PortadaStreetArt2.jpg 1125w\" sizes=\"auto, (max-width: 767px) 89vw, (max-width: 1000px) 54vw, (max-width: 1071px) 543px, 580px\" \/><\/figure>\n\n\n\n<figure class=\"wp-block-image size-large\"><img loading=\"lazy\" decoding=\"async\" width=\"1024\" height=\"1010\" src=\"http:\/\/www.fabiangiles.com\/V5.1\/wp-content\/uploads\/2025\/08\/StreetPOPart-1024x1010.jpg\" alt=\"\" class=\"wp-image-1494\" srcset=\"http:\/\/www.fabiangiles.com\/V5.1\/wp-content\/uploads\/2025\/08\/StreetPOPart-1024x1010.jpg 1024w, http:\/\/www.fabiangiles.com\/V5.1\/wp-content\/uploads\/2025\/08\/StreetPOPart-300x296.jpg 300w, http:\/\/www.fabiangiles.com\/V5.1\/wp-content\/uploads\/2025\/08\/StreetPOPart-768x758.jpg 768w, http:\/\/www.fabiangiles.com\/V5.1\/wp-content\/uploads\/2025\/08\/StreetPOPart-100x100.jpg 100w, http:\/\/www.fabiangiles.com\/V5.1\/wp-content\/uploads\/2025\/08\/StreetPOPart.jpg 1125w\" sizes=\"auto, (max-width: 767px) 89vw, (max-width: 1000px) 54vw, (max-width: 1071px) 543px, 580px\" \/><figcaption class=\"wp-element-caption\">Screenshot<\/figcaption><\/figure>\n\n\n\n<p><em><strong>STREET &amp; POP ART\u201d<\/strong><br>Collective exhibition<br>August 14 to September 7, 2025<\/em><br><em><a href=\"https:\/\/www.facebook.com\/share\/p\/1EREdLaSBW\/\">Aguafuerte Gallery<\/a><br>Organized by Israel Alvarado<\/em><\/p>\n\n\n\n<p><em><strong>\u201cSTREET &amp; POP ART\u201d<\/strong><br>Exposici\u00f3n colectiva<br>Agosto 14 a Septiembre 7, 2025<br><a href=\"https:\/\/www.facebook.com\/share\/p\/1EREdLaSBW\/\">Aguafuerte Galer\u00eda<\/a><br>Organizada por Israel Alvarado<br><\/em><\/p>\n\n\n\n<p><a href=\"https:\/\/www.aguafuertegaleria.com\/_files\/ugd\/de53d9_55bbfbd2025947d0961222ae1d73c497.pdf\"><mark style=\"background-color:rgba(0, 0, 0, 0)\" class=\"has-inline-color has-luminous-vivid-orange-color\">https:\/\/www.aguafuertegaleria.com\/_files\/ugd\/de53d9_55bbfbd2025947d0961222ae1d73c497.pdf<\/mark><\/a><\/p>\n\n\n<div class=\"wp-block-image\">\n<figure class=\"aligncenter size-full is-resized\"><img loading=\"lazy\" decoding=\"async\" width=\"562\" height=\"545\" src=\"https:\/\/www.fabiangiles.com\/V5.1\/wp-content\/uploads\/2025\/04\/FABIANGILES2D.png\" alt=\"\" class=\"wp-image-205\" style=\"width:52px;height:auto\" srcset=\"http:\/\/www.fabiangiles.com\/V5.1\/wp-content\/uploads\/2025\/04\/FABIANGILES2D.png 562w, http:\/\/www.fabiangiles.com\/V5.1\/wp-content\/uploads\/2025\/04\/FABIANGILES2D-300x291.png 300w\" sizes=\"auto, (max-width: 562px) 100vw, 562px\" \/><\/figure>\n<\/div>\n\n\n<figure class=\"wp-block-image size-large\"><img loading=\"lazy\" decoding=\"async\" width=\"791\" height=\"1024\" src=\"http:\/\/www.fabiangiles.com\/V5.1\/wp-content\/uploads\/2025\/07\/PosterDe-Mole2a-791x1024.jpg\" alt=\"\" class=\"wp-image-1276\" srcset=\"http:\/\/www.fabiangiles.com\/V5.1\/wp-content\/uploads\/2025\/07\/PosterDe-Mole2a-791x1024.jpg 791w, http:\/\/www.fabiangiles.com\/V5.1\/wp-content\/uploads\/2025\/07\/PosterDe-Mole2a-232x300.jpg 232w, http:\/\/www.fabiangiles.com\/V5.1\/wp-content\/uploads\/2025\/07\/PosterDe-Mole2a-768x994.jpg 768w, http:\/\/www.fabiangiles.com\/V5.1\/wp-content\/uploads\/2025\/07\/PosterDe-Mole2a-1187x1536.jpg 1187w, http:\/\/www.fabiangiles.com\/V5.1\/wp-content\/uploads\/2025\/07\/PosterDe-Mole2a-1583x2048.jpg 1583w, http:\/\/www.fabiangiles.com\/V5.1\/wp-content\/uploads\/2025\/07\/PosterDe-Mole2a-scaled.jpg 1978w\" sizes=\"auto, (max-width: 767px) 89vw, (max-width: 1000px) 54vw, (max-width: 1071px) 543px, 580px\" \/><\/figure>\n\n\n\n<p><em><strong>\u201cOf mole, of chilli and of colors&#8221;<\/strong><br>Exhibition of Fabi\u00e1n Giles &amp; Ely Cam<br>August 11 to 20, 2025<br>Pulquer\u00eda insurgentes<br>Organized by <\/em>Paraiso Terrenal<\/p>\n\n\n\n<p><em><strong>\u201cDe mole, de chile y de colores<\/strong><br>Exhibition of Fabi\u00e1n Giles &amp; Ely Cam<br>Agosto 11 al 20, 2025<br>Pulquer\u00eda insurgentes<br>Organizada por <\/em>Paraiso Terrenal<\/p>\n\n\n\n<p><a href=\"https:\/\/www.instagram.com\/p\/DMMJk9IOVNA\/?hl=es\"><mark style=\"background-color:rgba(0, 0, 0, 0)\" class=\"has-inline-color has-luminous-vivid-orange-color\">https:\/\/www.instagram.com\/p\/DMMJk9IOVNA\/?hl=es<\/mark><\/a><\/p>\n\n\n<div class=\"wp-block-image\">\n<figure class=\"aligncenter size-full is-resized\"><img loading=\"lazy\" decoding=\"async\" width=\"562\" height=\"545\" src=\"https:\/\/www.fabiangiles.com\/V5.1\/wp-content\/uploads\/2025\/04\/FABIANGILES2D.png\" alt=\"\" class=\"wp-image-205\" style=\"width:52px;height:auto\" srcset=\"http:\/\/www.fabiangiles.com\/V5.1\/wp-content\/uploads\/2025\/04\/FABIANGILES2D.png 562w, http:\/\/www.fabiangiles.com\/V5.1\/wp-content\/uploads\/2025\/04\/FABIANGILES2D-300x291.png 300w\" sizes=\"auto, (max-width: 562px) 100vw, 562px\" \/><\/figure>\n<\/div>\n\n\n<figure class=\"wp-block-image size-large\"><img loading=\"lazy\" decoding=\"async\" width=\"791\" height=\"1024\" src=\"http:\/\/www.fabiangiles.com\/V5.1\/wp-content\/uploads\/2025\/07\/LCDLFC1-791x1024.jpg\" alt=\"\" class=\"wp-image-1374\" srcset=\"http:\/\/www.fabiangiles.com\/V5.1\/wp-content\/uploads\/2025\/07\/LCDLFC1-791x1024.jpg 791w, http:\/\/www.fabiangiles.com\/V5.1\/wp-content\/uploads\/2025\/07\/LCDLFC1-232x300.jpg 232w, http:\/\/www.fabiangiles.com\/V5.1\/wp-content\/uploads\/2025\/07\/LCDLFC1-768x994.jpg 768w, http:\/\/www.fabiangiles.com\/V5.1\/wp-content\/uploads\/2025\/07\/LCDLFC1-1187x1536.jpg 1187w, http:\/\/www.fabiangiles.com\/V5.1\/wp-content\/uploads\/2025\/07\/LCDLFC1-1583x2048.jpg 1583w, http:\/\/www.fabiangiles.com\/V5.1\/wp-content\/uploads\/2025\/07\/LCDLFC1-scaled.jpg 1978w\" sizes=\"auto, (max-width: 767px) 89vw, (max-width: 1000px) 54vw, (max-width: 1071px) 543px, 580px\" \/><\/figure>\n\n\n\n<p><em><strong>LCDLF COLLAGES \/ HOUSE OF FAMOUS COLLAGES<\/strong><br>Online exhibition<br>July 2025 &#8211; August 2025<br>Saatchi Art Gallery<\/em><\/p>\n\n\n\n<p><strong>LCDLF COLLAGES \/ LA CASA DE LOS FAMOSOS COLLAGES<\/strong><br>Exhibici\u00f3n en l\u00ednea<br>Julio 2025 \u2013 Agosto 2025<br>Saatchi Art Gallery<\/p>\n\n\n\n<p><a href=\"https:\/\/www.saatchiart.com\/en-mx\/art-collection\/collage-photography-mixed-media-digital\/LCDLF-COLLAGES\/554617\/875659\/view\"><mark style=\"background-color:rgba(0, 0, 0, 0)\" class=\"has-inline-color has-luminous-vivid-orange-color\">https:\/\/www.saatchiart.com\/en-mx\/art-collection\/collage-photography-mixed-media-digital\/LCDLF-COLLAGES\/554617\/875659\/view<\/mark><\/a><\/p>\n\n\n<div class=\"wp-block-image\">\n<figure class=\"aligncenter size-full is-resized\"><img loading=\"lazy\" decoding=\"async\" width=\"562\" height=\"545\" src=\"https:\/\/www.fabiangiles.com\/V5.1\/wp-content\/uploads\/2025\/04\/FABIANGILES2D.png\" alt=\"\" class=\"wp-image-205\" style=\"width:52px;height:auto\" srcset=\"http:\/\/www.fabiangiles.com\/V5.1\/wp-content\/uploads\/2025\/04\/FABIANGILES2D.png 562w, http:\/\/www.fabiangiles.com\/V5.1\/wp-content\/uploads\/2025\/04\/FABIANGILES2D-300x291.png 300w\" sizes=\"auto, (max-width: 562px) 100vw, 562px\" \/><\/figure>\n<\/div>\n\n\n<figure class=\"wp-block-image size-full\"><img loading=\"lazy\" decoding=\"async\" width=\"768\" height=\"960\" src=\"https:\/\/www.fabiangiles.com\/V5.1\/wp-content\/uploads\/2025\/08\/CollageFranciaMexico.jpg\" alt=\"\" class=\"wp-image-1433\" srcset=\"http:\/\/www.fabiangiles.com\/V5.1\/wp-content\/uploads\/2025\/08\/CollageFranciaMexico.jpg 768w, http:\/\/www.fabiangiles.com\/V5.1\/wp-content\/uploads\/2025\/08\/CollageFranciaMexico-240x300.jpg 240w\" sizes=\"auto, (max-width: 767px) 89vw, (max-width: 1000px) 54vw, (max-width: 1071px) 543px, 580px\" \/><\/figure>\n\n\n\n<p><\/p>\n\n\n\n<p><em><strong>\u201cCollage and france seen from Mexico\u201d<\/strong><br>A brief selection<br>June 5 to August 7, 2025<br>Interlomas Center<br>Organized by French Alliance Mexico City<\/em><\/p>\n\n\n\n<p><em><strong>\u201cEl Collage y Francia vistos desde M\u00e9xico\u201d<\/strong><\/em><br>Breve selecci\u00f3n<br>Junio 5 a Agosto 7, 2025<br>Centro Interlomas<br>Organizado por <a href=\"https:\/\/www.instagram.com\/p\/DKa894_CLtT\/\">Alianza Francesa Ciudad de M\u00e9xico<\/a><\/p>\n\n\n\n<p><a href=\"https:\/\/www.facebook.com\/share\/p\/19CUXFwNw1\"><mark style=\"background-color:rgba(0, 0, 0, 0)\" class=\"has-inline-color has-luminous-vivid-orange-color\">https:\/\/www.facebook.com\/share\/p\/19CUXFwNw1<\/mark><\/a><\/p>\n\n\n<div class=\"wp-block-image\">\n<figure class=\"aligncenter size-full is-resized\"><img loading=\"lazy\" decoding=\"async\" width=\"562\" height=\"545\" src=\"https:\/\/www.fabiangiles.com\/V5.1\/wp-content\/uploads\/2025\/04\/FABIANGILES2D.png\" alt=\"\" class=\"wp-image-205\" style=\"width:52px;height:auto\" srcset=\"http:\/\/www.fabiangiles.com\/V5.1\/wp-content\/uploads\/2025\/04\/FABIANGILES2D.png 562w, http:\/\/www.fabiangiles.com\/V5.1\/wp-content\/uploads\/2025\/04\/FABIANGILES2D-300x291.png 300w\" sizes=\"auto, (max-width: 562px) 100vw, 562px\" \/><\/figure>\n<\/div>\n\n\n<figure class=\"wp-block-image size-large\"><a href=\"https:\/\/www.instagram.com\/p\/DKa894_CLtT\/\"><img loading=\"lazy\" decoding=\"async\" width=\"1024\" height=\"597\" src=\"https:\/\/www.fabiangiles.com\/V5.1\/wp-content\/uploads\/2025\/05\/500117753_1067965238651609_5012314797170740071_n-1024x597.jpg\" alt=\"\" class=\"wp-image-1165\" srcset=\"http:\/\/www.fabiangiles.com\/V5.1\/wp-content\/uploads\/2025\/05\/500117753_1067965238651609_5012314797170740071_n-1024x597.jpg 1024w, http:\/\/www.fabiangiles.com\/V5.1\/wp-content\/uploads\/2025\/05\/500117753_1067965238651609_5012314797170740071_n-300x175.jpg 300w, http:\/\/www.fabiangiles.com\/V5.1\/wp-content\/uploads\/2025\/05\/500117753_1067965238651609_5012314797170740071_n-768x448.jpg 768w, http:\/\/www.fabiangiles.com\/V5.1\/wp-content\/uploads\/2025\/05\/500117753_1067965238651609_5012314797170740071_n.jpg 1200w\" sizes=\"auto, (max-width: 767px) 89vw, (max-width: 1000px) 54vw, (max-width: 1071px) 543px, 580px\" \/><\/a><\/figure>\n\n\n\n<p><em><strong>\u201cOf mole, of chilli and of butter\u201d<\/strong><br>Individual exhibition<br>June 5 to August 2, 2025<br>Del Valle Center<br>Organized by French Alliance Mexico City<\/em><\/p>\n\n\n\n<p><em><strong>\u201cDe mole, de chile y de manteca\u201d<\/strong><\/em><br>Exposici\u00f3n individual<br>Junio 5 a Agosto 2, 2025<br>Centro Del Valle<br>Organizado por <a href=\"https:\/\/www.instagram.com\/p\/DKa894_CLtT\/\">Alianza Francesa Ciudad de M\u00e9xico<\/a><\/p>\n\n\n\n<p><a href=\"https:\/\/www.instagram.com\/reel\/DKilw_5AMbh\/?utm_source=ig_web_copy_link&amp;igsh=MzRlODBiNWFlZA==\"><mark style=\"background-color:rgba(0, 0, 0, 0)\" class=\"has-inline-color has-luminous-vivid-orange-color\">https:\/\/www.instagram.com\/reel\/DKilw_5AMbh\/?utm_source=ig_web_copy_link&amp;igsh=MzRlODBiNWFlZA==<\/mark><\/a><br><a href=\"https:\/\/www.instagram.com\/p\/DKa894_CLtT\"><mark style=\"background-color:rgba(0, 0, 0, 0)\" class=\"has-inline-color has-luminous-vivid-orange-color\">https:\/\/www.instagram.com\/p\/DKa894_CLtT<\/mark><\/a><\/p>\n\n\n<div class=\"wp-block-image\">\n<figure class=\"aligncenter size-full is-resized\"><img loading=\"lazy\" decoding=\"async\" width=\"562\" height=\"545\" src=\"https:\/\/www.fabiangiles.com\/V5.1\/wp-content\/uploads\/2025\/04\/FABIANGILES2D.png\" alt=\"\" class=\"wp-image-205\" style=\"width:52px;height:auto\" srcset=\"http:\/\/www.fabiangiles.com\/V5.1\/wp-content\/uploads\/2025\/04\/FABIANGILES2D.png 562w, http:\/\/www.fabiangiles.com\/V5.1\/wp-content\/uploads\/2025\/04\/FABIANGILES2D-300x291.png 300w\" sizes=\"auto, (max-width: 562px) 100vw, 562px\" \/><\/figure>\n<\/div>\n\n\n<figure class=\"wp-block-image size-full\"><img loading=\"lazy\" decoding=\"async\" width=\"1920\" height=\"1080\" src=\"https:\/\/www.fabiangiles.com\/V5.1\/wp-content\/uploads\/2025\/05\/500204118_1007742201479448_6670263374021814501_n.jpg\" alt=\"\" class=\"wp-image-1148\" srcset=\"http:\/\/www.fabiangiles.com\/V5.1\/wp-content\/uploads\/2025\/05\/500204118_1007742201479448_6670263374021814501_n.jpg 1920w, http:\/\/www.fabiangiles.com\/V5.1\/wp-content\/uploads\/2025\/05\/500204118_1007742201479448_6670263374021814501_n-300x169.jpg 300w, http:\/\/www.fabiangiles.com\/V5.1\/wp-content\/uploads\/2025\/05\/500204118_1007742201479448_6670263374021814501_n-1024x576.jpg 1024w, http:\/\/www.fabiangiles.com\/V5.1\/wp-content\/uploads\/2025\/05\/500204118_1007742201479448_6670263374021814501_n-768x432.jpg 768w, http:\/\/www.fabiangiles.com\/V5.1\/wp-content\/uploads\/2025\/05\/500204118_1007742201479448_6670263374021814501_n-1536x864.jpg 1536w\" sizes=\"auto, (max-width: 767px) 89vw, (max-width: 1000px) 54vw, (max-width: 1071px) 543px, 580px\" \/><\/figure>\n\n\n\n<p><em><strong>\u201cIMPERIALISM AND OTHER CALAMITIES\u201d<\/strong><br>Collective exhibition<br>May 20 to June 15, 2025<br><a href=\"https:\/\/www.facebook.com\/share\/p\/1EREdLaSBW\/\">Aguafuerte Gallery<\/a><br>Organized by Israel Alvarado<\/em><\/p>\n\n\n\n<p><em><strong>\u201cIMPERIALISMO Y OTRAS CALAMIDADES\u201d<\/strong><\/em><br>Exposici\u00f3n colectiva<br>Mayo 20 a Junio 15, 2025<br><a href=\"https:\/\/www.aguafuertegaleria.com\/_files\/ugd\/de53d9_73d3d96cbdf64b2aa695a864d7771459.pdf\">Aguafuerte Galer\u00eda<\/a><br>Organizado por Israel Alvarado<\/p>\n\n\n\n<p><a href=\"https:\/\/www.aguafuertegaleria.com\/_files\/ugd\/de53d9_73d3d96cbdf64b2aa695a864d7771459.pdf\"><mark style=\"background-color:rgba(0, 0, 0, 0)\" class=\"has-inline-color has-luminous-vivid-orange-color\">https:\/\/www.aguafuertegaleria.com\/_files\/ugd\/de53d9_73d3d96cbdf64b2aa695a864d7771459.pdf<\/mark><\/a><\/p>\n\n\n<div class=\"wp-block-image\">\n<figure class=\"aligncenter size-full is-resized\"><img loading=\"lazy\" decoding=\"async\" width=\"562\" height=\"545\" src=\"https:\/\/www.fabiangiles.com\/V5.1\/wp-content\/uploads\/2025\/04\/FABIANGILES2D.png\" alt=\"\" class=\"wp-image-205\" style=\"width:52px;height:auto\" srcset=\"http:\/\/www.fabiangiles.com\/V5.1\/wp-content\/uploads\/2025\/04\/FABIANGILES2D.png 562w, http:\/\/www.fabiangiles.com\/V5.1\/wp-content\/uploads\/2025\/04\/FABIANGILES2D-300x291.png 300w\" sizes=\"auto, (max-width: 562px) 100vw, 562px\" \/><\/figure>\n<\/div>\n\n\n<figure class=\"wp-block-image size-large\"><img loading=\"lazy\" decoding=\"async\" width=\"1024\" height=\"652\" src=\"http:\/\/www.fabiangiles.com\/V5.1\/wp-content\/uploads\/2025\/04\/12-Expo-Hey-Lupe-1024x652.jpg\" alt=\"\" class=\"wp-image-237\" srcset=\"http:\/\/www.fabiangiles.com\/V5.1\/wp-content\/uploads\/2025\/04\/12-Expo-Hey-Lupe-1024x652.jpg 1024w, http:\/\/www.fabiangiles.com\/V5.1\/wp-content\/uploads\/2025\/04\/12-Expo-Hey-Lupe-300x191.jpg 300w, http:\/\/www.fabiangiles.com\/V5.1\/wp-content\/uploads\/2025\/04\/12-Expo-Hey-Lupe-768x489.jpg 768w, http:\/\/www.fabiangiles.com\/V5.1\/wp-content\/uploads\/2025\/04\/12-Expo-Hey-Lupe-1536x978.jpg 1536w, http:\/\/www.fabiangiles.com\/V5.1\/wp-content\/uploads\/2025\/04\/12-Expo-Hey-Lupe.jpg 1566w\" sizes=\"auto, (max-width: 767px) 89vw, (max-width: 1000px) 54vw, (max-width: 1071px) 543px, 580px\" \/><\/figure>\n\n\n\n<figure class=\"wp-block-image size-large is-resized\"><a href=\"https:\/\/www.fabiangiles.com\/V5.1\/wp-content\/uploads\/2025\/04\/12-LupitaStar-scaled.jpg\"><img loading=\"lazy\" decoding=\"async\" width=\"663\" height=\"1024\" src=\"http:\/\/www.fabiangiles.com\/V5.1\/wp-content\/uploads\/2025\/04\/12-LupitaStar-663x1024.jpg\" alt=\"\" class=\"wp-image-159\" style=\"width:674px;height:auto\" srcset=\"http:\/\/www.fabiangiles.com\/V5.1\/wp-content\/uploads\/2025\/04\/12-LupitaStar-663x1024.jpg 663w, http:\/\/www.fabiangiles.com\/V5.1\/wp-content\/uploads\/2025\/04\/12-LupitaStar-194x300.jpg 194w, http:\/\/www.fabiangiles.com\/V5.1\/wp-content\/uploads\/2025\/04\/12-LupitaStar-768x1187.jpg 768w, http:\/\/www.fabiangiles.com\/V5.1\/wp-content\/uploads\/2025\/04\/12-LupitaStar-994x1536.jpg 994w, http:\/\/www.fabiangiles.com\/V5.1\/wp-content\/uploads\/2025\/04\/12-LupitaStar-1325x2048.jpg 1325w, http:\/\/www.fabiangiles.com\/V5.1\/wp-content\/uploads\/2025\/04\/12-LupitaStar-scaled.jpg 1656w\" sizes=\"auto, (max-width: 663px) 100vw, 663px\" \/><\/a><\/figure>\n\n\n\n<p>&#8220;Lupita Star&#8221; Digital Collage, 2024<\/p>\n\n\n\n<p><em><strong>\u201cHey Lupe, Lupita my love\u201d<\/strong><br><\/em><em>Collective exhibition<br>December 12th, 2024<br>Ludica Studio &amp; Gallery<br>Organized by Miguel \u00c1ngel Corona \u201cEl Reynito\u201d<\/em><\/p>\n\n\n\n<p><em><strong>\u201cHey Lupe, Lupita mi amor\u201d<\/strong><\/em><br>Exposici\u00f3n colectiva<br>Diciembre 12, 2024<br>Ludica Estudio y Galer\u00eda<br>Organizado por Miguel \u00c1ngel Corona \u201cEl Reynito\u201d<br><em><br><a href=\"https:\/\/www.jornada.com.mx\/2024\/12\/14\/cultura\/a03n1cul\"><mark style=\"background-color:rgba(0, 0, 0, 0)\" class=\"has-inline-color has-luminous-vivid-orange-color\">https:\/\/www.jornada.com.mx\/2024\/12\/14\/cultura\/a03n1cul<\/mark><\/a><\/em><br><\/p>\n\n\n<div class=\"wp-block-image\">\n<figure class=\"aligncenter size-full is-resized\"><img loading=\"lazy\" decoding=\"async\" width=\"562\" height=\"545\" src=\"https:\/\/www.fabiangiles.com\/V5.1\/wp-content\/uploads\/2025\/04\/FABIANGILES2D.png\" alt=\"\" class=\"wp-image-205\" style=\"width:52px;height:auto\" srcset=\"http:\/\/www.fabiangiles.com\/V5.1\/wp-content\/uploads\/2025\/04\/FABIANGILES2D.png 562w, http:\/\/www.fabiangiles.com\/V5.1\/wp-content\/uploads\/2025\/04\/FABIANGILES2D-300x291.png 300w\" sizes=\"auto, (max-width: 562px) 100vw, 562px\" \/><\/figure>\n<\/div>\n\n\n<figure class=\"wp-block-image size-large\"><img loading=\"lazy\" decoding=\"async\" width=\"819\" height=\"1024\" src=\"http:\/\/www.fabiangiles.com\/V5.1\/wp-content\/uploads\/2025\/04\/11-ExpoCC.Xaviervillaurrutia-819x1024.jpg\" alt=\"\" class=\"wp-image-235\" srcset=\"http:\/\/www.fabiangiles.com\/V5.1\/wp-content\/uploads\/2025\/04\/11-ExpoCC.Xaviervillaurrutia-819x1024.jpg 819w, http:\/\/www.fabiangiles.com\/V5.1\/wp-content\/uploads\/2025\/04\/11-ExpoCC.Xaviervillaurrutia-240x300.jpg 240w, http:\/\/www.fabiangiles.com\/V5.1\/wp-content\/uploads\/2025\/04\/11-ExpoCC.Xaviervillaurrutia-768x960.jpg 768w, http:\/\/www.fabiangiles.com\/V5.1\/wp-content\/uploads\/2025\/04\/11-ExpoCC.Xaviervillaurrutia.jpg 1080w\" sizes=\"auto, (max-width: 767px) 89vw, (max-width: 1000px) 54vw, (max-width: 1071px) 543px, 580px\" \/><\/figure>\n\n\n\n<p><em><strong>Collage and the Power of Image<\/strong><br>Collective exhibition<\/em><br><em>September 20 and 21, 2024<br>Xavier Villaurrutia Cultural Center<br>Organized by Community Cultural Collectives<br>and FAROS Network of Ministry of Culture of Mexico City<\/em><\/p>\n\n\n\n<p><strong>El Collage y el poder de la imagen<\/strong><br>Exposici\u00f3n colectiva<br>Septiembre 20 y 21, 2024<br>Centro Cultural Xavier Villaurrutia<br>Organizado por Colectivos Culturales Comunitarios<br>y la Red de FAROS de la Secretar\u00eda de Cultura de la CDMX<\/p>\n\n\n\n<p><a href=\"https:\/\/www.facebook.com\/share\/p\/18f2PaA9Ct\"><mark style=\"background-color:rgba(0, 0, 0, 0)\" class=\"has-inline-color has-luminous-vivid-orange-color\">https:\/\/www.facebook.com\/share\/p\/18f2PaA9Ct<\/mark><\/a><\/p>\n\n\n<div class=\"wp-block-image\">\n<figure class=\"aligncenter size-full is-resized\"><img loading=\"lazy\" decoding=\"async\" width=\"562\" height=\"545\" src=\"https:\/\/www.fabiangiles.com\/V5.1\/wp-content\/uploads\/2025\/04\/FABIANGILES2D.png\" alt=\"\" class=\"wp-image-205\" style=\"width:52px;height:auto\" srcset=\"http:\/\/www.fabiangiles.com\/V5.1\/wp-content\/uploads\/2025\/04\/FABIANGILES2D.png 562w, http:\/\/www.fabiangiles.com\/V5.1\/wp-content\/uploads\/2025\/04\/FABIANGILES2D-300x291.png 300w\" sizes=\"auto, (max-width: 562px) 100vw, 562px\" \/><\/figure>\n<\/div>\n\n\n<figure class=\"wp-block-image size-large\"><img loading=\"lazy\" decoding=\"async\" width=\"786\" height=\"1024\" src=\"http:\/\/www.fabiangiles.com\/V5.1\/wp-content\/uploads\/2025\/04\/10-Carteles-Cinetica-786x1024.jpg\" alt=\"\" class=\"wp-image-236\" srcset=\"http:\/\/www.fabiangiles.com\/V5.1\/wp-content\/uploads\/2025\/04\/10-Carteles-Cinetica-786x1024.jpg 786w, http:\/\/www.fabiangiles.com\/V5.1\/wp-content\/uploads\/2025\/04\/10-Carteles-Cinetica-230x300.jpg 230w, http:\/\/www.fabiangiles.com\/V5.1\/wp-content\/uploads\/2025\/04\/10-Carteles-Cinetica-768x1001.jpg 768w, http:\/\/www.fabiangiles.com\/V5.1\/wp-content\/uploads\/2025\/04\/10-Carteles-Cinetica-1179x1536.jpg 1179w, http:\/\/www.fabiangiles.com\/V5.1\/wp-content\/uploads\/2025\/04\/10-Carteles-Cinetica.jpg 1228w\" sizes=\"auto, (max-width: 767px) 89vw, (max-width: 1000px) 54vw, (max-width: 1071px) 543px, 580px\" \/><\/figure>\n\n\n\n<p><em><strong>WITHOUT ETHICS AND POLITICS<\/strong><br>Poster exhibition and ebook presentation<\/em><br><em>September 14, 2024<br>El Rule Cultural Center, 3rd floor<br><\/em><\/p>\n\n\n\n<p><strong>CIN\u00c9TICA NI POL\u00cdTICA<\/strong><br>Exhibici\u00f3n de carteles y presentaci\u00f3n de ebook<br>Septiembre 14, 2024<br>El Rule Cultural Center, 3er piso<br><br><a href=\"https:\/\/www.instagram.com\/p\/C-6l3pdsap2\/\"><mark style=\"background-color:rgba(0, 0, 0, 0)\" class=\"has-inline-color has-luminous-vivid-orange-color\">https:\/\/www.instagram.com\/p\/C-6l3pdsap2\/<\/mark><\/a><\/p>\n\n\n<div class=\"wp-block-image\">\n<figure class=\"aligncenter size-full is-resized\"><img loading=\"lazy\" decoding=\"async\" width=\"562\" height=\"545\" src=\"https:\/\/www.fabiangiles.com\/V5.1\/wp-content\/uploads\/2025\/04\/FABIANGILES2D.png\" alt=\"\" class=\"wp-image-205\" style=\"width:52px;height:auto\" srcset=\"http:\/\/www.fabiangiles.com\/V5.1\/wp-content\/uploads\/2025\/04\/FABIANGILES2D.png 562w, http:\/\/www.fabiangiles.com\/V5.1\/wp-content\/uploads\/2025\/04\/FABIANGILES2D-300x291.png 300w\" sizes=\"auto, (max-width: 562px) 100vw, 562px\" \/><\/figure>\n<\/div>\n\n\n<figure class=\"wp-block-image size-full is-resized\"><img loading=\"lazy\" decoding=\"async\" width=\"800\" height=\"1042\" src=\"https:\/\/www.fabiangiles.com\/V5.1\/wp-content\/uploads\/2025\/04\/Cierre-Festival.jpg\" alt=\"\" class=\"wp-image-465\" style=\"width:674px;height:auto\" srcset=\"http:\/\/www.fabiangiles.com\/V5.1\/wp-content\/uploads\/2025\/04\/Cierre-Festival.jpg 800w, http:\/\/www.fabiangiles.com\/V5.1\/wp-content\/uploads\/2025\/04\/Cierre-Festival-230x300.jpg 230w, http:\/\/www.fabiangiles.com\/V5.1\/wp-content\/uploads\/2025\/04\/Cierre-Festival-786x1024.jpg 786w, http:\/\/www.fabiangiles.com\/V5.1\/wp-content\/uploads\/2025\/04\/Cierre-Festival-768x1000.jpg 768w\" sizes=\"auto, (max-width: 767px) 89vw, (max-width: 1000px) 54vw, (max-width: 1071px) 543px, 580px\" \/><\/figure>\n\n\n\n<p><em><strong>Closing Event of 2024 M\u00e9xico City\u2019s Collage Festival<\/strong><br>Collective intervention of electoral garbage<br>August 10, 2024<br>El Rule Cultural Center. Gabriel Garc\u00eda Marquez Square.<\/em><\/p>\n\n\n\n<p><strong>Evento de cierre del Festival<\/strong> <strong>de Collage de la CDMX 2024<\/strong><br>Intervenci\u00f3n colectiva de basura electoral<br>Agosto 10, 2024<br>Centro Cultural El Rule. Plaza Gabriel Garc\u00eda Marquez.<\/p>\n\n\n\n<p><em><br><a href=\"https:\/\/www.instagram.com\/p\/C-hD2clumNf\/?utm_source=ig_web_copy_link&amp;igsh=MzRlODBiNWFlZA==\"><mark style=\"background-color:rgba(0, 0, 0, 0)\" class=\"has-inline-color has-luminous-vivid-orange-color\">https:\/\/www.instagram.com\/p\/C-hD2clumNf\/?utm_source=ig_web_copy_link&amp;igsh=MzRlODBiNWFlZA==<\/mark><\/a><\/em><\/p>\n\n\n<div class=\"wp-block-image\">\n<figure class=\"aligncenter size-full is-resized\"><img loading=\"lazy\" decoding=\"async\" width=\"562\" height=\"545\" src=\"https:\/\/www.fabiangiles.com\/V5.1\/wp-content\/uploads\/2025\/04\/FABIANGILES2D.png\" alt=\"\" class=\"wp-image-205\" style=\"width:52px;height:auto\" srcset=\"http:\/\/www.fabiangiles.com\/V5.1\/wp-content\/uploads\/2025\/04\/FABIANGILES2D.png 562w, http:\/\/www.fabiangiles.com\/V5.1\/wp-content\/uploads\/2025\/04\/FABIANGILES2D-300x291.png 300w\" sizes=\"auto, (max-width: 562px) 100vw, 562px\" \/><\/figure>\n<\/div>\n\n\n<figure class=\"wp-block-image size-full\"><img loading=\"lazy\" decoding=\"async\" width=\"1638\" height=\"2048\" src=\"https:\/\/www.fabiangiles.com\/V5.1\/wp-content\/uploads\/2025\/04\/Mexico-y-la-Ciudad.jpg\" alt=\"\" class=\"wp-image-468\" srcset=\"http:\/\/www.fabiangiles.com\/V5.1\/wp-content\/uploads\/2025\/04\/Mexico-y-la-Ciudad.jpg 1638w, http:\/\/www.fabiangiles.com\/V5.1\/wp-content\/uploads\/2025\/04\/Mexico-y-la-Ciudad-240x300.jpg 240w, http:\/\/www.fabiangiles.com\/V5.1\/wp-content\/uploads\/2025\/04\/Mexico-y-la-Ciudad-819x1024.jpg 819w, http:\/\/www.fabiangiles.com\/V5.1\/wp-content\/uploads\/2025\/04\/Mexico-y-la-Ciudad-768x960.jpg 768w, http:\/\/www.fabiangiles.com\/V5.1\/wp-content\/uploads\/2025\/04\/Mexico-y-la-Ciudad-1229x1536.jpg 1229w\" sizes=\"auto, (max-width: 767px) 89vw, (max-width: 1000px) 54vw, (max-width: 1071px) 543px, 580px\" \/><\/figure>\n\n\n\n<p><em><strong>Mexico and the City<\/strong><br>Collective exhibition.<br>May 26 to June 23<br>El Rule Cultural Center, Grey Gallery, 1st floor<br>Organized by the collective Cortar y Pegar (Cut and Paste)<br>Inside 2024 Mexico City Collage Festival<\/em><\/p>\n\n\n\n<p><strong>M\u00e9xico y la Ciudad<\/strong><br>Exposici\u00f3n colectiva.<br>26 de mayo al 23 de junio<br>Centro Cultural El Rule Galer\u00eda Gris 1er piso<br>Organizada por el colectivo Cortar y Pegar<br>dentro del marco del Festival de Collage de la CDMX 2024<br><br><a href=\"https:\/\/www.facebook.com\/share\/v\/18VBgJ21k2\/\"><mark style=\"background-color:rgba(0, 0, 0, 0)\" class=\"has-inline-color has-luminous-vivid-orange-color\">https:\/\/www.facebook.com\/share\/v\/18VBgJ21k2\/<\/mark><\/a><em><mark style=\"background-color:rgba(0, 0, 0, 0)\" class=\"has-inline-color has-luminous-vivid-orange-color\"><br><\/mark><a href=\"https:\/\/www.instagram.com\/p\/C7en_hhuhkm\/?utm_source=ig_web_copy_link&amp;igsh=MzRlODBiNWFlZA==\"><mark style=\"background-color:rgba(0, 0, 0, 0)\" class=\"has-inline-color has-luminous-vivid-orange-color\">https:\/\/www.instagram.com\/p\/C7en_hhuhkm\/?utm_source=ig_web_copy_link&amp;igsh=MzRlODBiNWFlZA==<\/mark><\/a><\/em><\/p>\n\n\n<div class=\"wp-block-image\">\n<figure class=\"aligncenter size-full is-resized\"><img loading=\"lazy\" decoding=\"async\" width=\"562\" height=\"545\" src=\"https:\/\/www.fabiangiles.com\/V5.1\/wp-content\/uploads\/2025\/04\/FABIANGILES2D.png\" alt=\"\" class=\"wp-image-205\" style=\"width:52px;height:auto\" srcset=\"http:\/\/www.fabiangiles.com\/V5.1\/wp-content\/uploads\/2025\/04\/FABIANGILES2D.png 562w, http:\/\/www.fabiangiles.com\/V5.1\/wp-content\/uploads\/2025\/04\/FABIANGILES2D-300x291.png 300w\" sizes=\"auto, (max-width: 562px) 100vw, 562px\" \/><\/figure>\n<\/div>\n\n\n<figure class=\"wp-block-image size-full\"><img loading=\"lazy\" decoding=\"async\" width=\"1638\" height=\"2048\" src=\"https:\/\/www.fabiangiles.com\/V5.1\/wp-content\/uploads\/2025\/04\/CollageMexicano.jpg\" alt=\"\" class=\"wp-image-471\" srcset=\"http:\/\/www.fabiangiles.com\/V5.1\/wp-content\/uploads\/2025\/04\/CollageMexicano.jpg 1638w, http:\/\/www.fabiangiles.com\/V5.1\/wp-content\/uploads\/2025\/04\/CollageMexicano-240x300.jpg 240w, http:\/\/www.fabiangiles.com\/V5.1\/wp-content\/uploads\/2025\/04\/CollageMexicano-819x1024.jpg 819w, http:\/\/www.fabiangiles.com\/V5.1\/wp-content\/uploads\/2025\/04\/CollageMexicano-768x960.jpg 768w, http:\/\/www.fabiangiles.com\/V5.1\/wp-content\/uploads\/2025\/04\/CollageMexicano-1229x1536.jpg 1229w\" sizes=\"auto, (max-width: 767px) 89vw, (max-width: 1000px) 54vw, (max-width: 1071px) 543px, 580px\" \/><\/figure>\n\n\n\n<p><em><strong>A Mexican collage<\/strong><br>Collective exhibition<br>May 11 to October 26, 2024<br>French Alliance, Mexico City, Interlomas headquarters.<br>Organized by Cultural Coordination of French Alliance, Mexico City<br>and Cortar y Pegar (Cut and Paste) 2024 Mexico City Collage Festival<\/em><\/p>\n\n\n\n<p><strong>Un collage mexicano<\/strong><br>Exposici\u00f3n colectiva 11 de mayo al 26 de octubre de 2024<br>Alianza Francesa Ciudad de M\u00e9xico sede Interlomas.<br>Organizada por Coordinaci\u00f3n Cultural de la Alianza Francesa CDMX<br>y Cortar y Pegar Festival de Collage de la CDMX 2024<\/p>\n\n\n\n<p><a href=\"https:\/\/www.facebook.com\/share\/p\/1EM8zQLmst\"><mark style=\"background-color:rgba(0, 0, 0, 0)\" class=\"has-inline-color has-luminous-vivid-orange-color\">https:\/\/www.facebook.com\/share\/p\/1EM8zQLmst<\/mark><\/a><\/p>\n\n\n<div class=\"wp-block-image\">\n<figure class=\"aligncenter size-full is-resized\"><img loading=\"lazy\" decoding=\"async\" width=\"562\" height=\"545\" src=\"https:\/\/www.fabiangiles.com\/V5.1\/wp-content\/uploads\/2025\/04\/FABIANGILES2D.png\" alt=\"\" class=\"wp-image-205\" style=\"width:52px;height:auto\" srcset=\"http:\/\/www.fabiangiles.com\/V5.1\/wp-content\/uploads\/2025\/04\/FABIANGILES2D.png 562w, http:\/\/www.fabiangiles.com\/V5.1\/wp-content\/uploads\/2025\/04\/FABIANGILES2D-300x291.png 300w\" sizes=\"auto, (max-width: 562px) 100vw, 562px\" \/><\/figure>\n<\/div>\n\n\n<figure class=\"wp-block-image size-full\"><img loading=\"lazy\" decoding=\"async\" width=\"1638\" height=\"2048\" src=\"https:\/\/www.fabiangiles.com\/V5.1\/wp-content\/uploads\/2025\/04\/Collage-y-francia.jpg\" alt=\"\" class=\"wp-image-473\" srcset=\"http:\/\/www.fabiangiles.com\/V5.1\/wp-content\/uploads\/2025\/04\/Collage-y-francia.jpg 1638w, http:\/\/www.fabiangiles.com\/V5.1\/wp-content\/uploads\/2025\/04\/Collage-y-francia-240x300.jpg 240w, http:\/\/www.fabiangiles.com\/V5.1\/wp-content\/uploads\/2025\/04\/Collage-y-francia-819x1024.jpg 819w, http:\/\/www.fabiangiles.com\/V5.1\/wp-content\/uploads\/2025\/04\/Collage-y-francia-768x960.jpg 768w, http:\/\/www.fabiangiles.com\/V5.1\/wp-content\/uploads\/2025\/04\/Collage-y-francia-1229x1536.jpg 1229w\" sizes=\"auto, (max-width: 767px) 89vw, (max-width: 1000px) 54vw, (max-width: 1071px) 543px, 580px\" \/><\/figure>\n\n\n\n<p><em><strong>Collage and France seen from Mexico<\/strong><br>Collective exhibition.<br>May 11 to June 16, 2024<br>French Alliance, Mexico City, Polanco headquarters.<br>Organized by the Cultural Coordination of the French Alliance, CDMX<br>and Cortar y Pegar 2024 CDMX Collage Festival<\/em><\/p>\n\n\n\n<p><strong>El Collage y Francia vistos desde M\u00e9xico<\/strong><br>Exposici\u00f3n colectiva.<br>11 de mayo al 16 de junio de 2024<br>Alianza Francesa Ciudad de M\u00e9xico sede Polanco.<br>Organizada por Coordinaci\u00f3n Cultural de la Alianza Francesa CDMX<br>y Cortar y Pegar Festival de Collage de la CDMX 2024\u2028<br><em><br><a href=\"https:\/\/www.facebook.com\/photo?fbid=816762083771927&amp;set=a.816765743771561\"><mark style=\"background-color:rgba(0, 0, 0, 0)\" class=\"has-inline-color has-luminous-vivid-orange-color\">https:\/\/www.facebook.com\/photo?fbid=816762083771927&amp;set=a.816765743771561<\/mark><\/a><\/em><\/p>\n\n\n<div class=\"wp-block-image\">\n<figure class=\"aligncenter size-full is-resized\"><img loading=\"lazy\" decoding=\"async\" width=\"562\" height=\"545\" src=\"https:\/\/www.fabiangiles.com\/V5.1\/wp-content\/uploads\/2025\/04\/FABIANGILES2D.png\" alt=\"\" class=\"wp-image-205\" style=\"width:52px;height:auto\" srcset=\"http:\/\/www.fabiangiles.com\/V5.1\/wp-content\/uploads\/2025\/04\/FABIANGILES2D.png 562w, http:\/\/www.fabiangiles.com\/V5.1\/wp-content\/uploads\/2025\/04\/FABIANGILES2D-300x291.png 300w\" sizes=\"auto, (max-width: 562px) 100vw, 562px\" \/><\/figure>\n<\/div>\n\n\n<figure class=\"wp-block-image size-large\"><img loading=\"lazy\" decoding=\"async\" width=\"792\" height=\"1024\" src=\"http:\/\/www.fabiangiles.com\/V5.1\/wp-content\/uploads\/2025\/04\/05-Un-collage-mexicano-792x1024.jpg\" alt=\"\" class=\"wp-image-230\" srcset=\"http:\/\/www.fabiangiles.com\/V5.1\/wp-content\/uploads\/2025\/04\/05-Un-collage-mexicano-792x1024.jpg 792w, http:\/\/www.fabiangiles.com\/V5.1\/wp-content\/uploads\/2025\/04\/05-Un-collage-mexicano-232x300.jpg 232w, http:\/\/www.fabiangiles.com\/V5.1\/wp-content\/uploads\/2025\/04\/05-Un-collage-mexicano-768x994.jpg 768w, http:\/\/www.fabiangiles.com\/V5.1\/wp-content\/uploads\/2025\/04\/05-Un-collage-mexicano-1187x1536.jpg 1187w, http:\/\/www.fabiangiles.com\/V5.1\/wp-content\/uploads\/2025\/04\/05-Un-collage-mexicano.jpg 1583w\" sizes=\"auto, (max-width: 767px) 89vw, (max-width: 1000px) 54vw, (max-width: 1071px) 543px, 580px\" \/><\/figure>\n\n\n\n<p><em><strong>A Mexican collage<\/strong><br>Collective exhibition.<br>July 1 to August 1, 2023<br>FARO de Oriente. Central Gallery<br>Organized by Community Cultural Collectives<br>FAROS Network of Ministry of Culture of Mexico City<br>and collective Cut and Paste inside Mexico City\u2019s Collage Festival 2023<\/em><\/p>\n\n\n\n<p><strong>Un collage mexicano<\/strong><br>Exposici\u00f3n colectiva.<br>1 de julio al 1 de agosto de 2023<br>FARO de Oriente. Galer\u00eda Central<br>Organizada por la Colectivos Culturales Comunitarios<br>y Red de Faros de la Secretar\u00eda de Cultura de la CDMX<br>y el colectivo Cortar y Pegar dentro del marco del Festival<br>de Collage de la CDMX 2023<\/p>\n\n\n\n<p><em><br><a href=\"https:\/\/www.youtube.com\/watch?v=9acx-pZCNfg&amp;t=592s\"><mark style=\"background-color:rgba(0, 0, 0, 0)\" class=\"has-inline-color has-luminous-vivid-orange-color\">https:\/\/www.youtube.com\/watch?v=9acx-pZCNfg&amp;t=592s<\/mark><\/a><\/em><\/p>\n\n\n<div class=\"wp-block-image\">\n<figure class=\"aligncenter size-full is-resized\"><img loading=\"lazy\" decoding=\"async\" width=\"562\" height=\"545\" src=\"https:\/\/www.fabiangiles.com\/V5.1\/wp-content\/uploads\/2025\/04\/FABIANGILES2D.png\" alt=\"\" class=\"wp-image-205\" style=\"width:52px;height:auto\" srcset=\"http:\/\/www.fabiangiles.com\/V5.1\/wp-content\/uploads\/2025\/04\/FABIANGILES2D.png 562w, http:\/\/www.fabiangiles.com\/V5.1\/wp-content\/uploads\/2025\/04\/FABIANGILES2D-300x291.png 300w\" sizes=\"auto, (max-width: 562px) 100vw, 562px\" \/><\/figure>\n<\/div>\n\n\n<figure class=\"wp-block-image size-large\"><img loading=\"lazy\" decoding=\"async\" width=\"1024\" height=\"923\" src=\"http:\/\/www.fabiangiles.com\/V5.1\/wp-content\/uploads\/2025\/04\/04-ARTE-nunca-muere-1024x923.jpg\" alt=\"\" class=\"wp-image-229\" srcset=\"http:\/\/www.fabiangiles.com\/V5.1\/wp-content\/uploads\/2025\/04\/04-ARTE-nunca-muere-1024x923.jpg 1024w, http:\/\/www.fabiangiles.com\/V5.1\/wp-content\/uploads\/2025\/04\/04-ARTE-nunca-muere-300x270.jpg 300w, http:\/\/www.fabiangiles.com\/V5.1\/wp-content\/uploads\/2025\/04\/04-ARTE-nunca-muere-768x692.jpg 768w, http:\/\/www.fabiangiles.com\/V5.1\/wp-content\/uploads\/2025\/04\/04-ARTE-nunca-muere.jpg 1276w\" sizes=\"auto, (max-width: 767px) 89vw, (max-width: 1000px) 54vw, (max-width: 1071px) 543px, 580px\" \/><\/figure>\n\n\n\n<p><em><strong>ART NEVER DIES<\/strong><br>Collective exhibition<br>Organized by Miguel \u00c1ngel Corona<br>November 2022<br>ArteAcci\u00f3n Space<\/em><\/p>\n\n\n\n<p><strong>EL ARTE NUNCA MUERE<\/strong><br>Exhibici\u00f3n colectiva<br>Organizada por Miguel \u00c1ngel Corona<br>Noviembre 2022<br>Espacio ArteAcci\u00f3n<br><em><br><a href=\"https:\/\/www.facebook.com\/share\/p\/14QKtG8jLq\/\">https:\/\/www.facebook.com\/share\/p\/14QKtG8jLq\/<\/a><\/em><\/p>\n\n\n<div class=\"wp-block-image\">\n<figure class=\"aligncenter size-full is-resized\"><img loading=\"lazy\" decoding=\"async\" width=\"562\" height=\"545\" src=\"https:\/\/www.fabiangiles.com\/V5.1\/wp-content\/uploads\/2025\/04\/FABIANGILES2D.png\" alt=\"\" class=\"wp-image-205\" style=\"width:52px;height:auto\" srcset=\"http:\/\/www.fabiangiles.com\/V5.1\/wp-content\/uploads\/2025\/04\/FABIANGILES2D.png 562w, http:\/\/www.fabiangiles.com\/V5.1\/wp-content\/uploads\/2025\/04\/FABIANGILES2D-300x291.png 300w\" sizes=\"auto, (max-width: 562px) 100vw, 562px\" \/><\/figure>\n<\/div>\n\n\n<figure class=\"wp-block-image size-large\"><img loading=\"lazy\" decoding=\"async\" width=\"637\" height=\"1024\" src=\"https:\/\/www.fabiangiles.com\/V5.1\/wp-content\/uploads\/2025\/04\/MailArt-637x1024.jpg\" alt=\"\" class=\"wp-image-496\" srcset=\"http:\/\/www.fabiangiles.com\/V5.1\/wp-content\/uploads\/2025\/04\/MailArt-637x1024.jpg 637w, http:\/\/www.fabiangiles.com\/V5.1\/wp-content\/uploads\/2025\/04\/MailArt-187x300.jpg 187w, http:\/\/www.fabiangiles.com\/V5.1\/wp-content\/uploads\/2025\/04\/MailArt-768x1235.jpg 768w, http:\/\/www.fabiangiles.com\/V5.1\/wp-content\/uploads\/2025\/04\/MailArt.jpg 933w\" sizes=\"auto, (max-width: 637px) 100vw, 637px\" \/><\/figure>\n\n\n\n<p><em><strong>MAIL ART PROJECT<\/strong><br>Organized by Photoxyde<br>Sept 2022<br>Wattignies, France<\/em><\/p>\n\n\n\n<p><strong>MAIL ART PROJECT<\/strong><br>Organizado por Photoxyde<br>Septiembre 2022<br>Wattignies, Francia<br><em><br><\/em><a href=\"https:\/\/www.facebook.com\/photo?fbid=809857690057876&amp;set=a.459937628383219\"><mark style=\"background-color:rgba(0, 0, 0, 0)\" class=\"has-inline-color has-luminous-vivid-orange-color\">https:\/\/www.facebook.com\/photo?fbid=809857690057876&amp;set=a.459937628383219<\/mark><\/a><\/p>\n\n\n<div class=\"wp-block-image\">\n<figure class=\"aligncenter size-full is-resized\"><img loading=\"lazy\" decoding=\"async\" width=\"562\" height=\"545\" src=\"https:\/\/www.fabiangiles.com\/V5.1\/wp-content\/uploads\/2025\/04\/FABIANGILES2D.png\" alt=\"\" class=\"wp-image-205\" style=\"width:52px;height:auto\" srcset=\"http:\/\/www.fabiangiles.com\/V5.1\/wp-content\/uploads\/2025\/04\/FABIANGILES2D.png 562w, http:\/\/www.fabiangiles.com\/V5.1\/wp-content\/uploads\/2025\/04\/FABIANGILES2D-300x291.png 300w\" sizes=\"auto, (max-width: 562px) 100vw, 562px\" \/><\/figure>\n<\/div>\n\n\n<figure class=\"wp-block-image size-large\"><img loading=\"lazy\" decoding=\"async\" width=\"791\" height=\"1024\" src=\"http:\/\/www.fabiangiles.com\/V5.1\/wp-content\/uploads\/2025\/04\/03-STARS-791x1024.jpg\" alt=\"\" class=\"wp-image-227\" srcset=\"http:\/\/www.fabiangiles.com\/V5.1\/wp-content\/uploads\/2025\/04\/03-STARS-791x1024.jpg 791w, http:\/\/www.fabiangiles.com\/V5.1\/wp-content\/uploads\/2025\/04\/03-STARS-232x300.jpg 232w, http:\/\/www.fabiangiles.com\/V5.1\/wp-content\/uploads\/2025\/04\/03-STARS-768x994.jpg 768w, http:\/\/www.fabiangiles.com\/V5.1\/wp-content\/uploads\/2025\/04\/03-STARS-1187x1536.jpg 1187w, http:\/\/www.fabiangiles.com\/V5.1\/wp-content\/uploads\/2025\/04\/03-STARS.jpg 1482w\" sizes=\"auto, (max-width: 767px) 89vw, (max-width: 1000px) 54vw, (max-width: 1071px) 543px, 580px\" \/><\/figure>\n\n\n\n<p><em><strong>STARS \/ Estrellas<\/strong><br>Online exhibition<br>June 2021 &#8211; December 2021<br>Saatchi Art Gallery<\/em><\/p>\n\n\n\n<p><strong>STARS \/ Estrellas<\/strong><br>Exhibici\u00f3n en l\u00ednea<br>Junio 2021 \u2013 Diciembre 2021<br>Saatchi Art Gallery<br><em><br><a href=\"https:\/\/www.saatchiart.com\/en-mx\/art-collection\/collage-mixed-media-photography\/STARS-ESTRELLAS\/554617\/106449\/view\"><mark style=\"background-color:rgba(0, 0, 0, 0)\" class=\"has-inline-color has-luminous-vivid-orange-color\">https:\/\/www.saatchiart.com\/en-mx\/art-collection\/collage-mixed-media-photography\/STARS-ESTRELLAS\/554617\/106449\/view<\/mark><\/a><\/em><\/p>\n\n\n<div class=\"wp-block-image\">\n<figure class=\"aligncenter size-full is-resized\"><img loading=\"lazy\" decoding=\"async\" width=\"562\" height=\"545\" src=\"https:\/\/www.fabiangiles.com\/V5.1\/wp-content\/uploads\/2025\/04\/FABIANGILES2D.png\" alt=\"\" class=\"wp-image-205\" style=\"width:52px;height:auto\" srcset=\"http:\/\/www.fabiangiles.com\/V5.1\/wp-content\/uploads\/2025\/04\/FABIANGILES2D.png 562w, http:\/\/www.fabiangiles.com\/V5.1\/wp-content\/uploads\/2025\/04\/FABIANGILES2D-300x291.png 300w\" sizes=\"auto, (max-width: 562px) 100vw, 562px\" \/><\/figure>\n<\/div>\n\n\n<figure class=\"wp-block-image size-full\"><img loading=\"lazy\" decoding=\"async\" width=\"700\" height=\"1023\" src=\"https:\/\/www.fabiangiles.com\/V5.1\/wp-content\/uploads\/2025\/04\/World-Collage-Day-2021-Poster.jpg\" alt=\"\" class=\"wp-image-501\" srcset=\"http:\/\/www.fabiangiles.com\/V5.1\/wp-content\/uploads\/2025\/04\/World-Collage-Day-2021-Poster.jpg 700w, http:\/\/www.fabiangiles.com\/V5.1\/wp-content\/uploads\/2025\/04\/World-Collage-Day-2021-Poster-205x300.jpg 205w\" sizes=\"auto, (max-width: 700px) 100vw, 700px\" \/><\/figure>\n\n\n\n<p><\/p>\n\n\n\n<p><em><strong>BLUE BLEU<\/strong><br>Organized by Quebec Collage<br>Apr. -May 2021<br>Virtual exhibition<\/em><\/p>\n\n\n\n<p><strong>BLUE BLEU<\/strong><br>Organizado por Quebec Collage<br>Abril \u2013 Mayo 2021<br>Exhibici\u00f3n virtual<br><\/p>\n\n\n\n<p><a href=\"http:\/\/quebeccollage.com\/en\/projects\/blue-world-collage-day-2021\/\"><mark style=\"background-color:rgba(0, 0, 0, 0)\" class=\"has-inline-color has-luminous-vivid-orange-color\">http:\/\/quebeccollage.com\/en\/projects\/blue-world-collage-day-2021\/<\/mark><\/a><em><mark style=\"background-color:rgba(0, 0, 0, 0)\" class=\"has-inline-color has-luminous-vivid-orange-color\"><br><\/mark><a href=\"https:\/\/www.instagram.com\/p\/COn4FlDHnqK\/?utm_source=ig_web_copy_link\"><mark style=\"background-color:rgba(0, 0, 0, 0)\" class=\"has-inline-color has-luminous-vivid-orange-color\">https:\/\/www.instagram.com\/p\/COn4FlDHnqK\/?utm_source=ig_web_copy_link<\/mark><\/a><\/em><\/p>\n\n\n<div class=\"wp-block-image\">\n<figure class=\"aligncenter size-full is-resized\"><img loading=\"lazy\" decoding=\"async\" width=\"562\" height=\"545\" src=\"https:\/\/www.fabiangiles.com\/V5.1\/wp-content\/uploads\/2025\/04\/FABIANGILES2D.png\" alt=\"\" class=\"wp-image-205\" style=\"width:52px;height:auto\" srcset=\"http:\/\/www.fabiangiles.com\/V5.1\/wp-content\/uploads\/2025\/04\/FABIANGILES2D.png 562w, http:\/\/www.fabiangiles.com\/V5.1\/wp-content\/uploads\/2025\/04\/FABIANGILES2D-300x291.png 300w\" sizes=\"auto, (max-width: 562px) 100vw, 562px\" \/><\/figure>\n<\/div>\n\n\n<figure class=\"wp-block-image size-large\"><img loading=\"lazy\" decoding=\"async\" width=\"768\" height=\"1024\" src=\"https:\/\/www.fabiangiles.com\/V5.1\/wp-content\/uploads\/2025\/04\/Enfrascados-768x1024.jpg\" alt=\"\" class=\"wp-image-488\" srcset=\"http:\/\/www.fabiangiles.com\/V5.1\/wp-content\/uploads\/2025\/04\/Enfrascados-768x1024.jpg 768w, http:\/\/www.fabiangiles.com\/V5.1\/wp-content\/uploads\/2025\/04\/Enfrascados-225x300.jpg 225w, http:\/\/www.fabiangiles.com\/V5.1\/wp-content\/uploads\/2025\/04\/Enfrascados-1152x1536.jpg 1152w, http:\/\/www.fabiangiles.com\/V5.1\/wp-content\/uploads\/2025\/04\/Enfrascados-1536x2048.jpg 1536w, http:\/\/www.fabiangiles.com\/V5.1\/wp-content\/uploads\/2025\/04\/Enfrascados-scaled.jpg 1920w\" sizes=\"auto, (max-width: 767px) 89vw, (max-width: 1000px) 54vw, (max-width: 1071px) 543px, 580px\" \/><\/figure>\n\n\n\n<p><em><strong>ENFRASCADOS<\/strong><br>Organized by Red Collage Venezuela<br>April -May 2021<br>Virtual exhibition<\/em><\/p>\n\n\n\n<p><em><strong>ENFRASCADOS<\/strong><br>Organizado porRed Collage Venezuela<br>Abril -Mayo 2021<\/em><br><em>Exhibici\u00f3nVirtual<br><br><a href=\"https:\/\/www.instagram.com\/p\/COh96CfB5YZ\/?utm_source=ig_web_copy_link\"><mark style=\"background-color:rgba(0, 0, 0, 0)\" class=\"has-inline-color has-luminous-vivid-orange-color\">https:\/\/www.instagram.com\/p\/COh96CfB5YZ\/?utm_source=ig_web_copy_link<\/mark><\/a><\/em><\/p>\n\n\n<div class=\"wp-block-image\">\n<figure class=\"aligncenter size-full is-resized\"><img loading=\"lazy\" decoding=\"async\" width=\"562\" height=\"545\" src=\"https:\/\/www.fabiangiles.com\/V5.1\/wp-content\/uploads\/2025\/04\/FABIANGILES2D.png\" alt=\"\" class=\"wp-image-205\" style=\"width:52px;height:auto\" srcset=\"http:\/\/www.fabiangiles.com\/V5.1\/wp-content\/uploads\/2025\/04\/FABIANGILES2D.png 562w, http:\/\/www.fabiangiles.com\/V5.1\/wp-content\/uploads\/2025\/04\/FABIANGILES2D-300x291.png 300w\" sizes=\"auto, (max-width: 562px) 100vw, 562px\" \/><\/figure>\n<\/div>\n\n\n<figure class=\"wp-block-image size-full\"><img loading=\"lazy\" decoding=\"async\" width=\"761\" height=\"1000\" src=\"https:\/\/www.fabiangiles.com\/V5.1\/wp-content\/uploads\/2025\/04\/Februllage-2021.jpg\" alt=\"\" class=\"wp-image-481\" srcset=\"http:\/\/www.fabiangiles.com\/V5.1\/wp-content\/uploads\/2025\/04\/Februllage-2021.jpg 761w, http:\/\/www.fabiangiles.com\/V5.1\/wp-content\/uploads\/2025\/04\/Februllage-2021-228x300.jpg 228w\" sizes=\"auto, (max-width: 706px) 89vw, (max-width: 767px) 82vw, 740px\" \/><\/figure>\n\n\n\n<p><em><strong>FEBRULLAGE 2021<\/strong><br>Organized by freegar.net<br>Feb. 2021<br>Virtual exhibition on Saatchi Art<\/em><\/p>\n\n\n\n<p><strong>FEBRULLAGE 2021<\/strong><br>Organizado por freegar.net<br>Febrero. 2021<br>Exhibici\u00f3n virtual en Saatchi Art<\/p>\n\n\n\n<p><em><br><a href=\"https:\/\/www.saatchiart.com\/art-collection\/new-media\/Februllage-2021\/554617\/412589\/view\"><mark style=\"background-color:rgba(0, 0, 0, 0)\" class=\"has-inline-color has-luminous-vivid-orange-color\">https:\/\/www.saatchiart.com\/art-collection\/new-media\/Februllage-2021\/554617\/412589\/view<\/mark><\/a><\/em><\/p>\n\n\n<div class=\"wp-block-image\">\n<figure class=\"aligncenter size-full is-resized\"><img loading=\"lazy\" decoding=\"async\" width=\"562\" height=\"545\" src=\"https:\/\/www.fabiangiles.com\/V5.1\/wp-content\/uploads\/2025\/04\/FABIANGILES2D.png\" alt=\"\" class=\"wp-image-205\" style=\"width:52px;height:auto\" srcset=\"http:\/\/www.fabiangiles.com\/V5.1\/wp-content\/uploads\/2025\/04\/FABIANGILES2D.png 562w, http:\/\/www.fabiangiles.com\/V5.1\/wp-content\/uploads\/2025\/04\/FABIANGILES2D-300x291.png 300w\" sizes=\"auto, (max-width: 562px) 100vw, 562px\" \/><\/figure>\n<\/div>\n\n\n<figure class=\"wp-block-image size-large\"><img loading=\"lazy\" decoding=\"async\" width=\"784\" height=\"1024\" src=\"http:\/\/www.fabiangiles.com\/V5.1\/wp-content\/uploads\/2025\/04\/02-ARCANES-MAJEURS-784x1024.jpg\" alt=\"\" class=\"wp-image-228\" srcset=\"http:\/\/www.fabiangiles.com\/V5.1\/wp-content\/uploads\/2025\/04\/02-ARCANES-MAJEURS-784x1024.jpg 784w, http:\/\/www.fabiangiles.com\/V5.1\/wp-content\/uploads\/2025\/04\/02-ARCANES-MAJEURS-230x300.jpg 230w, http:\/\/www.fabiangiles.com\/V5.1\/wp-content\/uploads\/2025\/04\/02-ARCANES-MAJEURS-768x1003.jpg 768w, http:\/\/www.fabiangiles.com\/V5.1\/wp-content\/uploads\/2025\/04\/02-ARCANES-MAJEURS-1176x1536.jpg 1176w, http:\/\/www.fabiangiles.com\/V5.1\/wp-content\/uploads\/2025\/04\/02-ARCANES-MAJEURS.jpg 1334w\" sizes=\"auto, (max-width: 767px) 89vw, (max-width: 1000px) 54vw, (max-width: 1071px) 543px, 580px\" \/><\/figure>\n\n\n\n<p><em><strong>ARCANES MAJEURS<\/strong><br>Organized by freegar.net<br>Aug. 2020 &#8211; Feb. 2021<br>Virtual exhibition on Saatchi Art<\/em><\/p>\n\n\n\n<p><strong>ARCANES MAJEURS<\/strong> (Arcanos Mayores)<br>Organizado por freegar.net<br>Agosto 2020 \u2013 Febrero 2021<br>Exhibici\u00f3n virtual en Saatchi Art<\/p>\n\n\n\n<p><em><br><a href=\"https:\/\/www.saatchiart.com\/art-collection\/photography\/Arcanes-Majeurs\/554617\/387312\/view\"><mark style=\"background-color:rgba(0, 0, 0, 0)\" class=\"has-inline-color has-luminous-vivid-orange-color\">https:\/\/www.saatchiart.com\/art-collection\/photography\/Arcanes-Majeurs\/554617\/387312\/view<\/mark><\/a><\/em><\/p>\n\n\n<div class=\"wp-block-image\">\n<figure class=\"aligncenter size-full is-resized\"><img loading=\"lazy\" decoding=\"async\" width=\"562\" height=\"545\" src=\"https:\/\/www.fabiangiles.com\/V5.1\/wp-content\/uploads\/2025\/04\/FABIANGILES2D.png\" alt=\"\" class=\"wp-image-205\" style=\"width:52px;height:auto\" srcset=\"http:\/\/www.fabiangiles.com\/V5.1\/wp-content\/uploads\/2025\/04\/FABIANGILES2D.png 562w, http:\/\/www.fabiangiles.com\/V5.1\/wp-content\/uploads\/2025\/04\/FABIANGILES2D-300x291.png 300w\" sizes=\"auto, (max-width: 562px) 100vw, 562px\" \/><\/figure>\n<\/div>\n\n\n<figure class=\"wp-block-image size-full\"><img loading=\"lazy\" decoding=\"async\" width=\"766\" height=\"960\" src=\"http:\/\/www.fabiangiles.com\/V5.1\/wp-content\/uploads\/2025\/04\/01-POP-ART-IS-NOT-DEAD.jpg\" alt=\"\" class=\"wp-image-225\" srcset=\"http:\/\/www.fabiangiles.com\/V5.1\/wp-content\/uploads\/2025\/04\/01-POP-ART-IS-NOT-DEAD.jpg 766w, http:\/\/www.fabiangiles.com\/V5.1\/wp-content\/uploads\/2025\/04\/01-POP-ART-IS-NOT-DEAD-239x300.jpg 239w\" sizes=\"auto, (max-width: 706px) 89vw, (max-width: 767px) 82vw, 740px\" \/><\/figure>\n\n\n\n<p><em><strong>POP ART IS NOT DEAD<\/strong><br>Organized by freegar.net<br>Sep 2020 &#8211; Feb. 2021<br>Virtual exhibition on Saatchi Art<\/em><\/p>\n\n\n\n<p><strong>POP ART IS NOT DEAD<\/strong><br>Organizado por freegar.net<br>Septiembre2020 \u2013 Febrero 2021<br>Exhibici\u00f3n virtual en Saatchi Art<br><em><br><a href=\"https:\/\/www.saatchiart.com\/art-collection\/new-media-photography-collage\/Pop-Art-is-NOT-dead\/1544619\/374787\/view\"><mark style=\"background-color:rgba(0, 0, 0, 0)\" class=\"has-inline-color has-luminous-vivid-orange-color\">https:\/\/www.saatchiart.com\/art-collection\/new-media-photography-collage\/Pop-Art-is-NOT-dead\/1544619\/374787\/view<\/mark><\/a><\/em><\/p>\n\n\n<div class=\"wp-block-image\">\n<figure class=\"aligncenter size-full is-resized\"><img loading=\"lazy\" decoding=\"async\" width=\"562\" height=\"545\" src=\"https:\/\/www.fabiangiles.com\/V5.1\/wp-content\/uploads\/2025\/04\/FABIANGILES2D.png\" alt=\"\" class=\"wp-image-205\" style=\"width:52px;height:auto\" srcset=\"http:\/\/www.fabiangiles.com\/V5.1\/wp-content\/uploads\/2025\/04\/FABIANGILES2D.png 562w, http:\/\/www.fabiangiles.com\/V5.1\/wp-content\/uploads\/2025\/04\/FABIANGILES2D-300x291.png 300w\" sizes=\"auto, (max-width: 562px) 100vw, 562px\" \/><\/figure>\n<\/div>","protected":false},"excerpt":{"rendered":"<p>Recents exhibitions about COLLAGE art \/Exposiciones recientes sobre el arte del COLLAGE \u201cTRUMP ASS\u201dVIRTUAL exhibitionJanuary 4 to May 9, 2026Saatchi ArtOrganized by Freegar.net \u201cTRUMP ASS\u201dExposici\u00f3n VIRTUALEnero 4 a Mayo 9, 2026Saatchi ArtOrganizada por Freegar.net https:\/\/www.saatchiart.com\/en-mx\/art-collection\/TRUMP-ass\/1544619\/369481\/view \u201cMADE IN MEXICO\u201dCollective exhibitionSeptember 11 to Octubre 5, 2025Aguafuerte GalleryOrganized by Israel Alvarado \u201cHECHO EN M\u00c9XICO\u201dExposici\u00f3n colectivaSeptiembre 11 a Octubre &hellip; <\/p>\n<p class=\"link-more\"><a href=\"http:\/\/www.fabiangiles.com\/V5.1\/collage\/expo\/\" class=\"more-link\">Continue reading<span class=\"screen-reader-text\"> &#8220;EXPOS&#8221;<\/span><\/a><\/p>\n","protected":false},"author":1,"featured_media":0,"parent":34,"menu_order":0,"comment_status":"closed","ping_status":"closed","template":"","meta":{"footnotes":""},"class_list":["post-239","page","type-page","status-publish","hentry"],"_links":{"self":[{"href":"http:\/\/www.fabiangiles.com\/V5.1\/wp-json\/wp\/v2\/pages\/239","targetHints":{"allow":["GET"]}}],"collection":[{"href":"http:\/\/www.fabiangiles.com\/V5.1\/wp-json\/wp\/v2\/pages"}],"about":[{"href":"http:\/\/www.fabiangiles.com\/V5.1\/wp-json\/wp\/v2\/types\/page"}],"author":[{"embeddable":true,"href":"http:\/\/www.fabiangiles.com\/V5.1\/wp-json\/wp\/v2\/users\/1"}],"replies":[{"embeddable":true,"href":"http:\/\/www.fabiangiles.com\/V5.1\/wp-json\/wp\/v2\/comments?post=239"}],"version-history":[{"count":95,"href":"http:\/\/www.fabiangiles.com\/V5.1\/wp-json\/wp\/v2\/pages\/239\/revisions"}],"predecessor-version":[{"id":2014,"href":"http:\/\/www.fabiangiles.com\/V5.1\/wp-json\/wp\/v2\/pages\/239\/revisions\/2014"}],"up":[{"embeddable":true,"href":"http:\/\/www.fabiangiles.com\/V5.1\/wp-json\/wp\/v2\/pages\/34"}],"wp:attachment":[{"href":"http:\/\/www.fabiangiles.com\/V5.1\/wp-json\/wp\/v2\/media?parent=239"}],"curies":[{"name":"wp","href":"https:\/\/api.w.org\/{rel}","templated":true}]}}