{"id":1837,"date":"2026-01-14T01:03:48","date_gmt":"2026-01-14T01:03:48","guid":{"rendered":"https:\/\/www.fabiangiles.com\/V5.1\/?page_id=1837"},"modified":"2026-01-14T01:03:48","modified_gmt":"2026-01-14T01:03:48","slug":"2025-2","status":"publish","type":"page","link":"https:\/\/www.fabiangiles.com\/V5.1\/2025-2\/","title":{"rendered":"2025"},"content":{"rendered":"\n<figure class=\"wp-block-image size-large\"><img loading=\"lazy\" decoding=\"async\" width=\"1024\" height=\"711\" src=\"https:\/\/www.fabiangiles.com\/V5.1\/wp-content\/uploads\/2025\/12\/FELICES-FIESTAS-2025-horizontal-1024x711.jpg\" alt=\"\" class=\"wp-image-1808\" srcset=\"https:\/\/www.fabiangiles.com\/V5.1\/wp-content\/uploads\/2025\/12\/FELICES-FIESTAS-2025-horizontal-1024x711.jpg 1024w, https:\/\/www.fabiangiles.com\/V5.1\/wp-content\/uploads\/2025\/12\/FELICES-FIESTAS-2025-horizontal-300x208.jpg 300w, https:\/\/www.fabiangiles.com\/V5.1\/wp-content\/uploads\/2025\/12\/FELICES-FIESTAS-2025-horizontal-768x533.jpg 768w, https:\/\/www.fabiangiles.com\/V5.1\/wp-content\/uploads\/2025\/12\/FELICES-FIESTAS-2025-horizontal-1536x1066.jpg 1536w, https:\/\/www.fabiangiles.com\/V5.1\/wp-content\/uploads\/2025\/12\/FELICES-FIESTAS-2025-horizontal-2048x1422.jpg 2048w\" sizes=\"auto, (max-width: 767px) 89vw, (max-width: 1000px) 54vw, (max-width: 1071px) 543px, 580px\" \/><\/figure>\n\n\n<div class=\"wp-block-image\">\n<figure class=\"aligncenter is-resized\"><img decoding=\"async\" src=\"http:\/\/www.fabiangiles.com\/V5.1\/wp-content\/uploads\/2025\/04\/FABIANGILES2D.png\" alt=\"This image has an empty alt attribute; its file name is FABIANGILES2D.png\" style=\"aspect-ratio:1.0312231272011272;width:52px;height:auto\"\/><\/figure>\n<\/div>\n\n\n<p><strong><mark style=\"background-color:rgba(0, 0, 0, 0)\" class=\"has-inline-color has-luminous-vivid-orange-color\">COLLAGE \/ EBOOKS<\/mark><\/strong> <\/p>\n\n\n\n<p><em><strong><mark style=\"background-color:rgba(0, 0, 0, 0)\" class=\"has-inline-color has-black-color\">Now <\/mark><\/strong><mark style=\"background-color:rgba(0, 0, 0, 0)\" class=\"has-inline-color has-vivid-cyan-blue-color\">is available Digital Memory of <\/mark> <a href=\"https:\/\/www.instagram.com\/p\/DSShFNlDPjd\/\"><mark style=\"background-color:rgba(0, 0, 0, 0)\" class=\"has-inline-color has-luminous-vivid-orange-color\"><\/mark><\/a><a href=\"https:\/\/www.cortarypegarfestival.com\/.cm4all\/mediadb\/2025\/Cortar%20y%20Pegar%20Festival%20de%20Collage%20de%20la%20CDMX%202025_compressed.pdf\"><mark style=\"background-color:rgba(0, 0, 0, 0)\" class=\"has-inline-color has-luminous-vivid-orange-color\">Cortar y Pegar Festival de Collage de la CDMX<\/mark><\/a><\/em>  (Cut and Paste Mexico City\u00b4s Collage Festival)  on  <strong>Apple Books<\/strong>, <strong>Amazon Kindle<\/strong> &amp; <strong>Google Play<\/strong>.<\/p>\n\n\n\n<p><strong>Ahora <\/strong>est\u00e1 disponible la Memoria Digital del <a href=\"https:\/\/www.cortarypegarfestival.com\/.cm4all\/mediadb\/2025\/Cortar%20y%20Pegar%20Festival%20de%20Collage%20de%20la%20CDMX%202025_compressed.pdf\"><mark style=\"background-color:rgba(0, 0, 0, 0)\" class=\"has-inline-color has-luminous-vivid-orange-color\">Cortar y Pegar Festival de Collage de la CDMX<\/mark> <\/a>en  <strong>Apple Books<\/strong>, <strong>Amazon Kindle<\/strong> y <strong>Google Play<\/strong>.<\/p>\n\n\n\n<figure class=\"wp-block-image size-full\"><a href=\"https:\/\/www.cortarypegarfestival.com\/.cm4all\/mediadb\/2025\/Cortar%20y%20Pegar%20Festival%20de%20Collage%20de%20la%20CDMX%202025_compressed.pdf\" target=\"_blank\" rel=\" noreferrer noopener\"><img loading=\"lazy\" decoding=\"async\" width=\"720\" height=\"920\" src=\"https:\/\/www.fabiangiles.com\/V5.1\/wp-content\/uploads\/2025\/12\/MemoriaDigital2025.jpg\" alt=\"\" class=\"wp-image-1783\" srcset=\"https:\/\/www.fabiangiles.com\/V5.1\/wp-content\/uploads\/2025\/12\/MemoriaDigital2025.jpg 720w, https:\/\/www.fabiangiles.com\/V5.1\/wp-content\/uploads\/2025\/12\/MemoriaDigital2025-235x300.jpg 235w\" sizes=\"auto, (max-width: 720px) 100vw, 720px\" \/><\/a><\/figure>\n\n\n<div class=\"wp-block-image\">\n<figure class=\"aligncenter is-resized\"><img decoding=\"async\" src=\"http:\/\/www.fabiangiles.com\/V5.1\/wp-content\/uploads\/2025\/04\/FABIANGILES2D.png\" alt=\"This image has an empty alt attribute; its file name is FABIANGILES2D.png\" style=\"aspect-ratio:1.0312231272011272;width:52px;height:auto\"\/><\/figure>\n<\/div>\n\n\n<p><strong><mark style=\"background-color:rgba(0, 0, 0, 0)\" class=\"has-inline-color has-luminous-vivid-orange-color\">COLLAGE<\/mark><\/strong><br><br><em><strong><mark style=\"background-color:rgba(0, 0, 0, 0)\" class=\"has-inline-color has-black-color\">Suave Patria 1 y 3<\/mark><\/strong><mark style=\"background-color:rgba(0, 0, 0, 0)\" class=\"has-inline-color has-vivid-cyan-blue-color\">, has been selected and appear in 2026 Collage Artists Calendar and Collage edition of <\/mark> <a href=\"https:\/\/www.instagram.com\/p\/DSShFNlDPjd\/\"><mark style=\"background-color:rgba(0, 0, 0, 0)\" class=\"has-inline-color has-luminous-vivid-orange-color\">ARTEA <\/mark><\/a><mark style=\"background-color:rgba(0, 0, 0, 0)\" class=\"has-inline-color has-luminous-vivid-orange-color\"><a href=\"https:\/\/www.instagram.com\/p\/DSShFNlDPjd\/\">fanzine<\/a><\/mark> from Spain.<\/em> \/<br><br><strong>Suave Patria 1<\/strong> <strong>y 3<\/strong>,<mark style=\"background-color:rgba(0, 0, 0, 0)\" class=\"has-inline-color has-vivid-cyan-blue-color\"><\/mark> han sido seleccionadas y aparecen el Calendario 2026 de Artistas de Collage y la edici\u00f3n sobre Collage del <a href=\"https:\/\/www.instagram.com\/p\/DSShFNlDPjd\/\">fanzine <mark style=\"background-color:rgba(0, 0, 0, 0)\" class=\"has-inline-color has-luminous-vivid-orange-color\">ARTEA<\/mark><\/a> desde Espa\u00f1a.<\/p>\n\n\n\n<p><\/p>\n\n\n\n<figure class=\"wp-block-image size-full is-resized\"><img loading=\"lazy\" decoding=\"async\" width=\"629\" height=\"458\" src=\"https:\/\/www.fabiangiles.com\/V5.1\/wp-content\/uploads\/2025\/12\/Artea.png\" alt=\"\" class=\"wp-image-1813\" style=\"width:674px;height:auto\" srcset=\"https:\/\/www.fabiangiles.com\/V5.1\/wp-content\/uploads\/2025\/12\/Artea.png 629w, https:\/\/www.fabiangiles.com\/V5.1\/wp-content\/uploads\/2025\/12\/Artea-300x218.png 300w\" sizes=\"auto, (max-width: 629px) 100vw, 629px\" \/><\/figure>\n\n\n\n<figure class=\"wp-block-image size-large\"><a href=\"https:\/\/www.instagram.com\/p\/DSShFNlDPjd\/\"><img loading=\"lazy\" decoding=\"async\" width=\"612\" height=\"1024\" src=\"https:\/\/www.fabiangiles.com\/V5.1\/wp-content\/uploads\/2025\/12\/CalendarioCollage2026-612x1024.jpeg\" alt=\"\" class=\"wp-image-1798\" srcset=\"https:\/\/www.fabiangiles.com\/V5.1\/wp-content\/uploads\/2025\/12\/CalendarioCollage2026-612x1024.jpeg 612w, https:\/\/www.fabiangiles.com\/V5.1\/wp-content\/uploads\/2025\/12\/CalendarioCollage2026-179x300.jpeg 179w, https:\/\/www.fabiangiles.com\/V5.1\/wp-content\/uploads\/2025\/12\/CalendarioCollage2026-768x1285.jpeg 768w, https:\/\/www.fabiangiles.com\/V5.1\/wp-content\/uploads\/2025\/12\/CalendarioCollage2026-918x1536.jpeg 918w, https:\/\/www.fabiangiles.com\/V5.1\/wp-content\/uploads\/2025\/12\/CalendarioCollage2026.jpeg 1077w\" sizes=\"auto, (max-width: 612px) 100vw, 612px\" \/><\/a><\/figure>\n\n\n\n<div class=\"wp-block-columns is-layout-flex wp-container-core-columns-is-layout-9d6595d7 wp-block-columns-is-layout-flex\">\n<div class=\"wp-block-column is-layout-flow wp-block-column-is-layout-flow\">\n<figure class=\"wp-block-image size-full\"><img loading=\"lazy\" decoding=\"async\" width=\"1984\" height=\"2560\" src=\"http:\/\/www.fabiangiles.com\/V5.1\/wp-content\/uploads\/2025\/04\/1-SuavePatria-1-Collage-FabianGiles-scaled.jpg\" alt=\"\" class=\"wp-image-148\" srcset=\"https:\/\/www.fabiangiles.com\/V5.1\/wp-content\/uploads\/2025\/04\/1-SuavePatria-1-Collage-FabianGiles-scaled.jpg 1984w, https:\/\/www.fabiangiles.com\/V5.1\/wp-content\/uploads\/2025\/04\/1-SuavePatria-1-Collage-FabianGiles-233x300.jpg 233w, https:\/\/www.fabiangiles.com\/V5.1\/wp-content\/uploads\/2025\/04\/1-SuavePatria-1-Collage-FabianGiles-794x1024.jpg 794w, https:\/\/www.fabiangiles.com\/V5.1\/wp-content\/uploads\/2025\/04\/1-SuavePatria-1-Collage-FabianGiles-768x991.jpg 768w, https:\/\/www.fabiangiles.com\/V5.1\/wp-content\/uploads\/2025\/04\/1-SuavePatria-1-Collage-FabianGiles-1191x1536.jpg 1191w, https:\/\/www.fabiangiles.com\/V5.1\/wp-content\/uploads\/2025\/04\/1-SuavePatria-1-Collage-FabianGiles-1588x2048.jpg 1588w\" sizes=\"auto, (max-width: 767px) 89vw, (max-width: 1000px) 54vw, (max-width: 1071px) 543px, 580px\" \/><\/figure>\n<\/div>\n\n\n\n<div class=\"wp-block-column is-layout-flow wp-block-column-is-layout-flow\">\n<figure class=\"wp-block-image size-large\"><img loading=\"lazy\" decoding=\"async\" width=\"795\" height=\"1024\" src=\"http:\/\/www.fabiangiles.com\/V5.1\/wp-content\/uploads\/2025\/04\/3-SuavePatria-3-Collage-FabianGiles-795x1024.jpg\" alt=\"\" class=\"wp-image-150\" srcset=\"https:\/\/www.fabiangiles.com\/V5.1\/wp-content\/uploads\/2025\/04\/3-SuavePatria-3-Collage-FabianGiles-795x1024.jpg 795w, https:\/\/www.fabiangiles.com\/V5.1\/wp-content\/uploads\/2025\/04\/3-SuavePatria-3-Collage-FabianGiles-233x300.jpg 233w, https:\/\/www.fabiangiles.com\/V5.1\/wp-content\/uploads\/2025\/04\/3-SuavePatria-3-Collage-FabianGiles-768x989.jpg 768w, https:\/\/www.fabiangiles.com\/V5.1\/wp-content\/uploads\/2025\/04\/3-SuavePatria-3-Collage-FabianGiles-1193x1536.jpg 1193w, https:\/\/www.fabiangiles.com\/V5.1\/wp-content\/uploads\/2025\/04\/3-SuavePatria-3-Collage-FabianGiles-1591x2048.jpg 1591w, https:\/\/www.fabiangiles.com\/V5.1\/wp-content\/uploads\/2025\/04\/3-SuavePatria-3-Collage-FabianGiles-scaled.jpg 1988w\" sizes=\"auto, (max-width: 767px) 89vw, (max-width: 1000px) 54vw, (max-width: 1071px) 543px, 580px\" \/><\/figure>\n<\/div>\n<\/div>\n\n\n\n<figure class=\"wp-block-image size-large\"><img loading=\"lazy\" decoding=\"async\" width=\"774\" height=\"1024\" src=\"https:\/\/www.fabiangiles.com\/V5.1\/wp-content\/uploads\/2025\/12\/InspiracIonCollageII-774x1024.jpg\" alt=\"\" class=\"wp-image-1811\" srcset=\"https:\/\/www.fabiangiles.com\/V5.1\/wp-content\/uploads\/2025\/12\/InspiracIonCollageII-774x1024.jpg 774w, https:\/\/www.fabiangiles.com\/V5.1\/wp-content\/uploads\/2025\/12\/InspiracIonCollageII-227x300.jpg 227w, https:\/\/www.fabiangiles.com\/V5.1\/wp-content\/uploads\/2025\/12\/InspiracIonCollageII-768x1016.jpg 768w, https:\/\/www.fabiangiles.com\/V5.1\/wp-content\/uploads\/2025\/12\/InspiracIonCollageII.jpg 1002w\" sizes=\"auto, (max-width: 767px) 89vw, (max-width: 1000px) 54vw, (max-width: 1071px) 543px, 580px\" \/><\/figure>\n\n\n<div class=\"wp-block-image\">\n<figure class=\"aligncenter size-full is-resized\"><img loading=\"lazy\" decoding=\"async\" width=\"562\" height=\"545\" src=\"http:\/\/www.fabiangiles.com\/V5.1\/wp-content\/uploads\/2025\/04\/FABIANGILES2D.png\" alt=\"\" class=\"wp-image-205\" style=\"width:52px;height:auto\" srcset=\"https:\/\/www.fabiangiles.com\/V5.1\/wp-content\/uploads\/2025\/04\/FABIANGILES2D.png 562w, https:\/\/www.fabiangiles.com\/V5.1\/wp-content\/uploads\/2025\/04\/FABIANGILES2D-300x291.png 300w\" sizes=\"auto, (max-width: 562px) 100vw, 562px\" \/><\/figure>\n<\/div>\n\n\n<p><strong><mark style=\"background-color:rgba(0, 0, 0, 0)\" class=\"has-inline-color has-luminous-vivid-orange-color\">COLLAGE<\/mark><\/strong><\/p>\n\n\n\n<p><mark style=\"background-color:rgba(0, 0, 0, 0);color:#3d08a6\" class=\"has-inline-color\">Muchas gracias a tod@s y cada un@ de quienes asistieron  al P\u00cdCNIC COLLAGE del cierre de actividades 2025 del <a href=\"http:\/\/www.cortarypegarfestival.com\" data-type=\"link\" data-id=\"www.cortarypegarfestival.com\">Festival de Collage de la CDMX<\/a> el pasado s\u00e1bado 8 de Noviembre de 12:00 a 17:30 h.<\/mark> en el <a href=\"https:\/\/linktr.ee\/PabellonCulturaComunitaria\">Pabell\u00f3n de Cultura Comunitaria<\/a>.<\/p>\n\n\n\n<figure class=\"wp-block-image size-large\"><a href=\"www.cortarypegarfestival.com\"><img loading=\"lazy\" decoding=\"async\" width=\"786\" height=\"1024\" src=\"https:\/\/www.fabiangiles.com\/V5.1\/wp-content\/uploads\/2025\/10\/FlyerPicnicCollage-786x1024.jpg\" alt=\"\" class=\"wp-image-1726\" srcset=\"https:\/\/www.fabiangiles.com\/V5.1\/wp-content\/uploads\/2025\/10\/FlyerPicnicCollage-786x1024.jpg 786w, https:\/\/www.fabiangiles.com\/V5.1\/wp-content\/uploads\/2025\/10\/FlyerPicnicCollage-230x300.jpg 230w, https:\/\/www.fabiangiles.com\/V5.1\/wp-content\/uploads\/2025\/10\/FlyerPicnicCollage-768x1000.jpg 768w, https:\/\/www.fabiangiles.com\/V5.1\/wp-content\/uploads\/2025\/10\/FlyerPicnicCollage-1179x1536.jpg 1179w, https:\/\/www.fabiangiles.com\/V5.1\/wp-content\/uploads\/2025\/10\/FlyerPicnicCollage-1572x2048.jpg 1572w, https:\/\/www.fabiangiles.com\/V5.1\/wp-content\/uploads\/2025\/10\/FlyerPicnicCollage-scaled.jpg 1965w\" sizes=\"auto, (max-width: 767px) 89vw, (max-width: 1000px) 54vw, (max-width: 1071px) 543px, 580px\" \/><\/a><\/figure>\n\n\n<div class=\"wp-block-image\">\n<figure class=\"aligncenter is-resized\"><img decoding=\"async\" src=\"http:\/\/www.fabiangiles.com\/V5.1\/wp-content\/uploads\/2025\/04\/FABIANGILES2D.png\" alt=\"This image has an empty alt attribute; its file name is FABIANGILES2D.png\" style=\"aspect-ratio:1.0312231272011272;width:52px;height:auto\"\/><\/figure>\n<\/div>\n\n\n<p><strong><mark style=\"background-color:rgba(0, 0, 0, 0)\" class=\"has-inline-color has-luminous-vivid-orange-color\">COLLAGE<\/mark><\/strong><\/p>\n\n\n\n<p><mark style=\"background-color:rgba(0, 0, 0, 0);color:#3d08a6\" class=\"has-inline-color\">La espera para el #COLLAGE ha terminado. <br>El <a href=\"http:\/\/www.cortarypegarfestival.com\" data-type=\"link\" data-id=\"www.cortarypegarfestival.com\">Festival de Collage de la CDMX<\/a> en Noviembre.<\/mark><\/p>\n\n\n\n<figure class=\"wp-block-image size-large\"><img loading=\"lazy\" decoding=\"async\" width=\"792\" height=\"1024\" src=\"https:\/\/www.fabiangiles.com\/V5.1\/wp-content\/uploads\/2025\/10\/FestivalNoviembre-792x1024.jpg\" alt=\"\" class=\"wp-image-1704\" srcset=\"https:\/\/www.fabiangiles.com\/V5.1\/wp-content\/uploads\/2025\/10\/FestivalNoviembre-792x1024.jpg 792w, https:\/\/www.fabiangiles.com\/V5.1\/wp-content\/uploads\/2025\/10\/FestivalNoviembre-232x300.jpg 232w, https:\/\/www.fabiangiles.com\/V5.1\/wp-content\/uploads\/2025\/10\/FestivalNoviembre-768x994.jpg 768w, https:\/\/www.fabiangiles.com\/V5.1\/wp-content\/uploads\/2025\/10\/FestivalNoviembre-1187x1536.jpg 1187w, https:\/\/www.fabiangiles.com\/V5.1\/wp-content\/uploads\/2025\/10\/FestivalNoviembre.jpg 1583w\" sizes=\"auto, (max-width: 767px) 89vw, (max-width: 1000px) 54vw, (max-width: 1071px) 543px, 580px\" \/><\/figure>\n\n\n<div class=\"wp-block-image\">\n<figure class=\"aligncenter size-full is-resized\"><img loading=\"lazy\" decoding=\"async\" width=\"562\" height=\"545\" src=\"http:\/\/www.fabiangiles.com\/V5.1\/wp-content\/uploads\/2025\/04\/FABIANGILES2D.png\" alt=\"\" class=\"wp-image-205\" style=\"width:52px;height:auto\" srcset=\"https:\/\/www.fabiangiles.com\/V5.1\/wp-content\/uploads\/2025\/04\/FABIANGILES2D.png 562w, https:\/\/www.fabiangiles.com\/V5.1\/wp-content\/uploads\/2025\/04\/FABIANGILES2D-300x291.png 300w\" sizes=\"auto, (max-width: 562px) 100vw, 562px\" \/><\/figure>\n<\/div>\n\n\n<p><strong><mark style=\"background-color:rgba(0, 0, 0, 0)\" class=\"has-inline-color has-luminous-vivid-orange-color\">EXPO<\/mark><\/strong><\/p>\n\n\n\n<p><em><mark style=\"background-color:rgba(0, 0, 0, 0)\" class=\"has-inline-color has-vivid-purple-color\"><strong><a href=\"https:\/\/www.aguafuertegaleria.com\/_files\/ugd\/de53d9_55bbfbd2025947d0961222ae1d73c497.pdf\">MADE IN MEXICO <\/a><\/strong><a href=\"https:\/\/www.fabiangiles.com\/V5.1\/lcdlf-collages\/\"> <\/a><\/mark><mark style=\"background-color:rgba(0, 0, 0, 0)\" class=\"has-inline-color has-vivid-cyan-blue-color\">participation about mexican art with works <\/mark><\/em><br><em><mark style=\"background-color:rgba(0, 0, 0, 0)\" class=\"has-inline-color has-vivid-cyan-blue-color\">SUAVE PATRIA <\/mark> series<br><strong><mark style=\"background-color:rgba(0, 0, 0, 0)\" class=\"has-inline-color has-vivid-cyan-blue-color\">CLOSING: <\/mark><\/strong><em><strong>Sunday OCTOBER 5, 2025<\/strong>. <\/em><\/em>Join us to a GUIDED TOUR at 4 PM<em>   <\/em><br><em><strong>Aguafuerte Gallery<\/strong>  118 Guanajuato ST.  Roma Neighbourhood, Mexico City.  <strong> <\/strong><br>Tuesday to saturday 12 to 20 hrs.<\/em><\/p>\n\n\n\n<p><mark style=\"background-color:rgba(0, 0, 0, 0)\" class=\"has-inline-color has-vivid-purple-color\"><strong><a href=\"https:\/\/www.aguafuertegaleria.com\/_files\/ugd\/de53d9_55bbfbd2025947d0961222ae1d73c497.pdf\">HECHO EN M\u00c9XICO<\/a><\/strong><\/mark><em><mark style=\"background-color:rgba(0, 0, 0, 0)\" class=\"has-inline-color has-vivid-purple-color\"><a href=\"https:\/\/www.fabiangiles.com\/V5.1\/lcdlf-collages\/\"> <\/a><\/mark><mark style=\"background-color:rgba(0, 0, 0, 0)\" class=\"has-inline-color has-vivid-cyan-blue-color\">participaci\u00f3n  <\/mark><\/em><mark style=\"background-color:rgba(0, 0, 0, 0)\" class=\"has-inline-color has-vivid-cyan-blue-color\">sobre arte mexicano con la serie <\/mark><br><mark style=\"background-color:rgba(0, 0, 0, 0)\" class=\"has-inline-color has-vivid-cyan-blue-color\">de obras <\/mark> SUAVE PATRIA<br><strong><mark style=\"background-color:rgba(0, 0, 0, 0)\" class=\"has-inline-color has-vivid-cyan-blue-color\">CLAUSURA: <\/mark><\/strong><em><strong> Domingo 5 DE OCTUBRE DE 2025<\/strong>. <\/em> Habr\u00e1 una <em>VISITA GUIADA a las 4 PM    <\/em><br><strong>Aguafuerte Galer\u00eda<\/strong> Guanajuato 118.Col. Roma CDMX. <br>Martes a s\u00e1bado 12 a 20 hrs. <\/p>\n\n\n\n<figure class=\"wp-block-image size-full\"><img loading=\"lazy\" decoding=\"async\" width=\"900\" height=\"900\" src=\"https:\/\/www.fabiangiles.com\/V5.1\/wp-content\/uploads\/2025\/09\/HECHO-EN-MEXICO.jpg\" alt=\"\" class=\"wp-image-1573\" srcset=\"https:\/\/www.fabiangiles.com\/V5.1\/wp-content\/uploads\/2025\/09\/HECHO-EN-MEXICO.jpg 900w, https:\/\/www.fabiangiles.com\/V5.1\/wp-content\/uploads\/2025\/09\/HECHO-EN-MEXICO-300x300.jpg 300w, https:\/\/www.fabiangiles.com\/V5.1\/wp-content\/uploads\/2025\/09\/HECHO-EN-MEXICO-150x150.jpg 150w, https:\/\/www.fabiangiles.com\/V5.1\/wp-content\/uploads\/2025\/09\/HECHO-EN-MEXICO-768x768.jpg 768w, https:\/\/www.fabiangiles.com\/V5.1\/wp-content\/uploads\/2025\/09\/HECHO-EN-MEXICO-100x100.jpg 100w\" sizes=\"auto, (max-width: 767px) 89vw, (max-width: 1000px) 54vw, (max-width: 1071px) 543px, 580px\" \/><\/figure>\n\n\n<div class=\"wp-block-image\">\n<figure class=\"aligncenter size-full is-resized\"><img loading=\"lazy\" decoding=\"async\" width=\"562\" height=\"545\" src=\"http:\/\/www.fabiangiles.com\/V5.1\/wp-content\/uploads\/2025\/04\/FABIANGILES2D.png\" alt=\"\" class=\"wp-image-205\" style=\"width:52px;height:auto\" srcset=\"https:\/\/www.fabiangiles.com\/V5.1\/wp-content\/uploads\/2025\/04\/FABIANGILES2D.png 562w, https:\/\/www.fabiangiles.com\/V5.1\/wp-content\/uploads\/2025\/04\/FABIANGILES2D-300x291.png 300w\" sizes=\"auto, (max-width: 562px) 100vw, 562px\" \/><\/figure>\n<\/div>\n\n\n<p><strong><mark style=\"background-color:rgba(0, 0, 0, 0)\" class=\"has-inline-color has-luminous-vivid-orange-color\">EBOOKS<\/mark><\/strong><br><br><em><strong><a href=\"https:\/\/www.fabiangiles.com\/V5.1\/collage\/books-libros\/\"><mark style=\"background-color:rgba(0, 0, 0, 0)\" class=\"has-inline-color has-black-color\">PURCHASE RECEIPT<\/mark><\/a><\/strong><\/em><mark style=\"background-color:rgba(0, 0, 0, 0)\" class=\"has-inline-color has-vivid-cyan-blue-color\"><em> &amp; <\/em><\/mark><em><mark style=\"background-color:rgba(0, 0, 0, 0)\" class=\"has-inline-color has-cyan-bluish-gray-color\"><strong>FOR SOMETHING ONE STARTS<\/strong><\/mark><\/em><mark style=\"background-color:rgba(0, 0, 0, 0)\" class=\"has-inline-color has-vivid-cyan-blue-color\"><em> was recommended by <\/em><\/mark><em><mark style=\"background-color:rgba(0, 0, 0, 0)\" class=\"has-inline-color has-vivid-red-color\">kolaj magazIne<\/mark><\/em><mark style=\"background-color:rgba(0, 0, 0, 0)\" class=\"has-inline-color has-vivid-cyan-blue-color\"><em> in<strong> <\/strong><\/em><\/mark><em><strong><mark style=\"background-color:rgba(0, 0, 0, 0)\" class=\"has-inline-color has-vivid-red-color\">kolaj books<\/mark><\/strong><\/em><mark style=\"background-color:rgba(0, 0, 0, 0)\" class=\"has-inline-color has-vivid-cyan-blue-color\"><em> section.<\/em> \/<\/mark><br><mark style=\"background-color:rgba(0, 0, 0, 0)\" class=\"has-inline-color has-vivid-cyan-blue-color\"><br><\/mark><strong><a href=\"https:\/\/www.fabiangiles.com\/V5.1\/collage\/books-libros\/\"><mark style=\"background-color:rgba(0, 0, 0, 0)\" class=\"has-inline-color has-black-color\">TICKET DE COMPRA<\/mark><\/a><\/strong><mark style=\"background-color:rgba(0, 0, 0, 0)\" class=\"has-inline-color has-vivid-cyan-blue-color\"> &amp; <\/mark><mark style=\"background-color:rgba(0, 0, 0, 0)\" class=\"has-inline-color has-cyan-bluish-gray-color\"><strong>POR ALGO SE EMPIEZA<\/strong><\/mark><mark style=\"background-color:rgba(0, 0, 0, 0)\" class=\"has-inline-color has-vivid-cyan-blue-color\"> fueron recomendados por  <\/mark><mark style=\"background-color:rgba(0, 0, 0, 0)\" class=\"has-inline-color has-vivid-red-color\">kolaj magazIne<\/mark><mark style=\"background-color:rgba(0, 0, 0, 0)\" class=\"has-inline-color has-vivid-cyan-blue-color\"> en su secci\u00f3n<strong> <\/strong><\/mark><strong><mark style=\"background-color:rgba(0, 0, 0, 0)\" class=\"has-inline-color has-vivid-red-color\">kolaj books<\/mark><\/strong><mark style=\"background-color:rgba(0, 0, 0, 0)\" class=\"has-inline-color has-vivid-cyan-blue-color\">.<\/mark><\/p>\n\n\n\n<div class=\"wp-block-columns is-layout-flex wp-container-core-columns-is-layout-9d6595d7 wp-block-columns-is-layout-flex\">\n<div class=\"wp-block-column is-layout-flow wp-block-column-is-layout-flow\"><div class=\"wp-block-image\">\n<figure class=\"aligncenter size-large is-resized\"><a href=\"https:\/\/www.fabiangiles.com\/V5.1\/collage\/books-libros\/\"><img loading=\"lazy\" decoding=\"async\" width=\"752\" height=\"1024\" src=\"http:\/\/www.fabiangiles.com\/V5.1\/wp-content\/uploads\/2025\/09\/TICKET-DE-COMPRA-2-1-752x1024.jpeg\" alt=\"\" class=\"wp-image-1607\" style=\"width:657px;height:auto\" srcset=\"https:\/\/www.fabiangiles.com\/V5.1\/wp-content\/uploads\/2025\/09\/TICKET-DE-COMPRA-2-1-752x1024.jpeg 752w, https:\/\/www.fabiangiles.com\/V5.1\/wp-content\/uploads\/2025\/09\/TICKET-DE-COMPRA-2-1-220x300.jpeg 220w, https:\/\/www.fabiangiles.com\/V5.1\/wp-content\/uploads\/2025\/09\/TICKET-DE-COMPRA-2-1-768x1046.jpeg 768w, https:\/\/www.fabiangiles.com\/V5.1\/wp-content\/uploads\/2025\/09\/TICKET-DE-COMPRA-2-1.jpeg 797w\" sizes=\"auto, (max-width: 706px) 89vw, (max-width: 767px) 82vw, 740px\" \/><\/a><\/figure>\n<\/div><\/div>\n<\/div>\n\n\n<div class=\"wp-block-image\">\n<figure class=\"aligncenter size-full\"><a href=\"https:\/\/www.fabiangiles.com\/V5.1\/collage\/books-libros\/\"><img loading=\"lazy\" decoding=\"async\" width=\"653\" height=\"860\" src=\"http:\/\/www.fabiangiles.com\/V5.1\/wp-content\/uploads\/2025\/09\/PorAlgo-2.jpeg\" alt=\"\" class=\"wp-image-1605\" srcset=\"https:\/\/www.fabiangiles.com\/V5.1\/wp-content\/uploads\/2025\/09\/PorAlgo-2.jpeg 653w, https:\/\/www.fabiangiles.com\/V5.1\/wp-content\/uploads\/2025\/09\/PorAlgo-2-228x300.jpeg 228w\" sizes=\"auto, (max-width: 653px) 100vw, 653px\" \/><\/a><\/figure>\n<\/div>\n\n<div class=\"wp-block-image\">\n<figure class=\"aligncenter size-full is-resized\"><img loading=\"lazy\" decoding=\"async\" width=\"562\" height=\"545\" src=\"http:\/\/www.fabiangiles.com\/V5.1\/wp-content\/uploads\/2025\/04\/FABIANGILES2D.png\" alt=\"\" class=\"wp-image-205\" style=\"width:52px;height:auto\" srcset=\"https:\/\/www.fabiangiles.com\/V5.1\/wp-content\/uploads\/2025\/04\/FABIANGILES2D.png 562w, https:\/\/www.fabiangiles.com\/V5.1\/wp-content\/uploads\/2025\/04\/FABIANGILES2D-300x291.png 300w\" sizes=\"auto, (max-width: 562px) 100vw, 562px\" \/><\/figure>\n<\/div>\n\n\n<p><strong><mark style=\"background-color:rgba(0, 0, 0, 0)\" class=\"has-inline-color has-luminous-vivid-orange-color\">VIRTUAL EXPO<\/mark><\/strong><\/p>\n\n\n\n<p><em><mark style=\"background-color:rgba(0, 0, 0, 0)\" class=\"has-inline-color has-vivid-purple-color\"><a href=\"https:\/\/www.fabiangiles.com\/V5.1\/lcdlf-collages\/\"><strong>THE HOUSE OF FAMOUS COLLAGES<\/strong> <\/a>is a parody of the popular and alienating reality TV show (formerly Big Brother), but here with works of art and not people from the entertainment world.<\/mark><\/em> <strong>VOTE for THEM!! and give them a Like! <\/strong><\/p>\n\n\n\n<p><mark style=\"background-color:rgba(0, 0, 0, 0)\" class=\"has-inline-color has-vivid-purple-color\"><strong><a href=\"https:\/\/www.fabiangiles.com\/V5.1\/lcdlf-collages\/\">LA CASA DE LOS FAMOSOS COLLAGES<\/a> <\/strong>es una parodia al popular y enajenante reality show televisivo (antes Big Brother o Gran Hermano), pero aqu\u00ed con obras de arte y no con gente de la far\u00e1ndula<\/mark><strong><mark style=\"background-color:rgba(0, 0, 0, 0)\" class=\"has-inline-color has-vivid-purple-color\">.<\/mark> \u00a1VOTEN por ellos y d\u00e9nles un Like<\/strong>!<\/p>\n\n\n\n<figure class=\"wp-block-image size-large\"><a href=\"https:\/\/www.fabiangiles.com\/V5.1\/lcdlf-collages\/\"><img loading=\"lazy\" decoding=\"async\" width=\"791\" height=\"1024\" src=\"https:\/\/www.fabiangiles.com\/V5.1\/wp-content\/uploads\/2025\/07\/LCDLFC1-791x1024.jpg\" alt=\"\" class=\"wp-image-1374\" srcset=\"https:\/\/www.fabiangiles.com\/V5.1\/wp-content\/uploads\/2025\/07\/LCDLFC1-791x1024.jpg 791w, https:\/\/www.fabiangiles.com\/V5.1\/wp-content\/uploads\/2025\/07\/LCDLFC1-232x300.jpg 232w, https:\/\/www.fabiangiles.com\/V5.1\/wp-content\/uploads\/2025\/07\/LCDLFC1-768x994.jpg 768w, https:\/\/www.fabiangiles.com\/V5.1\/wp-content\/uploads\/2025\/07\/LCDLFC1-1187x1536.jpg 1187w, https:\/\/www.fabiangiles.com\/V5.1\/wp-content\/uploads\/2025\/07\/LCDLFC1-1583x2048.jpg 1583w, https:\/\/www.fabiangiles.com\/V5.1\/wp-content\/uploads\/2025\/07\/LCDLFC1-scaled.jpg 1978w\" sizes=\"auto, (max-width: 767px) 89vw, (max-width: 1000px) 54vw, (max-width: 1071px) 543px, 580px\" \/><\/a><\/figure>\n\n\n<div class=\"wp-block-image\">\n<figure class=\"aligncenter size-full is-resized\"><img loading=\"lazy\" decoding=\"async\" width=\"562\" height=\"545\" src=\"http:\/\/www.fabiangiles.com\/V5.1\/wp-content\/uploads\/2025\/04\/FABIANGILES2D.png\" alt=\"\" class=\"wp-image-205\" style=\"width:52px;height:auto\" srcset=\"https:\/\/www.fabiangiles.com\/V5.1\/wp-content\/uploads\/2025\/04\/FABIANGILES2D.png 562w, https:\/\/www.fabiangiles.com\/V5.1\/wp-content\/uploads\/2025\/04\/FABIANGILES2D-300x291.png 300w\" sizes=\"auto, (max-width: 562px) 100vw, 562px\" \/><\/figure>\n<\/div>\n\n\n<p><strong><mark style=\"background-color:rgba(0, 0, 0, 0)\" class=\"has-inline-color has-luminous-vivid-orange-color\">EXPO<\/mark><\/strong><\/p>\n\n\n\n<p><em><mark style=\"background-color:rgba(0, 0, 0, 0)\" class=\"has-inline-color has-vivid-purple-color\"><strong><a href=\"https:\/\/www.aguafuertegaleria.com\/_files\/ugd\/de53d9_55bbfbd2025947d0961222ae1d73c497.pdf\">STREET &amp; POP ART<\/a><\/strong><a href=\"https:\/\/www.fabiangiles.com\/V5.1\/lcdlf-collages\/\"> <\/a><\/mark><mark style=\"background-color:rgba(0, 0, 0, 0)\" class=\"has-inline-color has-vivid-cyan-blue-color\">participation about urban and popular art with works <\/mark><\/em><br><em><mark style=\"background-color:rgba(0, 0, 0, 0)\" class=\"has-inline-color has-vivid-cyan-blue-color\">QUEEN ART SUPERMEME EVIL\u00b4S&nbsp; &amp; SPACE ROBOTS. <\/mark> <br><strong><mark style=\"background-color:rgba(0, 0, 0, 0)\" class=\"has-inline-color has-vivid-cyan-blue-color\">CLOSING: <\/mark><\/strong><em><strong>Sunday SEPTEMBER 7, 2025<\/strong>. <\/em><\/em>Join us to a GUIDED TOUR at 4 PM<em>   <\/em><br><em><strong>Aguafuerte Gallery<\/strong>  118 Guanajuato ST.  Roma Neighbourhood, Mexico City.  <strong> <\/strong><br>Tuesday to saturday 12 to 20 hrs.<\/em><\/p>\n\n\n\n<p><mark style=\"background-color:rgba(0, 0, 0, 0)\" class=\"has-inline-color has-vivid-purple-color\"><strong><a href=\"https:\/\/www.aguafuertegaleria.com\/_files\/ugd\/de53d9_55bbfbd2025947d0961222ae1d73c497.pdf\">STREET &amp; POP ART<\/a><\/strong><\/mark><em><mark style=\"background-color:rgba(0, 0, 0, 0)\" class=\"has-inline-color has-vivid-purple-color\"><a href=\"https:\/\/www.fabiangiles.com\/V5.1\/lcdlf-collages\/\"> <\/a><\/mark><mark style=\"background-color:rgba(0, 0, 0, 0)\" class=\"has-inline-color has-vivid-cyan-blue-color\">participaci\u00f3n  <\/mark><\/em><mark style=\"background-color:rgba(0, 0, 0, 0)\" class=\"has-inline-color has-vivid-cyan-blue-color\">sobre estas t\u00e9cnicas art\u00edsticas con las obras <\/mark><br><mark style=\"background-color:rgba(0, 0, 0, 0)\" class=\"has-inline-color has-vivid-cyan-blue-color\">QUEEN ART SUPERMEME EVIL\u00b4S&nbsp; &amp; SPACE ROBOTS<\/mark>.<br><strong><mark style=\"background-color:rgba(0, 0, 0, 0)\" class=\"has-inline-color has-vivid-cyan-blue-color\">CLAUSURA: <\/mark><\/strong><em><strong> Domingo 7 DE SEPTIEMBRE DE 2025<\/strong>. <\/em> Habr\u00e1 <em>VISITA GUIADA a las 4 PM    <\/em><br><strong>Aguafuerte Galer\u00eda<\/strong> Guanajuato 118.Col. Roma CDMX. <br>Martes a s\u00e1bado 12 a 20 hrs. <br><\/p>\n\n\n\n<figure class=\"wp-block-image size-large\"><a href=\"https:\/\/www.aguafuertegaleria.com\/_files\/ugd\/de53d9_55bbfbd2025947d0961222ae1d73c497.pdf\"><img loading=\"lazy\" decoding=\"async\" width=\"1024\" height=\"1010\" src=\"https:\/\/www.fabiangiles.com\/V5.1\/wp-content\/uploads\/2025\/08\/StreetPOPart-1024x1010.jpg\" alt=\"\" class=\"wp-image-1494\" srcset=\"https:\/\/www.fabiangiles.com\/V5.1\/wp-content\/uploads\/2025\/08\/StreetPOPart-1024x1010.jpg 1024w, https:\/\/www.fabiangiles.com\/V5.1\/wp-content\/uploads\/2025\/08\/StreetPOPart-300x296.jpg 300w, https:\/\/www.fabiangiles.com\/V5.1\/wp-content\/uploads\/2025\/08\/StreetPOPart-768x758.jpg 768w, https:\/\/www.fabiangiles.com\/V5.1\/wp-content\/uploads\/2025\/08\/StreetPOPart-100x100.jpg 100w, https:\/\/www.fabiangiles.com\/V5.1\/wp-content\/uploads\/2025\/08\/StreetPOPart.jpg 1125w\" sizes=\"auto, (max-width: 767px) 89vw, (max-width: 1000px) 54vw, (max-width: 1071px) 543px, 580px\" \/><\/a><\/figure>\n\n\n\n<figure class=\"wp-block-image size-large\"><img loading=\"lazy\" decoding=\"async\" width=\"1024\" height=\"1024\" src=\"https:\/\/www.fabiangiles.com\/V5.1\/wp-content\/uploads\/2025\/08\/PortadaStreetArt2-1024x1024.jpg\" alt=\"\" class=\"wp-image-1518\" srcset=\"https:\/\/www.fabiangiles.com\/V5.1\/wp-content\/uploads\/2025\/08\/PortadaStreetArt2-1024x1024.jpg 1024w, https:\/\/www.fabiangiles.com\/V5.1\/wp-content\/uploads\/2025\/08\/PortadaStreetArt2-300x300.jpg 300w, https:\/\/www.fabiangiles.com\/V5.1\/wp-content\/uploads\/2025\/08\/PortadaStreetArt2-150x150.jpg 150w, https:\/\/www.fabiangiles.com\/V5.1\/wp-content\/uploads\/2025\/08\/PortadaStreetArt2-768x767.jpg 768w, https:\/\/www.fabiangiles.com\/V5.1\/wp-content\/uploads\/2025\/08\/PortadaStreetArt2-100x100.jpg 100w, https:\/\/www.fabiangiles.com\/V5.1\/wp-content\/uploads\/2025\/08\/PortadaStreetArt2.jpg 1125w\" sizes=\"auto, (max-width: 767px) 89vw, (max-width: 1000px) 54vw, (max-width: 1071px) 543px, 580px\" \/><figcaption class=\"wp-element-caption\">Queen Art Supermeme evil\u00b4s  &amp;  Space Robots.  Digital Collage 2021<\/figcaption><\/figure>\n\n\n<div class=\"wp-block-image\">\n<figure class=\"aligncenter size-full is-resized\"><img loading=\"lazy\" decoding=\"async\" width=\"562\" height=\"545\" src=\"http:\/\/www.fabiangiles.com\/V5.1\/wp-content\/uploads\/2025\/04\/FABIANGILES2D.png\" alt=\"\" class=\"wp-image-205\" style=\"width:52px;height:auto\" srcset=\"https:\/\/www.fabiangiles.com\/V5.1\/wp-content\/uploads\/2025\/04\/FABIANGILES2D.png 562w, https:\/\/www.fabiangiles.com\/V5.1\/wp-content\/uploads\/2025\/04\/FABIANGILES2D-300x291.png 300w\" sizes=\"auto, (max-width: 562px) 100vw, 562px\" \/><\/figure>\n<\/div>\n\n\n<p><strong><mark style=\"background-color:rgba(0, 0, 0, 0)\" class=\"has-inline-color has-luminous-vivid-orange-color\">EXPO<\/mark><\/strong><\/p>\n\n\n\n<p><em><mark style=\"background-color:rgba(0, 0, 0, 0)\" class=\"has-inline-color has-vivid-cyan-blue-color\">Of collage and paintings of artists <\/mark><strong><mark style=\"background-color:rgba(0, 0, 0, 0)\" class=\"has-inline-color has-black-color\">Fabi\u00e1n Giles<\/mark><\/strong><mark style=\"background-color:rgba(0, 0, 0, 0)\" class=\"has-inline-color has-vivid-cyan-blue-color\"> &amp; <\/mark><strong><mark style=\"background-color:rgba(0, 0, 0, 0)\" class=\"has-inline-color has-pale-pink-color\">Ely Cam<\/mark><\/strong><mark style=\"background-color:rgba(0, 0, 0, 0)\" class=\"has-inline-color has-vivid-cyan-blue-color\"><strong> <\/strong>about theme<strong><br>&#8220;Of mole, of chilli and of colors&#8221; <\/strong>inside the realization of <strong>Mexico City\u00b4s Collage Festival <\/strong>at <\/mark><strong><a href=\"https:\/\/www.facebook.com\/pulqueriainsurgentes\/?locale=es_LA\"><mark style=\"background-color:rgba(0, 0, 0, 0)\" class=\"has-inline-color has-black-color\">Pulquer\u00eda Insurgente<\/mark><\/a><\/strong><mark style=\"background-color:rgba(0, 0, 0, 0)\" class=\"has-inline-color has-vivid-cyan-blue-color\"><strong><a href=\"https:\/\/www.facebook.com\/pulqueriainsurgentes\/?locale=es_LA\">s<\/a> from August 11 to 20. CLOSED<\/strong><\/mark><\/em><br><br><mark style=\"background-color:rgba(0, 0, 0, 0)\" class=\"has-inline-color has-vivid-cyan-blue-color\">De collage y pintura de los artistas<strong> <\/strong><\/mark><mark style=\"background-color:rgba(0, 0, 0, 0)\" class=\"has-inline-color has-black-color\"><strong>Fabi\u00e1n Giles<\/strong> <\/mark><mark style=\"background-color:rgba(0, 0, 0, 0)\" class=\"has-inline-color has-vivid-cyan-blue-color\">y <\/mark><strong><mark style=\"background-color:rgba(0, 0, 0, 0)\" class=\"has-inline-color has-pale-pink-color\">Ely Cam<\/mark><\/strong><mark style=\"background-color:rgba(0, 0, 0, 0)\" class=\"has-inline-color has-vivid-cyan-blue-color\"><strong> <\/strong>sobre el tema<strong><br>&#8220;De mole, de chile y de colores&#8221; <\/strong>dentro del marco del<strong> Festival de Collage de la CDMX <\/strong>en la <strong><a href=\"https:\/\/www.facebook.com\/pulqueriainsurgentes\/?locale=es_LA\">Pulquer\u00eda Insurgentes<\/a> del 11 al 20 de agosto. TERMINADA.<\/strong><\/mark><\/p>\n\n\n\n<figure class=\"wp-block-image size-large\"><img loading=\"lazy\" decoding=\"async\" width=\"791\" height=\"1024\" src=\"https:\/\/www.fabiangiles.com\/V5.1\/wp-content\/uploads\/2025\/07\/PosterDe-Mole2a-791x1024.jpg\" alt=\"\" class=\"wp-image-1276\" srcset=\"https:\/\/www.fabiangiles.com\/V5.1\/wp-content\/uploads\/2025\/07\/PosterDe-Mole2a-791x1024.jpg 791w, https:\/\/www.fabiangiles.com\/V5.1\/wp-content\/uploads\/2025\/07\/PosterDe-Mole2a-232x300.jpg 232w, https:\/\/www.fabiangiles.com\/V5.1\/wp-content\/uploads\/2025\/07\/PosterDe-Mole2a-768x994.jpg 768w, https:\/\/www.fabiangiles.com\/V5.1\/wp-content\/uploads\/2025\/07\/PosterDe-Mole2a-1187x1536.jpg 1187w, https:\/\/www.fabiangiles.com\/V5.1\/wp-content\/uploads\/2025\/07\/PosterDe-Mole2a-1583x2048.jpg 1583w, https:\/\/www.fabiangiles.com\/V5.1\/wp-content\/uploads\/2025\/07\/PosterDe-Mole2a-scaled.jpg 1978w\" sizes=\"auto, (max-width: 767px) 89vw, (max-width: 1000px) 54vw, (max-width: 1071px) 543px, 580px\" \/><\/figure>\n\n\n<div class=\"wp-block-image\">\n<figure class=\"aligncenter size-full is-resized\"><img loading=\"lazy\" decoding=\"async\" width=\"562\" height=\"545\" src=\"http:\/\/www.fabiangiles.com\/V5.1\/wp-content\/uploads\/2025\/04\/FABIANGILES2D.png\" alt=\"\" class=\"wp-image-205\" style=\"width:52px;height:auto\" srcset=\"https:\/\/www.fabiangiles.com\/V5.1\/wp-content\/uploads\/2025\/04\/FABIANGILES2D.png 562w, https:\/\/www.fabiangiles.com\/V5.1\/wp-content\/uploads\/2025\/04\/FABIANGILES2D-300x291.png 300w\" sizes=\"auto, (max-width: 562px) 100vw, 562px\" \/><\/figure>\n<\/div>\n\n\n<p><strong><mark style=\"background-color:rgba(0, 0, 0, 0)\" class=\"has-inline-color has-luminous-vivid-orange-color\">EXPOSICI\u00d3N<\/mark><\/strong><br><br><mark style=\"background-color:rgba(0, 0, 0, 0)\" class=\"has-inline-color has-black-color\"><strong>\u00daLTIMO D\u00cdA y CLAUSURA<\/strong> de la breve selecci\u00f3n de la exposici\u00f3n<br>\u201cEl Collage y Francia vistos desde M\u00e9xico\u201d <\/mark><br><strong>Jueves 7 de agosto <\/strong>de 17 a 18:30 horas<strong>. TERMINADA<\/strong><br><mark style=\"background-color:rgba(0, 0, 0, 0)\" class=\"has-inline-color has-vivid-cyan-blue-color\">en la<\/mark> <a href=\"https:\/\/www.facebook.com\/AFCDMX?__cft__[0]=AZUgyLLgWJ_6EaI7PG9GV5YFbDyISXoC3LbrfLs_fAv5WGI39Ldr4Pn_XQYT081BgCZjTLZn7jT9VuscId8itR4gBVNAT4ddrF_BjKCiRq7j1RaFYkq9wGPZOSp315nyAXBpGnxpH8vZBDgWE_by0P8lgIv2sT4xE7TQ5nUex-Ujkg&amp;__tn__=-]K-R\"><mark style=\"background-color:rgba(0, 0, 0, 0)\" class=\"has-inline-color has-vivid-red-color\">Alianza Francesa Ciudad de M\u00e9xico<\/mark><\/a><br><strong>Sede Interlomas <\/strong>Centro Comercial Interlomas Locales J1, J2 y J3<\/p>\n\n\n\n<figure class=\"wp-block-image size-large\"><img loading=\"lazy\" decoding=\"async\" width=\"791\" height=\"1024\" src=\"http:\/\/www.fabiangiles.com\/V5.1\/wp-content\/uploads\/2025\/05\/INVITACION-interlomas-791x1024.jpg\" alt=\"\" class=\"wp-image-1123\" srcset=\"https:\/\/www.fabiangiles.com\/V5.1\/wp-content\/uploads\/2025\/05\/INVITACION-interlomas-791x1024.jpg 791w, https:\/\/www.fabiangiles.com\/V5.1\/wp-content\/uploads\/2025\/05\/INVITACION-interlomas-232x300.jpg 232w, https:\/\/www.fabiangiles.com\/V5.1\/wp-content\/uploads\/2025\/05\/INVITACION-interlomas-768x994.jpg 768w, https:\/\/www.fabiangiles.com\/V5.1\/wp-content\/uploads\/2025\/05\/INVITACION-interlomas-1187x1536.jpg 1187w, https:\/\/www.fabiangiles.com\/V5.1\/wp-content\/uploads\/2025\/05\/INVITACION-interlomas-1583x2048.jpg 1583w, https:\/\/www.fabiangiles.com\/V5.1\/wp-content\/uploads\/2025\/05\/INVITACION-interlomas-scaled.jpg 1978w\" sizes=\"auto, (max-width: 767px) 89vw, (max-width: 1000px) 54vw, (max-width: 1071px) 543px, 580px\" \/><\/figure>\n\n\n\n<figure class=\"wp-block-embed is-type-video is-provider-youtube wp-block-embed-youtube wp-embed-aspect-16-9 wp-has-aspect-ratio\"><div class=\"wp-block-embed__wrapper\">\n<iframe loading=\"lazy\" title=\"El Collage y Francia vistos desde M\u00e9xico 2\" width=\"525\" height=\"295\" src=\"https:\/\/www.youtube.com\/embed\/M6_qGfTEj8k?feature=oembed\" frameborder=\"0\" allow=\"accelerometer; autoplay; clipboard-write; encrypted-media; gyroscope; picture-in-picture; web-share\" referrerpolicy=\"strict-origin-when-cross-origin\" allowfullscreen><\/iframe>\n<\/div><\/figure>\n\n\n<div class=\"wp-block-image\">\n<figure class=\"aligncenter size-full is-resized\"><img loading=\"lazy\" decoding=\"async\" width=\"562\" height=\"545\" src=\"http:\/\/www.fabiangiles.com\/V5.1\/wp-content\/uploads\/2025\/04\/FABIANGILES2D.png\" alt=\"\" class=\"wp-image-205\" style=\"width:52px;height:auto\" srcset=\"https:\/\/www.fabiangiles.com\/V5.1\/wp-content\/uploads\/2025\/04\/FABIANGILES2D.png 562w, https:\/\/www.fabiangiles.com\/V5.1\/wp-content\/uploads\/2025\/04\/FABIANGILES2D-300x291.png 300w\" sizes=\"auto, (max-width: 562px) 100vw, 562px\" \/><\/figure>\n<\/div>\n\n\n<p><\/p>\n\n\n\n<p><strong><mark style=\"background-color:rgba(0, 0, 0, 0)\" class=\"has-inline-color has-luminous-vivid-orange-color\">EBOOK<\/mark><\/strong><br><br>Para que no extra\u00f1en los <a href=\"https:\/\/www.facebook.com\/hashtag\/memesdejulioiglesias?__eep__=6&amp;__cft__[0]=AZUAic6Z3TOZeqt0SwkIDgM9BWv2oZpP2_Dc2maxRFCFE90DAtXKpHPsXDIlEINu4xRNeA3SoOyXMLJz3Bawp6xr4oXFYbh77aQOaPdqyv6wty0jJM2VkoCBZdFFWGYz9tcoQiPiB5ynjZg6Oq35naT1q3sthBpChnbIXkwZNWh9-u5Vo2ijBrL3TZ3QmO-LhrX1GFLObzzTMm2fU_SCxnWk&amp;__tn__=*NK-y-R\">#MemesDeJulioIglesias<\/a> esta recopilaci\u00f3n <strong>OTRO LIBRO M\u00c1S DE <a href=\"https:\/\/www.facebook.com\/hashtag\/memesdejulio?__eep__=6&amp;__cft__[0]=AZUAic6Z3TOZeqt0SwkIDgM9BWv2oZpP2_Dc2maxRFCFE90DAtXKpHPsXDIlEINu4xRNeA3SoOyXMLJz3Bawp6xr4oXFYbh77aQOaPdqyv6wty0jJM2VkoCBZdFFWGYz9tcoQiPiB5ynjZg6Oq35naT1q3sthBpChnbIXkwZNWh9-u5Vo2ijBrL3TZ3QmO-LhrX1GFLObzzTMm2fU_SCxnWk&amp;__tn__=*NK-y-R\">#MEMESDEJULIO<\/a> 2<\/strong> de <a href=\"https:\/\/www.facebook.com\/supermeme20?__cft__[0]=AZUAic6Z3TOZeqt0SwkIDgM9BWv2oZpP2_Dc2maxRFCFE90DAtXKpHPsXDIlEINu4xRNeA3SoOyXMLJz3Bawp6xr4oXFYbh77aQOaPdqyv6wty0jJM2VkoCBZdFFWGYz9tcoQiPiB5ynjZg6Oq35naT1q3sthBpChnbIXkwZNWh9-u5Vo2ijBrL3TZ3QmO-LhrX1GFLObzzTMm2fU_SCxnWk&amp;__tn__=-]K-y-R\"><mark style=\"background-color:rgba(0, 0, 0, 0)\" class=\"has-inline-color has-vivid-red-color\">Supermeme<\/mark><\/a> que pueden descargar GRATIS, si, <br>G  R A T I S,  en las tiendas de<\/p>\n\n\n\n<p><strong><a href=\"https:\/\/books.apple.com\/mx\/book\/otro-libro-m\u00e1s-de-memesdejulio-2\/id6749274669\">Apple Books<\/a><\/strong>      <a href=\"https:\/\/www.facebook.com\/kindle?__cft__[0]=AZUAic6Z3TOZeqt0SwkIDgM9BWv2oZpP2_Dc2maxRFCFE90DAtXKpHPsXDIlEINu4xRNeA3SoOyXMLJz3Bawp6xr4oXFYbh77aQOaPdqyv6wty0jJM2VkoCBZdFFWGYz9tcoQiPiB5ynjZg6Oq35naT1q3sthBpChnbIXkwZNWh9-u5Vo2ijBrL3TZ3QmO-LhrX1GFLObzzTMm2fU_SCxnWk&amp;__tn__=-]K-y-R\"><strong>Amazon Kindle<\/strong><\/a>     y  <strong><a href=\"http:\/\/bit.ly\/3UEsd11\">Google Play <\/a><\/strong><\/p>\n\n\n\n<figure class=\"wp-block-image size-large\"><a href=\"https:\/\/books.apple.com\/mx\/book\/otro-libro-m\u00e1s-de-memesdejulio-2\/id6749274669\"><img loading=\"lazy\" decoding=\"async\" width=\"783\" height=\"1024\" src=\"https:\/\/www.fabiangiles.com\/V5.1\/wp-content\/uploads\/2025\/08\/OTRO-LIBRO-DE-MEMES-DE-JULIO-2-Portada-783x1024.jpg\" alt=\"\" class=\"wp-image-1405\" srcset=\"https:\/\/www.fabiangiles.com\/V5.1\/wp-content\/uploads\/2025\/08\/OTRO-LIBRO-DE-MEMES-DE-JULIO-2-Portada-783x1024.jpg 783w, https:\/\/www.fabiangiles.com\/V5.1\/wp-content\/uploads\/2025\/08\/OTRO-LIBRO-DE-MEMES-DE-JULIO-2-Portada-230x300.jpg 230w, https:\/\/www.fabiangiles.com\/V5.1\/wp-content\/uploads\/2025\/08\/OTRO-LIBRO-DE-MEMES-DE-JULIO-2-Portada-768x1004.jpg 768w, https:\/\/www.fabiangiles.com\/V5.1\/wp-content\/uploads\/2025\/08\/OTRO-LIBRO-DE-MEMES-DE-JULIO-2-Portada-1175x1536.jpg 1175w, https:\/\/www.fabiangiles.com\/V5.1\/wp-content\/uploads\/2025\/08\/OTRO-LIBRO-DE-MEMES-DE-JULIO-2-Portada-1567x2048.jpg 1567w, https:\/\/www.fabiangiles.com\/V5.1\/wp-content\/uploads\/2025\/08\/OTRO-LIBRO-DE-MEMES-DE-JULIO-2-Portada-scaled.jpg 1958w\" sizes=\"auto, (max-width: 767px) 89vw, (max-width: 1000px) 54vw, (max-width: 1071px) 543px, 580px\" \/><\/a><\/figure>\n\n\n<div class=\"wp-block-image\">\n<figure class=\"aligncenter size-full is-resized\"><img loading=\"lazy\" decoding=\"async\" width=\"562\" height=\"545\" src=\"http:\/\/www.fabiangiles.com\/V5.1\/wp-content\/uploads\/2025\/04\/FABIANGILES2D.png\" alt=\"\" class=\"wp-image-205\" style=\"width:52px;height:auto\" srcset=\"https:\/\/www.fabiangiles.com\/V5.1\/wp-content\/uploads\/2025\/04\/FABIANGILES2D.png 562w, https:\/\/www.fabiangiles.com\/V5.1\/wp-content\/uploads\/2025\/04\/FABIANGILES2D-300x291.png 300w\" sizes=\"auto, (max-width: 562px) 100vw, 562px\" \/><\/figure>\n<\/div>\n\n\n<p><strong><mark style=\"background-color:rgba(0, 0, 0, 0)\" class=\"has-inline-color has-luminous-vivid-orange-color\">T-SHIRTS\/PLAYERAS<\/mark><\/strong><\/p>\n\n\n\n<p><mark style=\"background-color:rgba(0, 0, 0, 0)\" class=\"has-inline-color has-vivid-red-color\"><strong>CIN\u00c9TICA NI POL\u00cdTICA<\/strong> <\/mark><mark style=\"background-color:rgba(0, 0, 0, 0)\" class=\"has-inline-color has-vivid-cyan-blue-color\">presenta los carteles ANTI TRUMP,  AHORA en <strong>PLAYERAS<\/strong><br>VENTA SOLO <strong>EN L\u00cdNEA<\/strong> EN <\/mark><strong><a href=\"https:\/\/www.teepublic.com\/user\/cineticanipolitica\">TEEPUBLIC<\/a><\/strong><\/p>\n\n\n\n<p><em><strong><mark style=\"background-color:rgba(0, 0, 0, 0)\" class=\"has-inline-color has-vivid-red-color\">CIN\u00c9TICA NI POL\u00cdTICA<\/mark><\/strong> <mark style=\"background-color:rgba(0, 0, 0, 0)\" class=\"has-inline-color has-vivid-cyan-blue-color\">presents ANTI TRUMP Posters,  NOW in <strong>T-SHIRTS<\/strong><br>ONLY SELL <strong>ONLINE<\/strong> AT<\/mark> <strong><a href=\"https:\/\/www.teepublic.com\/user\/cineticanipolitica\">TEEPUBLIC<\/a><\/strong><\/em><\/p>\n\n\n\n<figure class=\"wp-block-embed is-type-video is-provider-youtube wp-block-embed-youtube wp-embed-aspect-16-9 wp-has-aspect-ratio\"><div class=\"wp-block-embed__wrapper\">\n<iframe loading=\"lazy\" title=\"CINE\u0301TICA NI POLI\u0301TICA ANTI TRUMP 1\" width=\"525\" height=\"295\" src=\"https:\/\/www.youtube.com\/embed\/4IL0xb9Bn-E?feature=oembed\" frameborder=\"0\" allow=\"accelerometer; autoplay; clipboard-write; encrypted-media; gyroscope; picture-in-picture; web-share\" referrerpolicy=\"strict-origin-when-cross-origin\" allowfullscreen><\/iframe>\n<\/div><\/figure>\n\n\n<div class=\"wp-block-image\">\n<figure class=\"aligncenter size-full is-resized\"><img loading=\"lazy\" decoding=\"async\" width=\"562\" height=\"545\" src=\"http:\/\/www.fabiangiles.com\/V5.1\/wp-content\/uploads\/2025\/04\/FABIANGILES2D.png\" alt=\"\" class=\"wp-image-205\" style=\"width:52px;height:auto\" srcset=\"https:\/\/www.fabiangiles.com\/V5.1\/wp-content\/uploads\/2025\/04\/FABIANGILES2D.png 562w, https:\/\/www.fabiangiles.com\/V5.1\/wp-content\/uploads\/2025\/04\/FABIANGILES2D-300x291.png 300w\" sizes=\"auto, (max-width: 562px) 100vw, 562px\" \/><\/figure>\n<\/div>\n\n\n<p><br><strong><mark style=\"background-color:rgba(0, 0, 0, 0)\" class=\"has-inline-color has-luminous-vivid-orange-color\">EBOOK<\/mark><\/strong><br><br><mark style=\"background-color:rgba(0, 0, 0, 0)\" class=\"has-inline-color has-cyan-bluish-gray-color\"><em><strong><a href=\"https:\/\/books.apple.com\/mx\/book\/haiku-collage\/id6745767351\">Download<\/a><\/strong><a href=\"https:\/\/www.cortarypegarfestival.com\/.cm4all\/uproc.php\/0\/2025\/DeMOLEdechileydeManteca-FabianGiles_compressed.pdf?cdp=a&amp;_=19765e122a5\"><\/a> digital ebook with collaboration for HAIKU COLLAGE<\/em><\/mark><br><strong><a href=\"https:\/\/books.apple.com\/mx\/book\/haiku-collage\/id6745767351\">Descarga<\/a><\/strong> el libro digital de la colaboraci\u00f3n de HAIKU COLLAGE<br><\/p>\n\n\n\n<figure class=\"wp-block-image size-large\"><a href=\"https:\/\/books.apple.com\/mx\/book\/haiku-collage\/id6745767351\"><img loading=\"lazy\" decoding=\"async\" width=\"783\" height=\"1024\" src=\"https:\/\/www.fabiangiles.com\/V5.1\/wp-content\/uploads\/2025\/07\/HAIKU-COLLAGE-Portada-783x1024.jpg\" alt=\"\" class=\"wp-image-1281\" srcset=\"https:\/\/www.fabiangiles.com\/V5.1\/wp-content\/uploads\/2025\/07\/HAIKU-COLLAGE-Portada-783x1024.jpg 783w, https:\/\/www.fabiangiles.com\/V5.1\/wp-content\/uploads\/2025\/07\/HAIKU-COLLAGE-Portada-230x300.jpg 230w, https:\/\/www.fabiangiles.com\/V5.1\/wp-content\/uploads\/2025\/07\/HAIKU-COLLAGE-Portada-768x1004.jpg 768w, https:\/\/www.fabiangiles.com\/V5.1\/wp-content\/uploads\/2025\/07\/HAIKU-COLLAGE-Portada-1175x1536.jpg 1175w, https:\/\/www.fabiangiles.com\/V5.1\/wp-content\/uploads\/2025\/07\/HAIKU-COLLAGE-Portada-1567x2048.jpg 1567w, https:\/\/www.fabiangiles.com\/V5.1\/wp-content\/uploads\/2025\/07\/HAIKU-COLLAGE-Portada-scaled.jpg 1958w\" sizes=\"auto, (max-width: 767px) 89vw, (max-width: 1000px) 54vw, (max-width: 1071px) 543px, 580px\" \/><\/a><\/figure>\n\n\n<div class=\"wp-block-image\">\n<figure class=\"aligncenter size-full is-resized\"><img loading=\"lazy\" decoding=\"async\" width=\"562\" height=\"545\" src=\"http:\/\/www.fabiangiles.com\/V5.1\/wp-content\/uploads\/2025\/04\/FABIANGILES2D.png\" alt=\"\" class=\"wp-image-205\" style=\"width:52px;height:auto\" srcset=\"https:\/\/www.fabiangiles.com\/V5.1\/wp-content\/uploads\/2025\/04\/FABIANGILES2D.png 562w, https:\/\/www.fabiangiles.com\/V5.1\/wp-content\/uploads\/2025\/04\/FABIANGILES2D-300x291.png 300w\" sizes=\"auto, (max-width: 562px) 100vw, 562px\" \/><\/figure>\n<\/div>\n\n\n<p><strong><mark style=\"background-color:rgba(0, 0, 0, 0)\" class=\"has-inline-color has-luminous-vivid-orange-color\">EXPO<\/mark><\/strong><br><br><mark style=\"background-color:rgba(0, 0, 0, 0)\" class=\"has-inline-color has-vivid-cyan-blue-color\"><strong><a href=\"https:\/\/www.alianzafrancesamx.edu.mx\/cultura\/item\/1342-fabian-giles\">ALIANZA FRANCESA CIUDAD DE M\u00c9XICO. SEDE DEL VALLE<\/a><\/strong> <br><br><em><strong>Of Mole, of chilli and of butter.<\/strong>  <\/em><a href=\"http:\/\/www.cortarypegarfestival.com\"> OPEN Tuesdays to fridays 10-18 hrs  Saturdays 9-14 hrs. FINISHED August 2nd, 2025 .<\/a><br><strong>De Mole, de chile y de manteca<\/strong>. <a href=\"http:\/\/www.cortarypegarfestival.com\">Martes a viernes 10-18 hrs. S\u00e1bados 9-14 hrs. <\/a><br><a href=\"http:\/\/www.cortarypegarfestival.com\">HASTA EL 2 de agosto, 2025.<\/a><br><em><strong>De Mole, de piment et de de beurre. <\/strong><a href=\"http:\/\/www.cortarypegarfestival.com\">Mardi au vendredi de 10h \u00e0 18h, le samedi de 9h \u00e0 14h FIN LE 2 ao\u00fbt 2025<\/a><\/em><\/mark><\/p>\n\n\n\n<p><mark style=\"background-color:rgba(0, 0, 0, 0)\" class=\"has-inline-color has-vivid-cyan-blue-color\"><strong>\u00daLTIMO D\u00cdA y VISITA GUIADA<\/strong> a la exposici\u00f3n<\/mark><br><mark style=\"background-color:rgba(0, 0, 0, 0)\" class=\"has-inline-color has-vivid-cyan-blue-color\"><strong>\u201cDe MOLE, de chile y de manteca\u201d<\/strong> previa a la clausura.<\/mark><br><strong>S\u00e1bado 2 de agosto de 13 a 14 horas.<\/strong><br><mark style=\"background-color:rgba(0, 0, 0, 0)\" class=\"has-inline-color has-vivid-cyan-blue-color\">en la<\/mark> <a href=\"https:\/\/www.facebook.com\/AFCDMX?__cft__[0]=AZUgyLLgWJ_6EaI7PG9GV5YFbDyISXoC3LbrfLs_fAv5WGI39Ldr4Pn_XQYT081BgCZjTLZn7jT9VuscId8itR4gBVNAT4ddrF_BjKCiRq7j1RaFYkq9wGPZOSp315nyAXBpGnxpH8vZBDgWE_by0P8lgIv2sT4xE7TQ5nUex-Ujkg&amp;__tn__=-]K-R\"><mark style=\"background-color:rgba(0, 0, 0, 0)\" class=\"has-inline-color has-vivid-red-color\">Alianza Francesa Ciudad de M\u00e9xico<\/mark><\/a><br><strong>Sede Del Valle <\/strong>Patricio Sanz 1056 Col. Del Valle<\/p>\n\n\n\n<figure class=\"wp-block-image size-large\"><img loading=\"lazy\" decoding=\"async\" width=\"791\" height=\"1024\" src=\"http:\/\/www.fabiangiles.com\/V5.1\/wp-content\/uploads\/2025\/07\/VISITAGUIADADelValle-791x1024.jpg\" alt=\"\" class=\"wp-image-1392\" srcset=\"https:\/\/www.fabiangiles.com\/V5.1\/wp-content\/uploads\/2025\/07\/VISITAGUIADADelValle-791x1024.jpg 791w, https:\/\/www.fabiangiles.com\/V5.1\/wp-content\/uploads\/2025\/07\/VISITAGUIADADelValle-232x300.jpg 232w, https:\/\/www.fabiangiles.com\/V5.1\/wp-content\/uploads\/2025\/07\/VISITAGUIADADelValle-768x994.jpg 768w, https:\/\/www.fabiangiles.com\/V5.1\/wp-content\/uploads\/2025\/07\/VISITAGUIADADelValle-1187x1536.jpg 1187w, https:\/\/www.fabiangiles.com\/V5.1\/wp-content\/uploads\/2025\/07\/VISITAGUIADADelValle-1583x2048.jpg 1583w, https:\/\/www.fabiangiles.com\/V5.1\/wp-content\/uploads\/2025\/07\/VISITAGUIADADelValle-scaled.jpg 1978w\" sizes=\"auto, (max-width: 767px) 89vw, (max-width: 1000px) 54vw, (max-width: 1071px) 543px, 580px\" \/><\/figure>\n\n\n\n<figure class=\"wp-block-embed is-type-video is-provider-youtube wp-block-embed-youtube wp-embed-aspect-16-9 wp-has-aspect-ratio\"><div class=\"wp-block-embed__wrapper\">\n<iframe loading=\"lazy\" title=\"De Mole de chile y de Manteca Final\" width=\"525\" height=\"295\" src=\"https:\/\/www.youtube.com\/embed\/rJzJDAvMFgI?feature=oembed\" frameborder=\"0\" allow=\"accelerometer; autoplay; clipboard-write; encrypted-media; gyroscope; picture-in-picture; web-share\" referrerpolicy=\"strict-origin-when-cross-origin\" allowfullscreen><\/iframe>\n<\/div><\/figure>\n\n\n\n<p><strong><mark style=\"background-color:rgba(0, 0, 0, 0)\" class=\"has-inline-color has-luminous-vivid-orange-color\">EBOOKS<\/mark><\/strong><br><br><mark style=\"background-color:rgba(0, 0, 0, 0)\" class=\"has-inline-color has-vivid-cyan-blue-color\"><em><a href=\"https:\/\/www.cortarypegarfestival.com\/.cm4all\/uproc.php\/0\/2025\/DeMOLEdechileydeManteca-FabianGiles_compressed.pdf?cdp=a&amp;_=19765e122a5\"><strong>Download<\/strong> <\/a>for FREE, digital catalogue of exhibition <\/em><br><strong><a href=\"https:\/\/www.cortarypegarfestival.com\/.cm4all\/uproc.php\/0\/2025\/DeMOLEdechileydeManteca-FabianGiles_compressed.pdf?cdp=a&amp;_=19765e122a5\">Descarga<\/a><\/strong> GRATIS del cat\u00e1logo digItal de la exposici\u00f3n<br><em><strong><a href=\"https:\/\/www.cortarypegarfestival.com\/.cm4all\/uproc.php\/0\/2025\/DeMOLEdechileydeManteca-FabianGiles_compressed.pdf?cdp=a&amp;_=19765e122a5\">T\u00e9l\u00e9chargez <\/a><\/strong>GRATUIT le catalogue num\u00e9rique de l&#8217;exposition<\/em><\/mark><\/p>\n\n\n\n<figure class=\"wp-block-image size-large\"><a href=\"https:\/\/www.cortarypegarfestival.com\/.cm4all\/uproc.php\/0\/2025\/DeMOLEdechileydeManteca-FabianGiles_compressed.pdf?cdp=a&amp;_=19765e122a5\"><img loading=\"lazy\" decoding=\"async\" width=\"791\" height=\"1024\" src=\"http:\/\/www.fabiangiles.com\/V5.1\/wp-content\/uploads\/2025\/06\/PortadaCatalogo-791x1024.jpg\" alt=\"\" class=\"wp-image-1184\" srcset=\"https:\/\/www.fabiangiles.com\/V5.1\/wp-content\/uploads\/2025\/06\/PortadaCatalogo-791x1024.jpg 791w, https:\/\/www.fabiangiles.com\/V5.1\/wp-content\/uploads\/2025\/06\/PortadaCatalogo-232x300.jpg 232w, https:\/\/www.fabiangiles.com\/V5.1\/wp-content\/uploads\/2025\/06\/PortadaCatalogo-768x994.jpg 768w, https:\/\/www.fabiangiles.com\/V5.1\/wp-content\/uploads\/2025\/06\/PortadaCatalogo-1187x1536.jpg 1187w, https:\/\/www.fabiangiles.com\/V5.1\/wp-content\/uploads\/2025\/06\/PortadaCatalogo-1583x2048.jpg 1583w, https:\/\/www.fabiangiles.com\/V5.1\/wp-content\/uploads\/2025\/06\/PortadaCatalogo-scaled.jpg 1978w\" sizes=\"auto, (max-width: 767px) 89vw, (max-width: 1000px) 54vw, (max-width: 1071px) 543px, 580px\" \/><\/a><\/figure>\n\n\n<div class=\"wp-block-image\">\n<figure class=\"aligncenter size-full is-resized\"><img loading=\"lazy\" decoding=\"async\" width=\"562\" height=\"545\" src=\"http:\/\/www.fabiangiles.com\/V5.1\/wp-content\/uploads\/2025\/04\/FABIANGILES2D.png\" alt=\"\" class=\"wp-image-205\" style=\"width:52px;height:auto\" srcset=\"https:\/\/www.fabiangiles.com\/V5.1\/wp-content\/uploads\/2025\/04\/FABIANGILES2D.png 562w, https:\/\/www.fabiangiles.com\/V5.1\/wp-content\/uploads\/2025\/04\/FABIANGILES2D-300x291.png 300w\" sizes=\"auto, (max-width: 562px) 100vw, 562px\" \/><\/figure>\n<\/div>\n\n\n<p><strong><mark style=\"background-color:rgba(0, 0, 0, 0)\" class=\"has-inline-color has-luminous-vivid-orange-color\">EXPO<\/mark><\/strong><br><br><em><mark style=\"background-color:rgba(0, 0, 0, 0)\" class=\"has-inline-color has-vivid-red-color\">The work <strong>Donald McTrump<\/strong> is available and it was part of collective exhibition against Imperialism and other calamities at a <a href=\"https:\/\/www.aguafuertegaleria.com\/\">Aguafuerte Gallery<\/a> in Mexico City.<\/mark><\/em><br>Free admitance. Which OPENING was on <em> Thursday May 22,  7 PM    118 Guanajuato St.<\/em><br><em>Roma Neighbourhood, Mexico City<\/em> <em><strong>UNTIL JUNE 15, 2025<\/strong><\/em>. Tuesday to saturday 12 to 20 hrs.<\/p>\n\n\n\n<p><mark style=\"background-color:rgba(0, 0, 0, 0)\" class=\"has-inline-color has-vivid-red-color\">La pieza <strong>Donald McTrump<\/strong> estuvo disponible y fue parte de la exhibici\u00f3n colectiva contra el Imperialismo y otras calamidades en <a href=\"https:\/\/www.facebook.com\/aguafuertegaleria?__cft__[0]=AZU0FBgslRZxjiB9WF_nx3Hfrd4gt4vcjqGlE7zERQ9E8j87m0yjcua-ernP9HnRup3yuBZZN3JIofJNHVQGyXRAK1g3q_2Uae-nVWEx6_em9v-S8pAB4aXqepliu2SnVjFi-H5sKZfmVYgv-sO_Sk6zmfWAawGXUkipq7IgDjML2w&amp;__tn__=-]K-R\">Aguafuerte Galer\u00eda de Arte<\/a> en la Ciudad de M\u00e9xico. <\/mark><strong>HASTA EL 15 DE JUNIO DE 2025<\/strong>. Martes a s\u00e1bado de 12 a 20 hrs. Entrada Libre. <strong>INAUGURACI\u00d3N<\/strong> se realiz\u00f3 el Jueves 22 de mayo, 19 hrs.<strong> <\/strong>Guanajuato 118, Col. Roma<br>Ciudad de M\u00e9xico<\/p>\n\n\n\n<figure class=\"wp-block-image size-full is-resized\"><img loading=\"lazy\" decoding=\"async\" width=\"630\" height=\"630\" src=\"https:\/\/www.fabiangiles.com\/V5.1\/wp-content\/uploads\/2025\/04\/DonaldMcTrump-freegar.jpg\" alt=\"\" class=\"wp-image-107\" style=\"width:674px;height:auto\" srcset=\"https:\/\/www.fabiangiles.com\/V5.1\/wp-content\/uploads\/2025\/04\/DonaldMcTrump-freegar.jpg 630w, https:\/\/www.fabiangiles.com\/V5.1\/wp-content\/uploads\/2025\/04\/DonaldMcTrump-freegar-300x300.jpg 300w, https:\/\/www.fabiangiles.com\/V5.1\/wp-content\/uploads\/2025\/04\/DonaldMcTrump-freegar-150x150.jpg 150w, https:\/\/www.fabiangiles.com\/V5.1\/wp-content\/uploads\/2025\/04\/DonaldMcTrump-freegar-100x100.jpg 100w\" sizes=\"auto, (max-width: 630px) 100vw, 630px\" \/><\/figure>\n\n\n\n<figure class=\"wp-block-embed is-type-video is-provider-youtube wp-block-embed-youtube wp-embed-aspect-16-9 wp-has-aspect-ratio\"><div class=\"wp-block-embed__wrapper\">\n<iframe loading=\"lazy\" title=\"Exposici\u00f3n Imperialismo y otras calamidades Entrevista con Israel Alvarado Torres\" width=\"525\" height=\"295\" src=\"https:\/\/www.youtube.com\/embed\/O70StFt0xPI?feature=oembed\" frameborder=\"0\" allow=\"accelerometer; autoplay; clipboard-write; encrypted-media; gyroscope; picture-in-picture; web-share\" referrerpolicy=\"strict-origin-when-cross-origin\" allowfullscreen><\/iframe>\n<\/div><\/figure>\n\n\n<div class=\"wp-block-image\">\n<figure class=\"aligncenter size-full is-resized\"><img loading=\"lazy\" decoding=\"async\" width=\"562\" height=\"545\" src=\"http:\/\/www.fabiangiles.com\/V5.1\/wp-content\/uploads\/2025\/04\/FABIANGILES2D.png\" alt=\"\" class=\"wp-image-205\" style=\"width:52px;height:auto\" srcset=\"https:\/\/www.fabiangiles.com\/V5.1\/wp-content\/uploads\/2025\/04\/FABIANGILES2D.png 562w, https:\/\/www.fabiangiles.com\/V5.1\/wp-content\/uploads\/2025\/04\/FABIANGILES2D-300x291.png 300w\" sizes=\"auto, (max-width: 562px) 100vw, 562px\" \/><\/figure>\n<\/div>\n\n\n<p><strong><mark style=\"background-color:rgba(0, 0, 0, 0)\" class=\"has-inline-color has-luminous-vivid-orange-color\">EBOOKS<\/mark><\/strong><br><br><mark style=\"background-color:rgba(0, 0, 0, 0)\" class=\"has-inline-color has-vivid-cyan-blue-color\"><em><strong>COLLAGE &amp; URBAN<\/strong>, next launching for self publishing <a href=\"https:\/\/www.fabiangiles.com\/V5.1\/digital\/ebooks-2\/collage-urban\/\" data-type=\"page\" data-id=\"938\"><strong>ebook<\/strong><\/a> coming on 2026 .<\/em>\/<\/mark><br><mark style=\"background-color:rgba(0, 0, 0, 0)\" class=\"has-inline-color has-vivid-cyan-blue-color\"><br><strong>COLLAGE URBANO<\/strong>, pr\u00f3ximo lanzamiento de <strong><a href=\"https:\/\/www.fabiangiles.com\/V5.1\/digital\/ebooks-2\/collage-urban\/\" data-type=\"page\" data-id=\"938\">libro electr\u00f3nico<\/a><\/strong> autopublicado<\/mark> en 2026<\/p>\n\n\n\n<figure class=\"wp-block-image size-large\"><a href=\"https:\/\/www.fabiangiles.com\/V5.1\/digital\/ebooks-2\/collage-urban\/\"><img loading=\"lazy\" decoding=\"async\" width=\"791\" height=\"1024\" src=\"https:\/\/www.fabiangiles.com\/V5.1\/wp-content\/uploads\/2025\/04\/COLLAGE-URBAN-Cover-791x1024.jpg\" alt=\"\" class=\"wp-image-113\" srcset=\"https:\/\/www.fabiangiles.com\/V5.1\/wp-content\/uploads\/2025\/04\/COLLAGE-URBAN-Cover-791x1024.jpg 791w, https:\/\/www.fabiangiles.com\/V5.1\/wp-content\/uploads\/2025\/04\/COLLAGE-URBAN-Cover-232x300.jpg 232w, https:\/\/www.fabiangiles.com\/V5.1\/wp-content\/uploads\/2025\/04\/COLLAGE-URBAN-Cover-768x994.jpg 768w, https:\/\/www.fabiangiles.com\/V5.1\/wp-content\/uploads\/2025\/04\/COLLAGE-URBAN-Cover-1187x1536.jpg 1187w, https:\/\/www.fabiangiles.com\/V5.1\/wp-content\/uploads\/2025\/04\/COLLAGE-URBAN-Cover-1583x2048.jpg 1583w, https:\/\/www.fabiangiles.com\/V5.1\/wp-content\/uploads\/2025\/04\/COLLAGE-URBAN-Cover-scaled.jpg 1978w\" sizes=\"auto, (max-width: 767px) 89vw, (max-width: 1000px) 54vw, (max-width: 1071px) 543px, 580px\" \/><\/a><\/figure>\n\n\n<div class=\"wp-block-image\">\n<figure class=\"aligncenter size-full is-resized\"><img loading=\"lazy\" decoding=\"async\" width=\"562\" height=\"545\" src=\"http:\/\/www.fabiangiles.com\/V5.1\/wp-content\/uploads\/2025\/04\/FABIANGILES2D.png\" alt=\"\" class=\"wp-image-205\" style=\"width:52px;height:auto\" srcset=\"https:\/\/www.fabiangiles.com\/V5.1\/wp-content\/uploads\/2025\/04\/FABIANGILES2D.png 562w, https:\/\/www.fabiangiles.com\/V5.1\/wp-content\/uploads\/2025\/04\/FABIANGILES2D-300x291.png 300w\" sizes=\"auto, (max-width: 562px) 100vw, 562px\" \/><\/figure>\n<\/div>\n\n\n<p><strong><mark style=\"background-color:rgba(0, 0, 0, 0)\" class=\"has-inline-color has-luminous-vivid-orange-color\">TSHIRTS<\/mark><\/strong> \/ <strong><mark><mark style=\"background-color:rgba(0, 0, 0, 0)\" class=\"has-inline-color has-luminous-vivid-orange-color\">PLAYERAS<\/mark><\/mark><\/strong><br><br><em><mark style=\"background-color:rgba(0, 0, 0, 0);color:#630cb3\" class=\"has-inline-color\">At least!!! <\/mark><\/em><mark style=\"background-color:rgba(0, 0, 0, 0)\" class=\"has-inline-color has-vivid-purple-color\"><em><a href=\"https:\/\/www.teepublic.com\/user\/fabiangiles\">Official tshirts<\/a> <\/em><\/mark><em><mark style=\"background-color:rgba(0, 0, 0, 0);color:#630cb3\" class=\"has-inline-color\">designs for <strong>COLLAGE FESTIVAL Cut and Paste<\/strong><\/mark><\/em><br><mark style=\"background-color:rgba(0, 0, 0, 0)\" class=\"has-inline-color has-vivid-purple-color\"><br><\/mark><mark style=\"background-color:rgba(0, 0, 0, 0);color:#630cb3\" class=\"has-inline-color\">\u00a1\u00a1\u00a1Por fin!! <\/mark><mark style=\"background-color:rgba(0, 0, 0, 0)\" class=\"has-inline-color has-vivid-purple-color\"><a href=\"https:\/\/www.teepublic.com\/user\/fabiangiles\">Las playeras oficiales<\/a> <\/mark><mark style=\"background-color:rgba(0, 0, 0, 0);color:#630cb3\" class=\"has-inline-color\">del <strong>FESTIVAL DE COLLAGE Cortar y Pegar<\/strong><\/mark><\/p>\n\n\n\n<figure class=\"wp-block-image size-full\"><a href=\"https:\/\/www.teepublic.com\/user\/fabiangiles\"><img loading=\"lazy\" decoding=\"async\" width=\"630\" height=\"630\" src=\"https:\/\/www.fabiangiles.com\/V5.1\/wp-content\/uploads\/2025\/04\/4-PlayeraCyP.jpg\" alt=\"\" class=\"wp-image-144\" srcset=\"https:\/\/www.fabiangiles.com\/V5.1\/wp-content\/uploads\/2025\/04\/4-PlayeraCyP.jpg 630w, https:\/\/www.fabiangiles.com\/V5.1\/wp-content\/uploads\/2025\/04\/4-PlayeraCyP-300x300.jpg 300w, https:\/\/www.fabiangiles.com\/V5.1\/wp-content\/uploads\/2025\/04\/4-PlayeraCyP-150x150.jpg 150w, https:\/\/www.fabiangiles.com\/V5.1\/wp-content\/uploads\/2025\/04\/4-PlayeraCyP-100x100.jpg 100w\" sizes=\"auto, (max-width: 630px) 100vw, 630px\" \/><\/a><\/figure>\n\n\n\n<p><\/p>\n\n\n<div class=\"wp-block-image\">\n<figure class=\"aligncenter size-full is-resized\"><img loading=\"lazy\" decoding=\"async\" width=\"562\" height=\"545\" src=\"http:\/\/www.fabiangiles.com\/V5.1\/wp-content\/uploads\/2025\/04\/FABIANGILES2D.png\" alt=\"\" class=\"wp-image-205\" style=\"width:52px;height:auto\" srcset=\"https:\/\/www.fabiangiles.com\/V5.1\/wp-content\/uploads\/2025\/04\/FABIANGILES2D.png 562w, https:\/\/www.fabiangiles.com\/V5.1\/wp-content\/uploads\/2025\/04\/FABIANGILES2D-300x291.png 300w\" sizes=\"auto, (max-width: 562px) 100vw, 562px\" \/><\/figure>\n<\/div>\n\n\n<p><strong><mark style=\"background-color:rgba(0, 0, 0, 0)\" class=\"has-inline-color has-luminous-vivid-orange-color\">EBOOKS<\/mark><\/strong><br><br><em><strong><mark style=\"background-color:rgba(0, 0, 0, 0)\" class=\"has-inline-color has-black-color\">Februllage 2025<\/mark><\/strong><mark style=\"background-color:rgba(0, 0, 0, 0)\" class=\"has-inline-color has-vivid-cyan-blue-color\">, self publishing ebook available on<\/mark> <a href=\"https:\/\/books.apple.com\/mx\/book\/februllage-2025\/id6742467918\"><mark style=\"background-color:rgba(0, 0, 0, 0)\" class=\"has-inline-color has-luminous-vivid-orange-color\">Apple Books<\/mark><\/a>.<\/em> \/<br><br><strong>Februllage 2025<\/strong>,<mark style=\"background-color:rgba(0, 0, 0, 0)\" class=\"has-inline-color has-vivid-cyan-blue-color\"> libro auto publicado disponible en<\/mark> <a href=\"https:\/\/books.apple.com\/mx\/book\/februllage-2025\/id6742467918\"><mark style=\"background-color:rgba(0, 0, 0, 0)\" class=\"has-inline-color has-luminous-vivid-orange-color\">Apple Books<\/mark><\/a><\/p>\n\n\n\n<figure class=\"wp-block-image size-large\"><a href=\"https:\/\/books.apple.com\/mx\/book\/februllage-2025\/id6742467918\"><img loading=\"lazy\" decoding=\"async\" width=\"790\" height=\"1024\" src=\"https:\/\/www.fabiangiles.com\/V5.1\/wp-content\/uploads\/2025\/04\/Portada-Februllage-2025-2-790x1024.jpg\" alt=\"\" class=\"wp-image-123\" srcset=\"https:\/\/www.fabiangiles.com\/V5.1\/wp-content\/uploads\/2025\/04\/Portada-Februllage-2025-2-790x1024.jpg 790w, https:\/\/www.fabiangiles.com\/V5.1\/wp-content\/uploads\/2025\/04\/Portada-Februllage-2025-2-231x300.jpg 231w, https:\/\/www.fabiangiles.com\/V5.1\/wp-content\/uploads\/2025\/04\/Portada-Februllage-2025-2-768x996.jpg 768w, https:\/\/www.fabiangiles.com\/V5.1\/wp-content\/uploads\/2025\/04\/Portada-Februllage-2025-2.jpg 1063w\" sizes=\"auto, (max-width: 767px) 89vw, (max-width: 1000px) 54vw, (max-width: 1071px) 543px, 580px\" \/><\/a><\/figure>\n\n\n<div class=\"wp-block-image\">\n<figure class=\"aligncenter size-full is-resized\"><img loading=\"lazy\" decoding=\"async\" width=\"562\" height=\"545\" src=\"http:\/\/www.fabiangiles.com\/V5.1\/wp-content\/uploads\/2025\/04\/FABIANGILES2D.png\" alt=\"\" class=\"wp-image-205\" style=\"width:52px;height:auto\" srcset=\"https:\/\/www.fabiangiles.com\/V5.1\/wp-content\/uploads\/2025\/04\/FABIANGILES2D.png 562w, https:\/\/www.fabiangiles.com\/V5.1\/wp-content\/uploads\/2025\/04\/FABIANGILES2D-300x291.png 300w\" sizes=\"auto, (max-width: 562px) 100vw, 562px\" \/><\/figure>\n<\/div>\n\n\n<p><\/p>\n","protected":false},"excerpt":{"rendered":"<p>COLLAGE \/ EBOOKS Now is available Digital Memory of Cortar y Pegar Festival de Collage de la CDMX (Cut and Paste Mexico City\u00b4s Collage Festival) on Apple Books, Amazon Kindle &amp; Google Play. Ahora est\u00e1 disponible la Memoria Digital del Cortar y Pegar Festival de Collage de la CDMX en Apple Books, Amazon Kindle y &hellip; <\/p>\n<p class=\"link-more\"><a href=\"https:\/\/www.fabiangiles.com\/V5.1\/2025-2\/\" class=\"more-link\">Continue reading<span class=\"screen-reader-text\"> &#8220;2025&#8221;<\/span><\/a><\/p>\n","protected":false},"author":1,"featured_media":0,"parent":0,"menu_order":0,"comment_status":"closed","ping_status":"closed","template":"","meta":{"footnotes":""},"class_list":["post-1837","page","type-page","status-publish","hentry"],"_links":{"self":[{"href":"https:\/\/www.fabiangiles.com\/V5.1\/wp-json\/wp\/v2\/pages\/1837","targetHints":{"allow":["GET"]}}],"collection":[{"href":"https:\/\/www.fabiangiles.com\/V5.1\/wp-json\/wp\/v2\/pages"}],"about":[{"href":"https:\/\/www.fabiangiles.com\/V5.1\/wp-json\/wp\/v2\/types\/page"}],"author":[{"embeddable":true,"href":"https:\/\/www.fabiangiles.com\/V5.1\/wp-json\/wp\/v2\/users\/1"}],"replies":[{"embeddable":true,"href":"https:\/\/www.fabiangiles.com\/V5.1\/wp-json\/wp\/v2\/comments?post=1837"}],"version-history":[{"count":1,"href":"https:\/\/www.fabiangiles.com\/V5.1\/wp-json\/wp\/v2\/pages\/1837\/revisions"}],"predecessor-version":[{"id":1838,"href":"https:\/\/www.fabiangiles.com\/V5.1\/wp-json\/wp\/v2\/pages\/1837\/revisions\/1838"}],"wp:attachment":[{"href":"https:\/\/www.fabiangiles.com\/V5.1\/wp-json\/wp\/v2\/media?parent=1837"}],"curies":[{"name":"wp","href":"https:\/\/api.w.org\/{rel}","templated":true}]}}