{"id":291,"date":"2025-04-14T20:59:43","date_gmt":"2025-04-14T20:59:43","guid":{"rendered":"https:\/\/www.fabiangiles.com\/V5.1\/?page_id=291"},"modified":"2026-04-17T20:24:25","modified_gmt":"2026-04-17T20:24:25","slug":"expo-2","status":"publish","type":"page","link":"https:\/\/www.fabiangiles.com\/V5.1\/about\/expo-2\/","title":{"rendered":"EXPOS 2"},"content":{"rendered":"\n<p><strong><mark style=\"background-color:rgba(0, 0, 0, 0)\" class=\"has-inline-color has-luminous-vivid-orange-color\">EXHIBICIONES (EN L\u00cdNEA Y PRESENCIAL)<\/mark><\/strong><\/p>\n\n\n\n<p><\/p>\n\n\n\n<p><em><strong>\u201cTRUMP ASS\u201d<\/strong><br>Exposici\u00f3n VIRTUAL<br>Enero 4 a Mayo 9, 2026<br><a href=\"https:\/\/www.saatchiart.com\/en-mx\/art-collection\/TRUMP-ass\/1544619\/369481\/view\">Saatchi Art<\/a><br>Organizada por Freegar.net<\/em><\/p>\n\n\n\n<p><a href=\"https:\/\/www.saatchiart.com\/en-mx\/art-collection\/TRUMP-ass\/1544619\/369481\/view\"><mark style=\"background-color:rgba(0, 0, 0, 0)\" class=\"has-inline-color has-luminous-vivid-orange-color\">https:\/\/www.saatchiart.com\/en-mx\/art-collection\/TRUMP-ass\/1544619\/369481\/view<\/mark><\/a><\/p>\n\n\n\n<p><\/p>\n\n\n\n<p><em><strong>\u201cp\u00edcnic Collage \u201d<\/strong><br><\/em>Exhibici\u00f3n col\u00e9ctiva ef\u00edmera<br>Noviembre 8, 2025<em><br><a href=\"https:\/\/www.facebook.com\/VinculaCultura\/posts\/el-collage-ha-sido-un-referente-activo-en-la-cultura-popular-y-por-eso-nos-sumam\/1425149286288813\/\">Pabell\u00f3n de Cultura Comunitaria<\/a><br><\/em>Organizado por Cortar y Pegar <br><a href=\"https:\/\/www.facebook.com\/VinculaCultura\/posts\/el-collage-ha-sido-un-referente-activo-en-la-cultura-popular-y-por-eso-nos-sumam\/1425149286288813\/\"><mark style=\"background-color:rgba(0, 0, 0, 0)\" class=\"has-inline-color has-luminous-vivid-orange-color\">https:\/\/www.facebook.com\/VinculaCultura\/posts\/el-collage-ha-sido-un-referente-activo-en-la-cultura-popular-y-por-eso-nos-sumam\/1425149286288813\/<\/mark><\/a><mark style=\"background-color:rgba(0, 0, 0, 0)\" class=\"has-inline-color has-vivid-purple-color\"><br><\/mark><a href=\"https:\/\/culturacomunitaria.cultura.gob.mx\/cartelera\/detalle\/picnic-collage\"><mark style=\"background-color:rgba(0, 0, 0, 0)\" class=\"has-inline-color has-luminous-vivid-orange-color\">https:\/\/culturacomunitaria.cultura.gob.mx\/cartelera\/detalle\/picnic-collage<\/mark><\/a><\/p>\n\n\n\n<p><strong>\u201cHECHO EN M\u00c9XICO\u201d<\/strong><br>Exposici\u00f3n colectiva<br>Septiembre 11 a Octubre 5, 2025<br><a href=\"https:\/\/www.aguafuertegaleria.com\/_files\/ugd\/de53d9_73d3d96cbdf64b2aa695a864d7771459.pdf\">Aguafuerte Galer\u00eda<\/a><br>Organizado por Israel Alvarado<br><a href=\"https:\/\/www.aguafuertegaleria.com\/_files\/ugd\/de53d9_f9e9ddac8e9f469591f686ad18d9dc3d.pdf\"><mark style=\"background-color:rgba(0, 0, 0, 0)\" class=\"has-inline-color has-luminous-vivid-orange-color\">https:\/\/www.aguafuertegaleria.com\/_files\/ugd\/de53d9_f9e9ddac8e9f469591f686ad18d9dc3d.pdf<\/mark><\/a><\/p>\n\n\n\n<p><\/p>\n\n\n\n<p><em><strong>\u201cSTREET &amp; POP ART\u201d<\/strong><\/em><br>Exposici\u00f3n colectiva<br>Agosto 14 a Septiembre 7, 2025<br><a href=\"https:\/\/www.aguafuertegaleria.com\/_files\/ugd\/de53d9_73d3d96cbdf64b2aa695a864d7771459.pdf\">Aguafuerte Galer\u00eda<\/a><br>Organizado por Israel Alvarado<br><a href=\"https:\/\/www.aguafuertegaleria.com\/_files\/ugd\/de53d9_55bbfbd2025947d0961222ae1d73c497.pdf\"><mark style=\"background-color:rgba(0, 0, 0, 0)\" class=\"has-inline-color has-luminous-vivid-orange-color\">https:\/\/www.aguafuertegaleria.com\/_files\/ugd\/de53d9_55bbfbd2025947d0961222ae1d73c497.pdf<\/mark><\/a><br><\/p>\n\n\n\n<p><em><strong>\u201cDe mole, de chile y de colores\u201d<\/strong><br> Exhibici\u00f3n de Fabi\u00e1n Giles y Ely Cam<br>Agosto 11 al 20, 2025<br>Pulquer\u00eda Insurgentes<br>Organizada por Paraiso Terrenal<\/em><br><a href=\"https:\/\/www.instagram.com\/p\/DMMJk9IOVNA\/?hl=es\"><mark style=\"background-color:rgba(0, 0, 0, 0)\" class=\"has-inline-color has-luminous-vivid-orange-color\">https:\/\/www.instagram.com\/p\/DMMJk9IOVNA\/?hl=es<\/mark><\/a><br><\/p>\n\n\n\n<p><strong>LCDLF COLLAGES \/ LA CASA DE LOS FAMOSOS COLLAGES<\/strong><br>Exhibici\u00f3n en l\u00ednea<br>Julio 2025 \u2013 Agosto 2025<br>Saatchi Art Gallery<br><a href=\"https:\/\/www.saatchiart.com\/en-mx\/art-collection\/collage-photography-mixed-media-digital\/LCDLF-COLLAGES\/554617\/875659\/view\"><mark style=\"background-color:rgba(0, 0, 0, 0)\" class=\"has-inline-color has-luminous-vivid-orange-color\">https:\/\/www.saatchiart.com\/en-mx\/art-collection\/collage-photography-mixed-media-digital\/LCDLF-COLLAGES\/554617\/875659\/view<\/mark><\/a><\/p>\n\n\n\n<p><strong>El Collage y Francia vistos desde M\u00e9xico<\/strong><br>Una breve selecci\u00f3n<br>5 de junio al 7 de agosto de 2025<br>Alianza Francesa Ciudad de M\u00e9xico sede Interlomas<br>Organizada por Coordinaci\u00f3n Cultural de la Alianza Francesa CDMX<br>y Cortar y Pegar Festival de Collage de la CDMX 2024\u2028<br><a href=\"https:\/\/www.instagram.com\/reel\/DNEnvi5pDh6\/\"><mark style=\"background-color:rgba(0, 0, 0, 0)\" class=\"has-inline-color has-luminous-vivid-orange-color\">https:\/\/www.instagram.com\/reel\/DNEnvi5pDh6\/<\/mark><\/a><br><\/p>\n\n\n\n<p><em><strong>\u201cDe mole, de chile y de manteca\u201d<\/strong><\/em><br>Exposici\u00f3n individual<br>Junio 5 a Agosto 2, 2025<br>Centro Del Valle<br>Organizado por <a href=\"https:\/\/www.instagram.com\/p\/DKa894_CLtT\/\">Alianza Francesa Ciudad de M\u00e9xico<\/a><br><a href=\"https:\/\/www.facebook.com\/share\/p\/17Q3EzqU8H\/\"><mark style=\"background-color:rgba(0, 0, 0, 0)\" class=\"has-inline-color has-luminous-vivid-orange-color\">https:\/\/www.facebook.com\/share\/p\/17Q3EzqU8H\/<\/mark><\/a><br><a href=\"https:\/\/www.instagram.com\/p\/DKa894_CLtT\"><mark style=\"background-color:rgba(0, 0, 0, 0)\" class=\"has-inline-color has-luminous-vivid-orange-color\">https:\/\/www.instagram.com\/p\/DKa894_CLtT<\/mark><\/a><br><\/p>\n\n\n\n<p><em><strong>\u201cIMPERIALISMO Y OTRAS CALAMIDADES\u201d<\/strong><\/em><br>Exposici\u00f3n colectiva<br>Mayo 20 a Junio 15, 2025<br><a href=\"https:\/\/www.aguafuertegaleria.com\/_files\/ugd\/de53d9_73d3d96cbdf64b2aa695a864d7771459.pdf\">Aguafuerte Galer\u00eda<\/a><br>Organizado por Israel Alvarado<br><a href=\"https:\/\/www.aguafuertegaleria.com\/_files\/ugd\/de53d9_73d3d96cbdf64b2aa695a864d7771459.pdf\"><mark style=\"background-color:rgba(0, 0, 0, 0)\" class=\"has-inline-color has-luminous-vivid-orange-color\">https:\/\/www.aguafuertegaleria.com\/_files\/ugd\/de53d9_73d3d96cbdf64b2aa695a864d7771459.pdf<\/mark><\/a><br><\/p>\n\n\n\n<p><strong>\u201cHey Lupe, Lupita mi amor\u201d<\/strong><br>Exposici\u00f3n colectiva<br>Diciembre 12, 2024<br>Ludica Estudio y Galer\u00eda<br>Organizado por Miguel \u00c1ngel Corona \u201cEl Reynito\u201d<br><a href=\"https:\/\/www.jornada.com.mx\/2024\/12\/14\/cultura\/a03n1cul\"><mark style=\"background-color:rgba(0, 0, 0, 0)\" class=\"has-inline-color has-luminous-vivid-orange-color\">https:\/\/www.jornada.com.mx\/2024\/12\/14\/cultura\/a03n1cul<\/mark><\/a><br><\/p>\n\n\n\n<p><strong>El Collage y el poder de la imagen<\/strong><br>Exposici\u00f3n colectiva<br>Septiembre 20 y 21, 2024<br>Centro Cultural Xavier Villaurrutia <br>Organizado por Colectivos Culturales Comunitarios<br>y la Red de FAROS de la Secretar\u00eda de Cultura de la CDMX<br><a href=\"https:\/\/www.facebook.com\/share\/p\/18f2PaA9Ct\/\"><mark style=\"background-color:rgba(0, 0, 0, 0)\" class=\"has-inline-color has-luminous-vivid-orange-color\">https:\/\/www.facebook.com\/share\/p\/18f2PaA9Ct\/<\/mark><\/a><br><\/p>\n\n\n\n<p><strong>CIN\u00c9TICA NI POL\u00cdTICA <\/strong><br>Exhibici\u00f3n de carteles y presentaci\u00f3n de ebook<br>Septiembre 14, 2024<br>El Rule Cultural Center, 3er piso<br><a href=\"https:\/\/www.instagram.com\/p\/C-6l3pdsap2\/\"><mark style=\"background-color:rgba(0, 0, 0, 0)\" class=\"has-inline-color has-luminous-vivid-orange-color\">https:\/\/www.instagram.com\/p\/C-6l3pdsap2\/<\/mark><\/a><br><\/p>\n\n\n\n<p><strong>Evento de cierre del Festival<\/strong> <strong>de Collage de la CDMX 2024<\/strong><br>Intervenci\u00f3n colectiva de basura electoral<br>Agosto 10, 2024<br>Centro Cultural El Rule. Plaza Gabriel Garc\u00eda Marquez.<br><a href=\"https:\/\/www.instagram.com\/p\/C-hD2clumNf\/?utm_source=ig_web_copy_link&amp;igsh=MzRlODBiNWFlZA==\"><mark style=\"background-color:rgba(0, 0, 0, 0)\" class=\"has-inline-color has-luminous-vivid-orange-color\">https:\/\/www.instagram.com\/p\/C-hD2clumNf\/?utm_source=ig_web_copy_link&amp;igsh=MzRlODBiNWFlZA==<\/mark><\/a><\/p>\n\n\n\n<p><strong>M\u00e9xico y la Ciudad<\/strong><br>Exposici\u00f3n colectiva.<br>26 de mayo al 23 de junio<br>Centro Cultural El Rule Galer\u00eda Gris 1er piso<br>Organizada por el colectivo Cortar y Pegar<br>dentro del marco del Festival de Collage de la CDMX 2024<br><a href=\"https:\/\/www.facebook.com\/share\/v\/18VBgJ21k2\/\"><mark style=\"background-color:rgba(0, 0, 0, 0)\" class=\"has-inline-color has-luminous-vivid-orange-color\">https:\/\/www.facebook.com\/share\/v\/18VBgJ21k2\/<\/mark><\/a><a href=\"https:\/\/www.facebook.com\/share\/v\/18VBgJ21k2\/https:\/\/www.instagram.com\/p\/C7en_hhuhkm\/?utm_source=ig_web_copy_link&amp;igsh=MzRlODBiNWFlZA==\"><br><mark style=\"background-color:rgba(0, 0, 0, 0)\" class=\"has-inline-color has-luminous-vivid-orange-color\">https:\/\/www.instagram.com\/p\/C7en_hhuhkm\/?utm_source=ig_web_copy_link&amp;igsh=MzRlODBiNWFlZA==<\/mark><\/a><br><\/p>\n\n\n\n<p><strong>Un collage mexicano<\/strong><br>Exposici\u00f3n colectiva 11 de mayo al 26 de octubre de 2024<br>Alianza Francesa Ciudad de M\u00e9xico sede Interlomas.<br>Organizada por Coordinaci\u00f3n Cultural de la Alianza Francesa CDMX<br>y Cortar y Pegar Festival de Collage de la CDMX 2024<br><a href=\"https:\/\/www.facebook.com\/share\/p\/1EM8zQLmst\/\"><mark style=\"background-color:rgba(0, 0, 0, 0)\" class=\"has-inline-color has-luminous-vivid-orange-color\">https:\/\/www.facebook.com\/share\/p\/1EM8zQLmst\/<\/mark><\/a><br><\/p>\n\n\n\n<p><strong>El Collage y Francia vistos desde M\u00e9xico<\/strong><br>Exposici\u00f3n colectiva.<br>11 de mayo al 16 de junio de 2024<br>Alianza Francesa Ciudad de M\u00e9xico sede Polanco.<br>Organizada por Coordinaci\u00f3n Cultural de la Alianza Francesa CDMX<br>y Cortar y Pegar Festival de Collage de la CDMX 2024\u2028<br><a href=\"https:\/\/www.facebook.com\/photo?fbid=816762083771927&amp;set=a.816765743771561\"><mark style=\"background-color:rgba(0, 0, 0, 0)\" class=\"has-inline-color has-luminous-vivid-orange-color\">https:\/\/www.facebook.com\/photo?fbid=816762083771927&amp;set=a.816765743771561<\/mark><\/a><\/p>\n\n\n\n<p><strong>Un collage mexicano<\/strong><br>Exposici\u00f3n colectiva.<br>1 de julio al 1 de agosto de 2023<br>FARO de Oriente. Galer\u00eda Central<br>Organizada por la Colectivos Culturales Comunitarios<br>y Red de Faros de la Secretar\u00eda de Cultura de la CDMX<br>y el colectivo Cortar y Pegar dentro del marco del Festival<br>de Collage de la CDMX 2023<br><a href=\"https:\/\/www.youtube.com\/watch?v=9acx-pZCNfg&amp;t=592s\"><mark style=\"background-color:rgba(0, 0, 0, 0)\" class=\"has-inline-color has-luminous-vivid-orange-color\">https:\/\/www.youtube.com\/watch?v=9acx-pZCNfg&amp;t=592s<\/mark><\/a><\/p>\n\n\n\n<p><strong>EL ARTE NUNCA MUERE<\/strong><br>Exhibici\u00f3n colectiva<br>Organizada por Miguel \u00c1ngel Corona<br>Noviembre 2022<br>Espacio ArteAcci\u00f3n<br><a href=\"https:\/\/www.facebook.com\/share\/p\/14QKtG8jLq\/\"><mark style=\"background-color:rgba(0, 0, 0, 0)\" class=\"has-inline-color has-luminous-vivid-orange-color\">https:\/\/www.facebook.com\/share\/p\/14QKtG8jLq\/<\/mark><\/a><\/p>\n\n\n\n<p><strong>MAIL ART PROJECT<\/strong><br>Organizado por Photoxyde<br>Septiembre 2022<br>Wattignies, Francia<br><a href=\"https:\/\/www.facebook.com\/photo?fbid=809857690057876&amp;set=a.459937628383219\"><mark style=\"background-color:rgba(0, 0, 0, 0)\" class=\"has-inline-color has-luminous-vivid-orange-color\">https:\/\/www.facebook.com\/photo?fbid=809857690057876&amp;set=a.459937628383219<\/mark><\/a><\/p>\n\n\n\n<p><strong>STARS \/ Estrellas<\/strong><br>Exhibici\u00f3n en l\u00ednea<br>Junio 2021 &#8211; Diciembre 2021<br>Saatchi Art Gallery<br><a href=\"https:\/\/www.saatchiart.com\/en-mx\/art-collection\/collage-mixed-media-photography\/STARS-ESTRELLAS\/554617\/106449\/view\"><mark style=\"background-color:rgba(0, 0, 0, 0)\" class=\"has-inline-color has-luminous-vivid-orange-color\">https:\/\/www.saatchiart.com\/en-mx\/art-collection\/collage-mixed-media-photography\/STARS-ESTRELLAS\/554617\/106449\/view<\/mark><\/a><\/p>\n\n\n\n<p><strong>BLUE BLEU<\/strong><br>Organizado por Quebec Collage<br>Abril &#8211; Mayo 2021<br>Exhibici\u00f3n virtual<br><a href=\"http:\/\/quebeccollage.com\/en\/projects\/blue-world-collage-day-2021\/\"><mark style=\"background-color:rgba(0, 0, 0, 0)\" class=\"has-inline-color has-luminous-vivid-orange-color\">http:\/\/quebeccollage.com\/en\/projects\/blue-world-collage-day-2021\/<\/mark><\/a><br><a href=\"https:\/\/www.instagram.com\/p\/COn4FlDHnqK\/?utm_source=ig_web_copy_link\"><mark style=\"background-color:rgba(0, 0, 0, 0)\" class=\"has-inline-color has-luminous-vivid-orange-color\">https:\/\/www.instagram.com\/p\/COn4FlDHnqK\/?utm_source=ig_web_copy_link<\/mark><\/a><\/p>\n\n\n\n<p><strong>ENFRASCADOS<\/strong><br>Organizado por Red Collage Venezuela<br>Abril -Mayo 2021<br>Exhibici\u00f3n virtual<br><a href=\"https:\/\/www.instagram.com\/p\/COh96CfB5YZ\/?utm_source=ig_web_copy_link\"><mark style=\"background-color:rgba(0, 0, 0, 0)\" class=\"has-inline-color has-luminous-vivid-orange-color\">https:\/\/www.instagram.com\/p\/COh96CfB5YZ\/?utm_source=ig_web_copy_link<\/mark><\/a><\/p>\n\n\n\n<p><\/p>\n\n\n\n<p><strong>FEBRULLAGE 2021<\/strong><br>Organizado por freegar.net<br>Febrero. 2021<br>Exhibici\u00f3n virtual en Saatchi Art<br><a href=\"https:\/\/www.saatchiart.com\/art-collection\/new-media\/Februllage-2021\/554617\/412589\/view\"><mark style=\"background-color:rgba(0, 0, 0, 0)\" class=\"has-inline-color has-luminous-vivid-orange-color\">https:\/\/www.saatchiart.com\/art-collection\/new-media\/Februllage-2021\/554617\/412589\/view<\/mark><\/a><\/p>\n\n\n\n<p><strong>ARCANES MAJEURS<\/strong> (Arcanos Mayores)<br>Organizado por freegar.net<br>Agosto 2020 &#8211; Febrero 2021<br>Exhibici\u00f3n virtual en Saatchi Art<br><a href=\"https:\/\/www.saatchiart.com\/art-collection\/photography\/Arcanes-Majeurs\/554617\/387312\/view\"><mark style=\"background-color:rgba(0, 0, 0, 0)\" class=\"has-inline-color has-luminous-vivid-orange-color\">https:\/\/www.saatchiart.com\/art-collection\/photography\/Arcanes-Majeurs\/554617\/387312\/view<\/mark><\/a><br><\/p>\n\n\n\n<p><strong>POP ART IS NOT DEAD<\/strong><br>Organizado por freegar.net<br>Septiembre2020 &#8211; Febrero 2021<br>Exhibici\u00f3n virtual en Saatchi Art<br><a href=\"https:\/\/www.saatchiart.com\/art-collection\/new-media-photography-collage\/Pop-Art-is-NOT-dead\/1544619\/374787\/view\"><mark style=\"background-color:rgba(0, 0, 0, 0)\" class=\"has-inline-color has-luminous-vivid-orange-color\">https:\/\/www.saatchiart.com\/art-collection\/new-media-photography-collage\/Pop-Art-is-NOT-dead\/1544619\/374787\/view<\/mark><\/a><br><\/p>\n\n\n\n<p><strong>ALTARES PERSONALES<\/strong><br>Organizado por Umbral Espacio de Arte<br>Mayo 2020<br>Buenos Aires, Argentina<br><a href=\"https:\/\/www.umbralespaciodearte.com\/altares\"><mark style=\"background-color:rgba(0, 0, 0, 0)\" class=\"has-inline-color has-luminous-vivid-orange-color\">https:\/\/www.umbralespaciodearte.com\/altares<\/mark><\/a><\/p>\n\n\n\n<p><strong>New Media Fest 2020<\/strong><br>WOWretro exhibici\u00f3n<br>Organizada por Wilfred Agricole de Cologne<br>Mayo 2020<br>CologneOFF<br>Cologne, Germany<br><a href=\"http:\/\/retro.newmediafest.org\/all-artists\/\"><mark style=\"background-color:rgba(0, 0, 0, 0)\" class=\"has-inline-color has-luminous-vivid-orange-color\">http:\/\/retro.newmediafest.org\/all-artists\/<\/mark><\/a><\/p>\n\n\n\n<p><strong>EROS DE NUESTROS TIEMPOS <\/strong><br>Organizda por Israel Alvarado<br>Febrero &#8211; Marzo 2020<br>Aguafuerte Galllery<br>Valquirico, Qro., Mexico<br><a href=\"https:\/\/www.aguafuertegaleria.com.mx\/2020\/02\/22\/eros-de-nuestros-tiempos\/\"><mark style=\"background-color:rgba(0, 0, 0, 0)\" class=\"has-inline-color has-luminous-vivid-orange-color\">https:\/\/www.aguafuertegaleria.com.mx\/2020\/02\/22\/eros-de-nuestros-tiempos\/<\/mark><\/a><\/p>\n\n\n\n<p><strong>SEND ME NUDE LETTERS<\/strong><br>Organizada por Romeo Traversa<br>Diciembre 2019<br>Milan, Italia<br><a href=\"http:\/\/www.sendmenudeletters.com\/fabia-n-giles\"><mark style=\"background-color:rgba(0, 0, 0, 0)\" class=\"has-inline-color has-luminous-vivid-orange-color\">www.sendmenudeletters.com\/fabia-n-giles<\/mark><\/a><\/p>\n\n\n\n<p><strong>INDUSTRIAS CREATIVAS<\/strong><br>Casa Abierta <br>Organizado por Eva Sander<br>Diciembre 2018<br>Residencia Obrera<br>CDMX, Mexico<\/p>\n\n\n\n<p><strong>LO POL\u00cdTICO EN EL ARTE<\/strong><br>Organizado por Israel Alvarado<br>Junio 2018<br>Aguafuerte Galler\u00eda., CDMX<br><a href=\"https:\/\/www.sinembargo.mx\/3426974\/lo-politico-en-el-arte-una-exposicion-de-galeria-aguafuerte\/\"><mark style=\"background-color:rgba(0, 0, 0, 0)\" class=\"has-inline-color has-luminous-vivid-orange-color\">https:\/\/www.sinembargo.mx\/3426974\/lo-politico-en-el-arte-una-exposicion-de-galeria-aguafuerte\/<\/mark><\/a><\/p>\n\n\n\n<p><strong>CIN\u00c9TICA NI POLITICA Poster exhibition<\/strong><br>Organizado por FICEDA<br>Abril 2018\u2028<br>Central de Abasto , CDMX<br><a href=\"https:\/\/youtu.be\/lzQbvZYg9cg\"><mark style=\"background-color:rgba(0, 0, 0, 0)\" class=\"has-inline-color has-luminous-vivid-orange-color\">https:\/\/youtu.be\/lzQbvZYg9cg<\/mark><\/a><\/p>\n\n\n\n<p><br>\u2028\u2028<strong>POST MAIL ART PROJEKT\u2028<\/strong><br>Organizado por Post Art Library\u2028<br>Diciembre 2017- Enero 2018\u2028<br>Joplin, Missouri, USA\u2028<br><a href=\"https:\/\/www.facebook.com\/postmailartprojekt\/\"><mark style=\"background-color:rgba(0, 0, 0, 0)\" class=\"has-inline-color has-luminous-vivid-orange-color\">https:\/\/www.facebook.com\/postmailartprojekt\/<\/mark><\/a><\/p>\n\n\n\n<p><strong>CIN\u00c9TICA NI POLITICA <\/strong><br>Exhibici\u00f3n de carteles<br>Organizado por Cultura Tlalpan<br>\u2028Julio -Agosto2017\u2028<br>Galer\u00eda Cine Villa Ol\u00edmpica\u2028<br>CDMX<br>\u2028<a href=\"http:\/\/bit.ly\/2v5cBcQ\"><mark style=\"background-color:rgba(0, 0, 0, 0)\" class=\"has-inline-color has-luminous-vivid-orange-color\">http:\/\/bit.ly\/2v5cBcQ<\/mark><\/a><\/p>\n\n\n\n<p><strong>UNNATURAL ELECTION<\/strong><br>Organizado por Andrea Arroyo<br>Agosto 2017 Anchorage, Alaska, USA<br>Mayo 2017 Nueva York, NY, USA<br><a href=\"https:\/\/www.facebook.com\/events\/255411211630137?acontext=%7B%22event_action_history%22%3A[%7B%22mechanism%22%3A%22attachment%22%2C%22surface%22%3A%22newsfeed%22%7D]%2C%22ref_notif_type%22%3Anull%7D\"><mark style=\"background-color:rgba(0, 0, 0, 0)\" class=\"has-inline-color has-luminous-vivid-orange-color\">http:\/\/www.unnaturalelection.com<\/mark><\/a><br>\u2028<strong><br>CONVOCATORIA INTERNACIONAL DE ARTE POSTAL\u2028<\/strong><br>Organizado por Manera Negra Taller\u2028<br>Diciembre 2016\u2028<br>Manizales, Colombia<br>\u2028<a href=\"https:\/\/bit.ly\/3ag76d9\"><mark style=\"background-color:rgba(0, 0, 0, 0)\" class=\"has-inline-color has-luminous-vivid-orange-color\">https:\/\/bit.ly\/3ag76d9<\/mark><\/a><\/p>\n\n\n\n<p><br>\u2028\u2028<strong>NOIR NEGRO BLACK\u2028<\/strong><br>Organizado por arteriorismo.com\u2028<br>Curadur\u00eda de Sandra Gael\u2028<br>Octubre 2016\u2028<br>CDMX, M\u00e9xico\u2028\u2028<\/p>\n\n\n\n<p><strong>MAKE: PUBLIC\u2028<\/strong><br>Organizado por one ten park\u2028<br>Octubre 2016\u2028 <br>Windsor, Ontario, CANAD\u00c1<br><a href=\"https:\/\/www.facebook.com\/onetenparkaworkingspace\/?fref=ts\"><mark style=\"background-color:rgba(0, 0, 0, 0)\" class=\"has-inline-color has-luminous-vivid-orange-color\">https:\/\/www.facebook.com\/onetenparkaworkingspace\/?fref=ts<\/mark><\/a><br>\u2028<\/p>\n\n\n\n<p><strong>THE PHOTOCOPY CLUB<\/strong><br>Fotowestival Hit the Road<br>Organizado por The Photocopy Club<br>9-19 Junio 2016<br>Lodz, Polonia<br><a href=\"http:\/\/thephotocopyclub.com\/post\/145647155653\/fabian-giles\"><mark style=\"background-color:rgba(0, 0, 0, 0)\" class=\"has-inline-color has-luminous-vivid-orange-color\">http:\/\/thephotocopyclub.com\/post\/145647155653\/fabian-giles<\/mark><\/a><\/p>\n\n\n\n<p><strong>ONE MINUTE<\/strong><br>One Minute Film\u00acVideo<br>Organizado por Festival ONE MINUTE<br>Aarau, Rep\u00fablica Checa<br>Mayo 6-8, 2016<br><a href=\"http:\/\/www.oneminute.ch\/en\"><mark style=\"background-color:rgba(0, 0, 0, 0)\" class=\"has-inline-color has-luminous-vivid-orange-color\">http:\/\/www.oneminute.ch\/en<\/mark><\/a><\/p>\n\n\n\n<p><strong>NEW YORK BIG APPLE I MAIL ART SHOW<\/strong><br>Organizado por The New York Boyer Foundation<br>Nueva York, NY, USA<br>Diciembre 1-31 2015<br><a href=\"http:\/\/on.fb.me\/1TfAq7G\"><mark style=\"background-color:rgba(0, 0, 0, 0)\" class=\"has-inline-color has-luminous-vivid-orange-color\">http:\/\/on.fb.me\/1TfAq7G<\/mark><\/a><\/p>\n\n\n\n<p><strong>INTERNATIONAL MAIL ART ANNUAL<\/strong><br>Organizado por Art Mart<br>Frederisckburg, VA, USA<br>Diciembre 4-30, 2015<br><a href=\"http:\/\/on.fb.me\/1Rb6M2k\"><mark style=\"background-color:rgba(0, 0, 0, 0)\" class=\"has-inline-color has-luminous-vivid-orange-color\">on.fb.me\/1Rb6M2k<\/mark><\/a><\/p>\n\n\n\n<p><strong>MAIL ART PROJECT<\/strong><br>Organizado por Casa da Cultura Fica<br>Sao Paolo, Brasil<br>Noviembre 2015<br><a href=\"https:\/\/www.facebook.com\/events\/1639683869625196\/\"><mark style=\"background-color:rgba(0, 0, 0, 0)\" class=\"has-inline-color has-luminous-vivid-orange-color\">https:\/\/www.facebook.com\/events\/1639683869625196\/<\/mark><\/a><\/p>\n\n\n\n<p><strong>RETROSPEKTIVE 2015<\/strong><br>Tongue of Angels. Mail ArtProject<br>Organizado por Juliana Hellmundt<br>Berlin, Alemania<br>Noviembre 2015<br><a href=\"https:\/\/www.facebook.com\/Atelier-Juliana-Hellmundt-120522874666697\/\"><mark style=\"background-color:rgba(0, 0, 0, 0)\" class=\"has-inline-color has-luminous-vivid-orange-color\">https:\/\/www.facebook.com\/Atelier-Juliana-Hellmundt-120522874666697\/<\/mark><\/a><\/p>\n\n\n\n<p><strong>CIN\u00c9TICA NI POLITICA Exhibici\u00f3n de carteles<\/strong><br>Organizado por la Casa de la Cultura Azcapotzalco,<br>Octubre 2015. CDMX<br><a href=\"https:\/\/www.youtube.com\/watch?v=IXDWqQAHTmM\"><mark style=\"background-color:rgba(0, 0, 0, 0)\" class=\"has-inline-color has-luminous-vivid-orange-color\">https:\/\/www.youtube.com\/watch?v=IXDWqQAHTmM<\/mark><\/a><\/p>\n\n\n\n<p><strong>EMAIL ART . CONGRESO VIRTUAL UNT<\/strong><br>Organizado por Facultad de Artes, UNT<br>Septiembre 2015<br>San Miguel Tucuman, Argentina<br><a href=\"https:\/\/congresoartes.wordpress.com\/email-art\/ http:\/\/on.fb.me\/1NBjjZs\"><mark style=\"background-color:rgba(0, 0, 0, 0)\" class=\"has-inline-color has-luminous-vivid-orange-color\">https:\/\/congresoartes.wordpress.com\/email-art\/ http:\/\/on.fb.me\/1NBjjZs<\/mark><\/a><\/p>\n\n\n\n<p><strong>META NARRATIVAS<\/strong><br>Organizado por Exposiciones Ibero<br>Agosto-Septiembre 2015<br>Universidad Iberoamericana<br>CDMX<br><a href=\"https:\/\/www.facebook.com\/events\/1676394002592987\/\"><mark style=\"background-color:rgba(0, 0, 0, 0)\" class=\"has-inline-color has-luminous-vivid-orange-color\">https:\/\/www.facebook.com\/events\/1676394002592987\/<\/mark><\/a><\/p>\n\n\n\n<p><br><strong>CIN\u00c9TICA NI POLITICA <\/strong><br><strong>Exhibici\u00f3n de carteles y presentaci\u00f3n de ebook<br><\/strong>Organizado por La Casa del Cine&nbsp;<br>Febrero -Abril 2015<br>CDMX<br><a href=\"http:\/\/lacasadelcine.mx\/cine-tica-ni-politica\/\"><mark style=\"background-color:rgba(0, 0, 0, 0)\" class=\"has-inline-color has-luminous-vivid-orange-color\">http:\/\/lacasadelcine.mx\/cine-tica-ni-politica\/<\/mark><\/a><\/p>\n\n\n\n<p><strong>FOCUS LATIN AMERICA: ART IS OUR LAST HOPE<\/strong><br>Organizado por Phoenix Art Museum<br>Octubre 1 &#8211; Noviembre 24, 2014<br>Phoenix, Arizona, USA<br><a href=\"https:\/\/phxartmail-blog.tumblr.com\"><mark style=\"background-color:rgba(0, 0, 0, 0)\" class=\"has-inline-color has-luminous-vivid-orange-color\">https:\/\/phxartmail-blog.tumblr.com<\/mark><\/a><\/p>\n\n\n\n<p><strong>ILUSTRADORES CON AYOTZINAPA<\/strong><br>Organizado por Irma Evangelina Gallo<br>Octubre 2014<br>CDMX<br><a href=\"http:\/\/ilustradoresconayotzinapa.tumblr.com\"><mark style=\"background-color:rgba(0, 0, 0, 0)\" class=\"has-inline-color has-luminous-vivid-orange-color\">http:\/\/ilustradoresconayotzinapa.tumblr.com<\/mark><\/a><\/p>\n\n\n\n<p><strong>FONLAD 2008<\/strong><br>Online Festival for Digital Arts<br>Organizado por Ancient&#8217;s Students Association of the Arts University of&nbsp;<br>Coimbra, Portugal,&nbsp;<br>Noviembre 2008<br>Foxylandia<br><a href=\"https:\/\/issuu.com\/josevieira\/docs\/fonlad08\"><mark style=\"background-color:rgba(0, 0, 0, 0)\" class=\"has-inline-color has-luminous-vivid-orange-color\">https:\/\/issuu.com\/josevieira\/docs\/fonlad08<\/mark><\/a><\/p>\n\n\n\n<p><strong>ALICIA \/ IDENTIDADES DIGITALES<\/strong><br>Organizado por NAP Gallery<br>Bogota, Colombia<br>Julio 2008<br><a href=\"http:\/\/www.anniemate.com\/nap\/\"><mark style=\"background-color:rgba(0, 0, 0, 0)\" class=\"has-inline-color has-luminous-vivid-orange-color\">http:\/\/www.anniemate.com\/nap\/<\/mark><\/a><\/p>\n\n\n\n<p><strong>UBUNTU.KUOALA Online Digital Media Arts Exhibition<\/strong><br>Organizado por FLEFF \/ Ithaca College<br>Ithaca, NY. USA<br>Marzo 2008<br><a href=\"https:\/\/www.ithaca.edu\/fleff\/\"><mark style=\"background-color:rgba(0, 0, 0, 0)\" class=\"has-inline-color has-luminous-vivid-orange-color\">https:\/\/www.ithaca.edu\/fleff\/<\/mark><\/a><\/p>\n\n\n\n<p><strong>FONLAD 2007<\/strong><br>Online Festival for Digital Arts<br>Organizado por Jose Vieira &amp; Association of the Arts University of&nbsp;<br>Coimbra, Portugal,&nbsp;<br>Noviembre 3-30,&nbsp; 2007<br>video.freegar <br><a href=\"https:\/\/vdocuments.mx\/fonlad-0307.html\"><mark style=\"background-color:rgba(0, 0, 0, 0)\" class=\"has-inline-color has-luminous-vivid-orange-color\">https:\/\/vdocuments.mx\/fonlad-0307.html<\/mark><\/a><\/p>\n\n\n\n<p><strong>ONE MINUTE<\/strong><br>4th International One Minute Film\u00acVideo<br>Organizado por Festival ONE MINUTE<br>Aarau, Rep\u00fablica Checa<br>Agosto 17-19 2007&nbsp;<\/p>\n\n\n\n<p><strong>ICEBOX 02 Cape Town<\/strong><br>Exhibici\u00f3n en l\u00ednea<br>Organizado por Liquid Fridge,&nbsp;<br>Ciudad del Cabo, Sud\u00e1frica<br>Febrero- Marzo 2007<\/p>\n\n\n\n<p><br><strong>NO TV Visual Music<\/strong><br>VJ Showcast<br>Organizado por NAIT Media Ventures BV,&nbsp;<br>Amsterdam, Holanda<br>Noviembre 2006<\/p>\n\n\n\n<p><strong>THE NET OBSERVER<\/strong><br>Organizado por&nbsp; thenetobserver.net<br>Vito Camponelli y Francesco Colella<br>Italia.<br>Noviembre 2006<br>NO TELEVISION<br><a href=\"http:\/\/www.thenetobserver.net\/exposition.php\"><mark style=\"background-color:rgba(0, 0, 0, 0)\" class=\"has-inline-color has-luminous-vivid-orange-color\">http:\/\/www.thenetobserver.net\/exposition.php<\/mark><\/a><\/p>\n\n\n\n<p><strong>BIENNALE 300 SAO PAOLO<\/strong><br>Organizado por Fred Forest<br>Sao Paolo, Brasil<br>Octubre &#8211; Diciembre 2006<br>video.freegar<\/p>\n\n\n\n<p><strong>FONLAD 2006<\/strong><br>Online Festival for Digital Arts<br>Organizado por Association of the Arts University of&nbsp;Coimbra, Portugal,&nbsp;<br>Noviembre 2006<br>NO TELEVISION<br><a href=\"https:\/\/www.yumpu.com\/en\/document\/read\/50756743\/catalogue-fonlad\"><mark style=\"background-color:rgba(0, 0, 0, 0)\" class=\"has-inline-color has-luminous-vivid-orange-color\">https:\/\/www.yumpu.com\/en\/document\/read\/50756743\/catalogue-fonlad<\/mark><\/a><\/p>\n\n\n\n<p><br><strong>res-Qualia<br>Art, science and evolution of conscience<\/strong><br>Organizado por&nbsp;Raquel Paricio<br>Catalu\u00f1a, Espa\u00f1a<br>November 2006<\/p>\n\n\n\n<p><strong>Magmart\/ Video Under Volcano\/ 2nd edition<\/strong><br>Counter Publicity Contest&nbsp;<br>Organizado por&nbsp; Enrico Tomaselli\/ StudioTad<br>N\u00e1poles, Italia<br>Octubre 2006<br>video.freegar<\/p>\n\n\n\n<p><strong>I CONCURSO MALABABA DE CONTRAPUBLICIDAD<\/strong><br>Concurso de Contra Publicidad<br>Organizado por&nbsp; Malababa Revista<br>Madrid, Espa\u00f1a<br>Septiembre 30, 2006<br>NO TELEViSION<br><a href=\"https:\/\/issuu.com\/malababa\/docs\/malababa_2\"><mark style=\"background-color:rgba(0, 0, 0, 0)\" class=\"has-inline-color has-luminous-vivid-orange-color\">https:\/\/issuu.com\/malababa\/docs\/malababa_2<\/mark><\/a><\/p>\n\n\n\n<p><strong>Orgasms Online Based Public Art<\/strong><br>Tosoma International Panel &amp; Network<br>Organized by EBnefsi Design<br>Londres, UK<br>April\/ May, 2006<\/p>\n\n\n\n<p><strong>FONLAD 2005<\/strong><br>Online Festival for Digital Arts<br>Organizado por Ancient&#8217;s Students Association of the Arts University of&nbsp;<br>Coimbra, Portugal,&nbsp;<br>Octubre &#8211; Noviembre 2005<br>B.a.c.k. t.o. O.Z<\/p>\n\n\n\n<p><strong>MEMEFEST05<\/strong><br>Festival Internacional de Comunicaci\u00f3n Radical<br>Organizado por  Oliver Vodeb<br>Visual arts\/Static<br>Trash &amp; No Television<br>Ljublujana, Eslovenia<br>Junio 23, 2005<\/p>\n\n\n\n<p><strong>VII Salon Internacional de Arte Digital<\/strong><br>Organizado por  Centro Cultural Pablo de la Torriente<br>La Habana, Cuba&nbsp;<br>Junio 21-25, 2005&nbsp;<\/p>\n\n\n\n<p><strong>IV SALON DE ARTE DIGITAL<\/strong><br>Organizado por  Carpe Diem<br>Maracaibo, Venezuela<br>Mayo 2005 <br>B.a.c.k. t.o. O.Z<\/p>\n\n\n\n<p><strong>WEB BIENNAL 2005<\/strong><br>Organizado por Istanbul Contemporary Art Museum.<br>Estambul, Turqu\u00eda<br>May 2005<br>B.a.c.k. t.o. O.Z<\/p>\n\n\n\n<p><strong>THE NET OBSERVER<\/strong><br>Organizado por&nbsp; Thenetobserver<br>Vito Camponelli and Francesco Colella<br>Italia <br>Mayo 2005<br>B.a.c.k. t.o. O.Z.<\/p>\n\n\n\n<p><strong>EXTASY<\/strong><br>Final Exhibition 1st phase<br>Java Museum&nbsp;<br>Organizado por Agricola de Cologne<br>Alemania<br>Marzo 2005<br>B.a.c.k. t.o. O.Z.<br><a href=\"http:\/\/www.javamuseum.org\/2005\/final\/index.html\"><mark style=\"background-color:rgba(0, 0, 0, 0)\" class=\"has-inline-color has-luminous-vivid-orange-color\">http:\/\/www.javamuseum.org\/2005\/final\/index.html<\/mark><\/a><\/p>\n\n\n\n<p><strong>THIRD PLACE GALLERY &#8211; 2004<\/strong><br>Organizado por&nbsp; Third Place Gallery<br>Suecia<br>Agosto 2004.<br>O.Z. operating zystem<\/p>\n\n\n\n<p><strong>THAILAND NEW MEDIA ART FESTIVAL &#8211; 2004<\/strong><br>Organizado por Francis Wittenberger<br>Tailandia <br>Marzo 2004.<br>B.a.c.k. t.o. O.Z.<br><a href=\"http:\/\/culturebase.org\/home\/thailand\/MAF04\/artists.htm\"><mark style=\"background-color:rgba(0, 0, 0, 0)\" class=\"has-inline-color has-luminous-vivid-orange-color\">http:\/\/culturebase.org\/home\/thailand\/MAF04\/artists.htm<\/mark><\/a><\/p>\n\n\n\n<p><strong>MY MISSION&nbsp;<\/strong><br>Una colecci\u00f3n de textos de auto representaci\u00f3n<br>como semblanza de artistas<br>Organizado por Agricola de Cologne<br>Alemania, <br>Marzo 2004<\/p>\n\n\n\n<p><strong>Banner Art Collective&nbsp;<\/strong><br>Organizado por Banner Art Collective<br>Nueva York, USA<br>Febrero 2004<br>&#8220;Banner 3&amp;4&#8221;&nbsp;<\/p>\n\n\n\n<p><strong>e-mail art project&nbsp;<\/strong><br>Organizado por Alberto Guedea&nbsp;<br>Access Artist Run Center&nbsp;<br>Vancouver, B.C, Canad\u00e1&nbsp;<br>Enero 2004.&nbsp;<\/p>\n\n\n\n<p><strong>e-maxico<\/strong><br>Organizado por Arc\u00e1ngel Constantini,<br>Inmerso Foro Net, Cyberlounge. Museo Tamayo<br>CDMX<br>Noviembre 2003<\/p>\n\n\n\n<p><strong>ARTMEDIA 2002<\/strong><br>Organizado por UNIVERSIDAD MAIM\u00d3NIDES,<br>Buenos Aires, Argentina<br>Enero 2003<br>O.Z. operating zystem<br><a href=\"http:\/\/multimedia.maimonides.edu\/2002\/07\/artmedia-2002\/\"><mark style=\"background-color:rgba(0, 0, 0, 0)\" class=\"has-inline-color has-luminous-vivid-orange-color\">http:\/\/multimedia.maimonides.edu\/2002\/07\/artmedia-2002\/<\/mark><\/a><\/p>\n\n\n\n<p><strong>KONTORA MIR<\/strong><br>Organizado por PACE VITO<br>Alemania, Enero 2003<br>Digital foto-collage<br><a href=\"http:\/\/www.kultur.at\/howl\/mir\/set01\/mir046.htm\"><mark style=\"background-color:rgba(0, 0, 0, 0)\" class=\"has-inline-color has-luminous-vivid-orange-color\">http:\/\/www.kultur.at\/howl\/mir\/set01\/mir046.htm<\/mark><\/a><\/p>\n\n\n\n<p><strong>HEXA PHASE 4<\/strong><br>Organizado  por HEXA MEDIA&nbsp;<br>Corea, Diciembre 2002<br>O.Z. operating zystem<\/p>\n\n\n\n<p><strong>ART ON THE NET 2002<\/strong><br>Organizado por MACHIDA CITY MUSEO OF GRAPHIC ARTS,<br>Tokio, Jap\u00f3n, Diciembre 2002<br>9.11&nbsp;<br><a href=\"http:\/\/www.netarts.org\/mcmogatk\/2002\/gallery.html\"><mark style=\"background-color:rgba(0, 0, 0, 0)\" class=\"has-inline-color has-luminous-vivid-orange-color\">http:\/\/www.netarts.org\/mcmogatk\/2002\/gallery.html<\/mark><\/a><\/p>\n\n\n\n<p><strong>Presentaci\u00f3n de NET.ART <\/strong><br>Organizado por CAF\u00c9 BAR LA NAO<br>Auspiciado por Michel Sokol<br>Ciudad de M\u00e9xico<br>1er ciclo Agosto 2002<\/p>\n\n\n\n<p><strong><mark style=\"background-color:rgba(0, 0, 0, 0)\" class=\"has-inline-color has-luminous-vivid-orange-color\">REGISTRO EN SITIOS DE ARTE DIGITAL <\/mark><\/strong><\/p>\n\n\n\n<p><strong>RHIZOME<\/strong><br>ART BASE<br>NY, USA<br>KONTORA MIR<br><a href=\"https:\/\/rhizome.org\/community\/22096\/\"><mark style=\"background-color:rgba(0, 0, 0, 0)\" class=\"has-inline-color has-luminous-vivid-orange-color\">https:\/\/rhizome.org\/community\/22096\/<\/mark><\/a><br>ICE BOX 02<br><a href=\"https:\/\/rhizome.org\/community\/38869\/\"><mark style=\"background-color:rgba(0, 0, 0, 0)\" class=\"has-inline-color has-luminous-vivid-orange-color\">https:\/\/rhizome.org\/community\/38869\/<\/mark><\/a><\/p>\n\n\n\n<p><strong>NET.ART LATINO<\/strong><br>DATA BASE<br>O.Z. operating zystem<br>MONTEVIDEO, URUGUAY<br><a href=\"http:\/\/www.netart.org.uy\/latino\/index.html#mx\"><mark style=\"background-color:rgba(0, 0, 0, 0)\" class=\"has-inline-color has-luminous-vivid-orange-color\">http:\/\/www.netart.org.uy\/latino\/index.html#mx<\/mark><\/a><\/p>\n\n\n\n<p><strong>SPECTRE<\/strong><br><a href=\"http:\/\/www.mail-archive.com\/spectre@mikrolisten.de\/msg03321.html\"><mark style=\"background-color:rgba(0, 0, 0, 0)\" class=\"has-inline-color has-luminous-vivid-orange-color\">http:\/\/www.mail-archive.com\/spectre@mikrolisten.de\/msg03321.html<\/mark><\/a><\/p>\n\n\n\n<p><strong>Artists Network Database<\/strong><br><a href=\"http:\/\/and.nmartproject.net\/?p=614\"><mark style=\"background-color:rgba(0, 0, 0, 0)\" class=\"has-inline-color has-luminous-vivid-orange-color\">http:\/\/and.nmartproject.net\/?p=614<\/mark><\/a><\/p>\n\n\n\n<p><strong>ARTFORNEWS<\/strong><br><a href=\"http:\/\/artfor.blogspot.com\/2008_07_01_archive.html\"><mark style=\"background-color:rgba(0, 0, 0, 0)\" class=\"has-inline-color has-luminous-vivid-orange-color\">http:\/\/artfor.blogspot.com\/2008_07_01_archive.html<\/mark><\/a><\/p>\n\n\n\n<p><strong>global networking project<\/strong><br><a href=\"http:\/\/rrf200x.newmediafest.org\/blog\/?page_id=6\"><mark style=\"background-color:rgba(0, 0, 0, 0)\" class=\"has-inline-color has-luminous-vivid-orange-color\">http:\/\/rrf200x.newmediafest.org\/blog\/?page_id=6<\/mark><\/a><\/p>\n\n\n\n<p><strong>networked performance: ICEBOX 02 Cape Town<\/strong><br><a href=\"http:\/\/www.turbulence.org\/blog\/archives\/003838.html\"><mark style=\"background-color:rgba(0, 0, 0, 0)\" class=\"has-inline-color has-luminous-vivid-orange-color\">http:\/\/www.turbulence.org\/blog\/archives\/003838.html<\/mark><\/a><\/p>\n\n\n\n<p><strong>EINES<\/strong> <strong>Revista<\/strong><br><a href=\"http:\/\/issuu.com\/revistaeines\/docs\/eines03\"><mark style=\"background-color:rgba(0, 0, 0, 0)\" class=\"has-inline-color has-luminous-vivid-orange-color\">http:\/\/issuu.com\/revistaeines\/docs\/eines03<\/mark><\/a><\/p>\n","protected":false},"excerpt":{"rendered":"<p>EXHIBICIONES (EN L\u00cdNEA Y PRESENCIAL) \u201cTRUMP ASS\u201dExposici\u00f3n VIRTUALEnero 4 a Mayo 9, 2026Saatchi ArtOrganizada por Freegar.net https:\/\/www.saatchiart.com\/en-mx\/art-collection\/TRUMP-ass\/1544619\/369481\/view \u201cp\u00edcnic Collage \u201dExhibici\u00f3n col\u00e9ctiva ef\u00edmeraNoviembre 8, 2025Pabell\u00f3n de Cultura ComunitariaOrganizado por Cortar y Pegar https:\/\/www.facebook.com\/VinculaCultura\/posts\/el-collage-ha-sido-un-referente-activo-en-la-cultura-popular-y-por-eso-nos-sumam\/1425149286288813\/https:\/\/culturacomunitaria.cultura.gob.mx\/cartelera\/detalle\/picnic-collage \u201cHECHO EN M\u00c9XICO\u201dExposici\u00f3n colectivaSeptiembre 11 a Octubre 5, 2025Aguafuerte Galer\u00edaOrganizado por Israel Alvaradohttps:\/\/www.aguafuertegaleria.com\/_files\/ugd\/de53d9_f9e9ddac8e9f469591f686ad18d9dc3d.pdf \u201cSTREET &amp; POP ART\u201dExposici\u00f3n colectivaAgosto 14 a Septiembre 7, 2025Aguafuerte &hellip; <\/p>\n<p class=\"link-more\"><a href=\"https:\/\/www.fabiangiles.com\/V5.1\/about\/expo-2\/\" class=\"more-link\">Continue reading<span class=\"screen-reader-text\"> &#8220;EXPOS 2&#8221;<\/span><\/a><\/p>\n","protected":false},"author":1,"featured_media":0,"parent":32,"menu_order":0,"comment_status":"closed","ping_status":"closed","template":"","meta":{"footnotes":""},"class_list":["post-291","page","type-page","status-publish","hentry"],"_links":{"self":[{"href":"https:\/\/www.fabiangiles.com\/V5.1\/wp-json\/wp\/v2\/pages\/291","targetHints":{"allow":["GET"]}}],"collection":[{"href":"https:\/\/www.fabiangiles.com\/V5.1\/wp-json\/wp\/v2\/pages"}],"about":[{"href":"https:\/\/www.fabiangiles.com\/V5.1\/wp-json\/wp\/v2\/types\/page"}],"author":[{"embeddable":true,"href":"https:\/\/www.fabiangiles.com\/V5.1\/wp-json\/wp\/v2\/users\/1"}],"replies":[{"embeddable":true,"href":"https:\/\/www.fabiangiles.com\/V5.1\/wp-json\/wp\/v2\/comments?post=291"}],"version-history":[{"count":119,"href":"https:\/\/www.fabiangiles.com\/V5.1\/wp-json\/wp\/v2\/pages\/291\/revisions"}],"predecessor-version":[{"id":2015,"href":"https:\/\/www.fabiangiles.com\/V5.1\/wp-json\/wp\/v2\/pages\/291\/revisions\/2015"}],"up":[{"embeddable":true,"href":"https:\/\/www.fabiangiles.com\/V5.1\/wp-json\/wp\/v2\/pages\/32"}],"wp:attachment":[{"href":"https:\/\/www.fabiangiles.com\/V5.1\/wp-json\/wp\/v2\/media?parent=291"}],"curies":[{"name":"wp","href":"https:\/\/api.w.org\/{rel}","templated":true}]}}