{"id":375,"date":"2025-04-14T23:32:36","date_gmt":"2025-04-14T23:32:36","guid":{"rendered":"https:\/\/www.fabiangiles.com\/V5.1\/?page_id=375"},"modified":"2025-07-26T04:22:04","modified_gmt":"2025-07-26T04:22:04","slug":"cv-2","status":"publish","type":"page","link":"https:\/\/www.fabiangiles.com\/V5.1\/about\/cv-2\/","title":{"rendered":"CV 2"},"content":{"rendered":"\n<figure class=\"wp-block-image size-large\"><img loading=\"lazy\" decoding=\"async\" width=\"1024\" height=\"1024\" src=\"http:\/\/www.fabiangiles.com\/V5.1\/wp-content\/uploads\/2025\/04\/perfil-1024x1024.jpg\" alt=\"\" class=\"wp-image-134\" srcset=\"https:\/\/www.fabiangiles.com\/V5.1\/wp-content\/uploads\/2025\/04\/perfil-1024x1024.jpg 1024w, https:\/\/www.fabiangiles.com\/V5.1\/wp-content\/uploads\/2025\/04\/perfil-300x300.jpg 300w, https:\/\/www.fabiangiles.com\/V5.1\/wp-content\/uploads\/2025\/04\/perfil-150x150.jpg 150w, https:\/\/www.fabiangiles.com\/V5.1\/wp-content\/uploads\/2025\/04\/perfil-768x768.jpg 768w, https:\/\/www.fabiangiles.com\/V5.1\/wp-content\/uploads\/2025\/04\/perfil-100x100.jpg 100w, https:\/\/www.fabiangiles.com\/V5.1\/wp-content\/uploads\/2025\/04\/perfil.jpg 1056w\" sizes=\"auto, (max-width: 767px) 89vw, (max-width: 1000px) 54vw, (max-width: 1071px) 543px, 580px\" \/><\/figure>\n\n\n\n<figure class=\"wp-block-image size-full\"><img loading=\"lazy\" decoding=\"async\" width=\"325\" height=\"83\" src=\"http:\/\/www.fabiangiles.com\/V5.1\/wp-content\/uploads\/2025\/04\/fabiangiles2c.png\" alt=\"\" class=\"wp-image-94\" srcset=\"https:\/\/www.fabiangiles.com\/V5.1\/wp-content\/uploads\/2025\/04\/fabiangiles2c.png 325w, https:\/\/www.fabiangiles.com\/V5.1\/wp-content\/uploads\/2025\/04\/fabiangiles2c-300x77.png 300w\" sizes=\"auto, (max-width: 325px) 100vw, 325px\" \/><\/figure>\n\n\n\n<p><strong><mark style=\"background-color:rgba(0, 0, 0, 0)\" class=\"has-inline-color has-luminous-vivid-orange-color\">Perfil<\/mark><\/strong><\/p>\n\n\n\n<p><strong>Dise\u00f1ador <\/strong>de la Comunicaci\u00f3n Gr\u00e1fica.<br><strong>Artista multi e interdisciplinario. Ilustrador.<br><\/strong>Autor y editor <strong>libros electr\u00f3nicos<\/strong>. <br>Colaborador en medios impresos y electr\u00f3nicos. <br><strong>Locutor. Guionista<\/strong>. Producci\u00f3n de radio y TV.  <strong>Dise\u00f1o web.<\/strong><br><strong>Amante de la fotograf\u00eda, el cine, los c\u00f3mics y la m\u00fasica<\/strong>.<\/p>\n\n\n\n<p><strong><a href=\"http:\/\/www.fabiangiles.com\"><mark style=\"background-color:rgba(0, 0, 0, 0)\" class=\"has-inline-color has-luminous-vivid-orange-color\">www.fabiangiles.com<\/mark><\/a><\/strong><\/p>\n\n\n\n<p><strong>Instagram<\/strong>: <a href=\"http:\/\/www.instagram.com\/Fabiangiles \">http:\/\/www.instagram.com\/Fabiangiles <\/a><br><strong>Flickr: <\/strong><a href=\"https:\/\/www.flickr.com\/photos\/fabiangiles\/ \">https:\/\/www.flickr.com\/photos\/fabiangiles\/ <\/a><br><strong>Soundcloud<\/strong>: <a href=\"https:\/\/soundcloud.com\/fabiangiles-1 \">https:\/\/soundcloud.com\/fabiangiles-1 <\/a><br><strong>Behance<\/strong>: <a href=\"https:\/\/www.behance.net\/FabianGiles\">https:\/\/www.behance.net\/FabianGiles<\/a><\/p>\n\n\n\n<p><strong><mark style=\"background-color:rgba(0, 0, 0, 0)\" class=\"has-inline-color has-luminous-vivid-orange-color\">Formaci\u00f3n<\/mark><\/strong><\/p>\n\n\n\n<p>Universidad Aut\u00f3noma Metropolitana Azcapotzalco \u2013 <br><strong>Dise\u00f1o de la Comunicaci\u00f3n Gr\u00e1fica <\/strong> <br>Mayo 1990 &#8211; Diciembre 1996. <strong>Titulado<\/strong>.<\/p>\n\n\n\n<p><strong><mark style=\"background-color:rgba(0, 0, 0, 0)\" class=\"has-inline-color has-luminous-vivid-orange-color\">Idiomas <\/mark><\/strong><\/p>\n\n\n\n<p><strong>Ingl\u00e9s<\/strong> 80% escrito, le\u00eddo y hablado. <br><strong>Franc\u00e9s<\/strong> 10% escrito, le\u00eddo y hablado<\/p>\n\n\n\n<p><strong><mark style=\"background-color:rgba(0, 0, 0, 0)\" class=\"has-inline-color has-luminous-vivid-orange-color\">Certificaciones<\/mark><\/strong><\/p>\n\n\n\n<p><strong>Locutor Categor\u00eda \u201cA\u201d<\/strong><br>Direcci\u00f3n General de Televisi\u00f3n Educativa SEP <br>&#8211; Licencia 35402 &#8211; Mayo 2011 <br><br>Seminario Taller <strong>Robert McKee \u0301s Story. <\/strong><br>Certificado de escritura y guion &#8211; Marzo 2011<\/p>\n\n\n\n<p><strong><mark style=\"background-color:rgba(0, 0, 0, 0)\" class=\"has-inline-color has-luminous-vivid-orange-color\">Desarrollo profesional<\/mark><\/strong><\/p>\n\n\n\n<p><strong>Festival de Collage de la CDMX<\/strong>\u2028<br>Director, organizador y fundador. Febrero 2023 &#8211; Presente<br><br><strong>Artista de Collage <\/strong> Septiembre 1990 &#8211; Presente\u2028<br><br>Director en <strong>Chiles Medios <\/strong>\u2013 Julio 2005 &#8211; Presente<br>Internet. Editorial. Multimedia. Radio. Video. Fotograf\u00eda.<br><br>Productor y creativo en <strong>ACUSTIK TV <\/strong>\u2013 Mayo 2018- Agosto 2018\u2028<br>Edici\u00f3n de video, guiones, voz e imitaci\u00f3n, actuaci\u00f3n <br>en programa de televisi\u00f3n y web <strong>LA MALA TV. <\/strong><br><br>Autor independiente en <strong>ipstori <\/strong>\u2013 Octubre 2019 &#8211; Octubre 2021<br>Autor en <strong>Penguin Random House M\u00e9xico <\/strong>\u2013 Junio 2017- Presente<br>Autor de los libros <strong>M\u00e9xico al chile <\/strong>y <strong>M\u00e9xico 2018 <\/strong>(Aguilar, 2012, 2017)<br>Autor independiente en <strong>Apple Books <\/strong>\u2013 Octubre 2013 &#8211; Presente<br>Auto-Editor con <strong>50<\/strong> e-books creados para <strong>Apple Books<\/strong><br>Autor independiente en <strong>Amazon <\/strong>\u2013 Octubre 2013 &#8211; Presente<br>Auto-Editor con <strong>45<\/strong> e-books en <strong>Amazon Kindle<\/strong> y Amazon Publishing<br><br>Colaborador en <strong>Revista Escenarios <\/strong>\u2013 Mayo 2014 &#8211; September 2017 <br>Colaborador de textos e ilustraciones para revista y portal en l\u00ednea <br><br>Colaborador <em>Freelance <\/em>en <strong>Milenio Diario <\/strong>\u2013 Octubre 2007 &#8211; Diciembre 2011 <br>Colaborador de textos e ilustraciones en la secci\u00f3n QrR!<br><br>Locutor en <strong>MVS Radio <\/strong>\u2013 Enero 2013 &#8211; Febrero 2014 <br>Colaborador en programa Charros vs. G\u00e1ngsters 102.5 FM<\/p>\n\n\n\n<p>Colaborador en <strong>Grupo Expansi\u00f3n <\/strong>\u2013 Diciembre 2011 &#8211; Diciembre 2013 <br>Textos y fotograf\u00edas en revista QUO, portales ADN Pol\u00edtico y chilango.com<\/p>\n\n\n\n<p>Colaborador en <strong>Efekto TV <\/strong>\u2013 Diciembre 2012 &#8211; Noviembre 2013 <br>Colaborador en programa <em>Trend in Boga <\/em>con secci\u00f3n ARTEson<br><br>Colaborador <em>Freelance <\/em>en <strong>La Cr\u00f3nica de Hoy <\/strong>\u2013 Octubre 2005 &#8211; Diciembre 2009  <\/p>\n\n\n\n<p>Locutor en <strong>Televisa Radio <\/strong>\u2013 Diciembre 2007 &#8211; Noviembre 2012 \u2028 <br>Producci\u00f3n, guiones, imitaci\u00f3n de voces en programa <em>El Weso.<\/em><\/p>\n\n\n\n<p>Director en <strong>Revista Buscando <\/strong>\u2013 Octubre 2003 &#8211; Junio 2006<br>Dise\u00f1o y producci\u00f3n editorial, marketing y ventas de publicidad local<\/p>\n\n\n\n<p>Editor Web en <strong>Revista SPUTNIK Y S\u00d3NIKA <\/strong>\u2013 Mayo 2002 &#8211; Octubre 2003<br>Dise\u00f1o y producci\u00f3n editorial, textos y fotograf\u00eda para sitios web de tecnolog\u00eda y m\u00fasica<\/p>\n\n\n\n<p>Dise\u00f1ador <em>Freelance <\/em>en <strong>Opci\u00f3n S\u00f3nica <\/strong>\u2013 Febrero 2001 &#8211; Abril 2002 <br>Dise\u00f1o de interfase gr\u00e1fica y promoci\u00f3n de m\u00fasica y audio en sitio web<\/p>\n\n\n\n<p>Dise\u00f1ador Web en <strong>EsMas.com <\/strong>\u2013 Junio 2000 &#8211; Febrero 2001<br>Dise\u00f1o web, desarrollo de interfaces gr\u00e1ficas, edici\u00f3n y fotograf\u00eda digital.<\/p>\n\n\n\n<p>Dise\u00f1o Web en <strong>Partido de Centro Democr\u00e1tico <\/strong>\u2013 Enero 2000 &#8211; Junio 2000 <br>Dise\u00f1o y edici\u00f3n web de portal para campa\u00f1a presidencial<\/p>\n\n\n\n<p>Dise\u00f1ador Web en <strong>Escuela Nacional de M\u00fasica UNAM<\/strong>\u2013Enero 1998 &#8211; Enero 2000 Dise\u00f1ador y administrador de sitio web<\/p>\n\n\n\n<p>Dise\u00f1ador Web en BITAL ahora <strong>HSBC <\/strong>\u2013Noviembre 1996 &#8211; Enero 1998 <br>Dise\u00f1ador de interfaces gr\u00e1fica de sitio web<\/p>\n\n\n\n<p>Dise\u00f1ador Gr\u00e1fico en <strong>Ma\u00f1\u00f3n y Lechuga Publicidad<\/strong>\u2013Enero 1995 &#8211; Octubre 1996 <br>Dise\u00f1o y edici\u00f3n en computadora de publicidad en impresos.<\/p>\n\n\n\n<p>Dise\u00f1ador Gr\u00e1fico en <strong>GQ Publicidad<\/strong>\u2013Enero 1991 &#8211; Diciembre 1994 <br>Dise\u00f1o y edici\u00f3n en computadora de publicidad en impresos.<\/p>\n\n\n\n<p><strong><mark style=\"background-color:rgba(0, 0, 0, 0)\" class=\"has-inline-color has-luminous-vivid-orange-color\">Premios y reconocimientos<\/mark><\/strong><\/p>\n\n\n\n<p>II Concurso de Fotograf\u00eda Digital. Organizado por FotoZoom. <br><strong>Menci\u00f3n honor\u00edfica<\/strong>. 2000.<br>Consejo Nacional de Recursos para la Atenci\u00f3n de la Juventud. <br><strong>Beca de est\u00edmulo<\/strong>. 1998. 3er. Concurso de M\u00e9xico en Internet. <br>Organizado por Compuserve <strong>Finalista<\/strong>. 1998.<br>Valores Bacard\u00ed y C\u00eda. &#8220;El M\u00e9xico que me gusta&#8221;. <strong>Finalista y Menci\u00f3n.<\/strong> 1998<br><\/p>\n\n\n\n<p><strong><mark style=\"background-color:rgba(0, 0, 0, 0)\" class=\"has-inline-color has-luminous-vivid-orange-color\">Libros publicados<\/mark><\/strong><\/p>\n\n\n\n<p><strong>MARAVILLOSO <\/strong>(Amazon Publishing, 2020)<br><strong>M\u00e9xico 2018. Gu\u00eda para sobrevivir el Apocalipsis <\/strong>(Aguilar, 2017) <br><strong>M\u00e9xico al chile <\/strong>(Aguilar, 2012)<\/p>\n\n\n\n<p><strong><mark style=\"background-color:rgba(0, 0, 0, 0)\" class=\"has-inline-color has-luminous-vivid-orange-color\">Cat\u00e1logos y libros de collage en l\u00ednea<\/mark><\/strong><\/p>\n\n\n\n<p><strong>Collage Urbano <\/strong>(Septiembre 2025)<br><strong>De MOLE, de chile y de manteca. <\/strong> (Junio 2025)<br><strong>Haiku Collage<\/strong> (Mayo 2025)<br><strong>Februllage 2025<\/strong> (2025)<br><strong>La VIE est courte <\/strong>(2024)<br><strong>Cortar y Pegar Festival de Collage de la CDMX <\/strong>(2024) <br><strong>El Collage y Francia vistos desde M\u00e9xico <\/strong>(2024) <br><strong>Cortar y Pegar Festival de Collage de la CDMX <\/strong>(2023) <br><strong>Februllage 2023 <\/strong>(2023)<br><strong>Ticket de Compra <\/strong>(2022)<br><strong>Por algo se empieza <\/strong>(2022)<br><strong>Februllage 2022 <\/strong>(2022)<br><strong>Arte con Tarjetas telef\u00f3nicas <\/strong>(2021) \u2028<br><strong>SU TIEMPO HA TRANSCURRIDO <\/strong>(2021) \u2028 <br><strong>STARS\/Estrellas <\/strong>(2021)<br><strong>Februllage 2021 <\/strong>(2021)<br><strong>QUARANTINE\/CUARENTENA <\/strong>(2021)<br><strong>COLLAGE 2020-2021 <\/strong>(2021)<br><strong>Encuentros Fortuitos <\/strong>(2020)<br><strong>ARCANES MAJEURS <\/strong>(2020)<br><strong>Pop Art is NOT DEAD <\/strong>(2020)<br><strong>COLLAGE 1990-2020 <\/strong>(2020)<\/p>\n\n\n\n<p><strong><mark style=\"background-color:rgba(0, 0, 0, 0)\" class=\"has-inline-color has-luminous-vivid-orange-color\">Auto edici\u00f3n de libros en versi\u00f3n electr\u00f3nica:<\/mark><\/strong><\/p>\n\n\n\n<p><strong>Otro libro de #memesdeJulioIglesias 2<\/strong> (Julio 2025)<br><strong>WHO NOT WIN AGAIN <\/strong>(2024) &amp; <strong>WHO NOT WON AGAIN <\/strong>(2024) <br><strong>Cin\u00e9tica Ni Pol\u00edtica 2 <\/strong>(2024)<br><strong>The Perfume Asphaltene of Lovers <\/strong>(2022)<br><strong>TV is not dead <\/strong>(2022)<br><strong>Otro libro m\u00e1s de#memesdeJulio <\/strong>(2022) <br><strong>Poemas desde la cuarentena 2 <\/strong>(2022)<br><strong>Le Parfum Asphalt\u00e9ne des Amoreux <\/strong>(2021)<br><strong>El Perfume Asfalteno de los Amorosos <\/strong>(2021) <br><strong>MY DAYS IN QUARANTINE <\/strong>(2021)<br><strong>Poemas desde la cuarentena <\/strong>(2020) \u2028 <br><strong>MARAVILLOSO <\/strong>(2020)<br><strong>La VIDA es corta \/ LIFE is SHORT <\/strong>(2019)<br><strong>La TV no ha muerto <\/strong>(2019) <a href=\"https:\/\/bit.ly\/2Pmeds2 \">https:\/\/bit.ly\/2Pmeds2 <\/a><br><strong>THE FUTURE WITH TRUMP <\/strong>(2017)<br><strong>WHO WILL WIN <\/strong>(2016) &amp; <strong>WHO NOT WIN <\/strong>(2017) <br><strong>El Ba\u00fal de los Espejos <\/strong>(ilustraciones) (2016)<br><strong>SENSUAL Media <\/strong>(2016)<br><strong>PUERTAS<\/strong>\/DOORS (2016)<br><strong>COLADERAS\/<\/strong>MANHOLES (2016)<br><strong>DESPERDICIO<\/strong>\/WASTE (2015)<br><strong>ESCAPARATES\/ <\/strong>SHOWCASES (2015)<br><strong>FREE, S.A. 10 A\u00d1OS <\/strong>(Cat\u00e1logo) y <strong>Cin\u00e9tica Ni Pol\u00edtica <\/strong>(2015)<br><strong>EL ALMANACO. <\/strong>Radiograf\u00eda de la estupidez mundial y <br>versi\u00f3n en ingl\u00e9s. <strong>THE ALMANACO. <\/strong>Radiography of worldwide stupidity (2014)<br><strong>M\u00e9xico al chile 2 <\/strong>(2013)<\/p>\n\n\n\n<p><strong><mark style=\"background-color:rgba(0, 0, 0, 0)\" class=\"has-inline-color has-luminous-vivid-orange-color\">Aptitudes<\/mark><\/strong><\/p>\n\n\n\n<p><mark style=\"background-color:rgba(0, 0, 0, 0)\" class=\"has-inline-color has-black-color\">Arte, collage, fotograf\u00eda, dise\u00f1o, arte, escritura, humor, artes visuales, rese\u00f1a de pel\u00edculas, m\u00fasica, internet, edici\u00f3n de video, ilustraci\u00f3n, arte urbano, redes sociales, periodismo, editorial, publicaciones en l\u00ednea, dibujo, direcci\u00f3n editorial, escritura creativa, s\u00e1tira pol\u00edtica, revistas, peri\u00f3dicos, edici\u00f3n, blogs, producci\u00f3n de radio y TV, libros, e-books, relaciones p\u00fablicas, direcci\u00f3n creativa, publicidad, relaci\u00f3n con medios, contar historias, comunicaci\u00f3n corporativa, redacci\u00f3n de noticias, contenido, televisi\u00f3n, multimedia, radio, producci\u00f3n, locuci\u00f3n, imitaci\u00f3n, hablar en p\u00fablico, digital.\u2028<\/mark><\/p>\n\n\n<div class=\"wp-block-image\">\n<figure class=\"aligncenter size-full is-resized\"><img loading=\"lazy\" decoding=\"async\" width=\"562\" height=\"545\" src=\"https:\/\/www.fabiangiles.com\/V5.1\/wp-content\/uploads\/2025\/04\/FABIANGILES2D.png\" alt=\"\" class=\"wp-image-205\" style=\"width:52px;height:auto\" srcset=\"https:\/\/www.fabiangiles.com\/V5.1\/wp-content\/uploads\/2025\/04\/FABIANGILES2D.png 562w, https:\/\/www.fabiangiles.com\/V5.1\/wp-content\/uploads\/2025\/04\/FABIANGILES2D-300x291.png 300w\" sizes=\"auto, (max-width: 562px) 100vw, 562px\" \/><\/figure>\n<\/div>","protected":false},"excerpt":{"rendered":"<p>Perfil Dise\u00f1ador de la Comunicaci\u00f3n Gr\u00e1fica.Artista multi e interdisciplinario. Ilustrador.Autor y editor libros electr\u00f3nicos. Colaborador en medios impresos y electr\u00f3nicos. Locutor. Guionista. Producci\u00f3n de radio y TV. Dise\u00f1o web.Amante de la fotograf\u00eda, el cine, los c\u00f3mics y la m\u00fasica. www.fabiangiles.com Instagram: http:\/\/www.instagram.com\/Fabiangiles Flickr: https:\/\/www.flickr.com\/photos\/fabiangiles\/ Soundcloud: https:\/\/soundcloud.com\/fabiangiles-1 Behance: https:\/\/www.behance.net\/FabianGiles Formaci\u00f3n Universidad Aut\u00f3noma Metropolitana Azcapotzalco \u2013 Dise\u00f1o &hellip; <\/p>\n<p class=\"link-more\"><a href=\"https:\/\/www.fabiangiles.com\/V5.1\/about\/cv-2\/\" class=\"more-link\">Continue reading<span class=\"screen-reader-text\"> &#8220;CV 2&#8221;<\/span><\/a><\/p>\n","protected":false},"author":1,"featured_media":0,"parent":32,"menu_order":0,"comment_status":"closed","ping_status":"closed","template":"","meta":{"footnotes":""},"class_list":["post-375","page","type-page","status-publish","hentry"],"_links":{"self":[{"href":"https:\/\/www.fabiangiles.com\/V5.1\/wp-json\/wp\/v2\/pages\/375","targetHints":{"allow":["GET"]}}],"collection":[{"href":"https:\/\/www.fabiangiles.com\/V5.1\/wp-json\/wp\/v2\/pages"}],"about":[{"href":"https:\/\/www.fabiangiles.com\/V5.1\/wp-json\/wp\/v2\/types\/page"}],"author":[{"embeddable":true,"href":"https:\/\/www.fabiangiles.com\/V5.1\/wp-json\/wp\/v2\/users\/1"}],"replies":[{"embeddable":true,"href":"https:\/\/www.fabiangiles.com\/V5.1\/wp-json\/wp\/v2\/comments?post=375"}],"version-history":[{"count":43,"href":"https:\/\/www.fabiangiles.com\/V5.1\/wp-json\/wp\/v2\/pages\/375\/revisions"}],"predecessor-version":[{"id":1372,"href":"https:\/\/www.fabiangiles.com\/V5.1\/wp-json\/wp\/v2\/pages\/375\/revisions\/1372"}],"up":[{"embeddable":true,"href":"https:\/\/www.fabiangiles.com\/V5.1\/wp-json\/wp\/v2\/pages\/32"}],"wp:attachment":[{"href":"https:\/\/www.fabiangiles.com\/V5.1\/wp-json\/wp\/v2\/media?parent=375"}],"curies":[{"name":"wp","href":"https:\/\/api.w.org\/{rel}","templated":true}]}}